{"id":2365,"date":"2021-01-20T12:56:13","date_gmt":"2021-01-20T11:56:13","guid":{"rendered":"https:\/\/ebfl.at\/?page_id=2365"},"modified":"2026-02-23T16:00:20","modified_gmt":"2026-02-23T15:00:20","slug":"interreg-projekt","status":"publish","type":"page","link":"https:\/\/ebfl.at\/index.php\/interreg-projekt\/","title":{"rendered":"PROJEKT OPTI-RAIL"},"content":{"rendered":"\n<p class=\"has-vivid-red-color has-text-color has-link-color wp-elements-ea1756b13c23081fdd31c58227d8ac2c\"><strong><a href=\"https:\/\/ebfl.at\/index.php\/sonderausstellung-2025\/\">Sonderausstellung 2025<\/a><\/strong><\/p>\n\n\n\n<p><a href=\"https:\/\/ebfl.at\/index.php\/it\/suedbahn-deposito\/mostra-speciale\/\">Mostra Speziali 2025<\/a><\/p>\n\n\n\n<figure class=\"wp-block-image size-full\"><img loading=\"lazy\" decoding=\"async\" width=\"693\" height=\"114\" src=\"https:\/\/ebfl.at\/wp-content\/uploads\/2024\/04\/grafik-1.png\" alt=\"\" class=\"wp-image-4172\" srcset=\"https:\/\/ebfl.at\/wp-content\/uploads\/2024\/04\/grafik-1.png 693w, https:\/\/ebfl.at\/wp-content\/uploads\/2024\/04\/grafik-1-300x49.png 300w\" sizes=\"auto, (max-width: 693px) 100vw, 693px\" \/><\/figure>\n\n\n\n<p>CLLD Dolomiti Live<\/p>\n\n\n\n<p class=\"has-vivid-red-color has-text-color has-link-color has-medium-font-size wp-elements-67d125281ad8124b673c94a9197a087e\"><strong>Progetto OPTI-RAIL<\/strong><strong><\/strong><\/p>\n\n\n\n<p>Caratterizzazione, Conservazione e promozione degli occhiali e dei locomotivi storici<\/p>\n\n\n\n<p>Charakterisierung, Bewahrung und F\u00f6rderung von Brillen und historischen Lokomotiven<\/p>\n\n\n\n<p class=\"has-text-align-center has-vivid-cyan-blue-color has-text-color has-link-color wp-elements-ac576bdb4025e80ec83b214a5e2370bf\"><strong>ITAT4902-MP-006<\/strong><\/p>\n\n\n\n<p><strong>DE<\/strong><\/p>\n\n\n\n<p>Das Projekt OPTICAL RAIL will die Aufmerksamkeit auf zwei spezifische historische Artefakte im Dolomiti Live Gebiet lenken: den historischen Brillen des Brillenviertels in der Provinz Belluno und auf die historischen Lokomotiven des Lienzer Eisenbahnvereines. Artefakte, die der Instandhaltung und Restaurierung bed\u00fcrfen, um von der Bev\u00f6lkerung und den Touristen wieder mehr gesch\u00e4tzt und gew\u00fcrdigt werden zu k\u00f6nnen. Das Projekt st\u00fctzt sich auf zwei Hauptt\u00e4tigkeitsbereiche: zum einen auf die Brillen, bei denen Certottica die Sammlungen historischer Kunststoffbrillen (Zellulosenitrat, Zelluloseacetat und Bakelit, sowie andere) charakterisieren wird, um ihr Material und den Grad des Verfalls zu bewerten und mit dem letztendlichen Ziel, Instandhaltungs- und Restaurierungsma\u00dfnahmen einzuleiten; zum anderen richtet sich das Projekt auf die wertvolle Lokomotive Nr. 2043.49, die vor der \u00d6ffnung der italienisch-\u00f6sterreichischen Grenze im Korridorverkehr eingesetzt wurde und von gro\u00dfem historischem Wert ist. Der \u00f6sterreichische Partner, der Verein der Eisenbahnfreunde in Lienz, wird Restaurierungsarbeiten durchf\u00fchren, um die Lokomotive f\u00fcr die Bev\u00f6lkerung und die Touristen des Dolomitengebiets wieder nutzbar und attraktiv zu machen.<\/p>\n\n\n\n<p><strong>ITA<\/strong><\/p>\n\n\n\n<p>Il progetto OPTICAL RAIL intende richiamare l&#8217;attenzione su due specifici manufatti storici dell&#8217;area Dolomiti Live: gli occhiali storici del Distretto dell\u2019Occhiale in provincia di Belluno e le locomotive storiche dell&#8217;associazione ferroviaria di Lienz. Manufatti che necessitano di manutenzione e restauro per essere nuovamente apprezzati e valorizzati dalla popolazione locale e dai turisti. Il progetto si basa su due principali aree di attivit\u00e0: da un lato gli occhiali, dove Certottica caratterizzer\u00e0 le collezioni di occhiali storici in plastica (nitrato di cellulosa, acetato di cellulosa e bachelite, oltre ad altri) per valutarne il materiale e il grado di deterioramento, con il fine ultimo di avviare interventi di manutenzione e restauro; dall&#8217;altro lato, il progetto si rivolge alla preziosa locomotiva no. 2043.49, utilizzata nel traffico di corridoio prima dell&#8217;apertura del confine italo-austriaco e di grande valore storico. Il partner austriaco, l&#8217;Associazione Amici della Ferrovia di Lienz, eseguir\u00e0 i lavori di restauro per rendere la locomotiva nuovamente utilizzabile e attraente per la popolazione e i turisti dell\u2019area del Dolomiti live<\/p>\n\n\n\n<p><strong>Partner<\/strong>: Certottica (LP), Verein der Eisenbahnfreunde<\/p>\n\n\n\n<p><strong>Contributo pubblico totale<\/strong>: 127.956,10 \u20ac<\/p>\n\n\n\n<p><strong>Finanziato dal Fondo Europeo di sviluppo regionale:<\/strong> Interreg VI-A Italia Austria 2021-2027<\/p>\n\n\n\n<figure class=\"wp-block-gallery has-nested-images columns-default is-cropped wp-block-gallery-1 is-layout-flex wp-block-gallery-is-layout-flex\">\n<figure class=\"wp-block-image size-large\"><img loading=\"lazy\" decoding=\"async\" width=\"1024\" height=\"768\" data-id=\"4179\" src=\"https:\/\/ebfl.at\/wp-content\/uploads\/2024\/04\/12_5_23-Sonja-Notdurfter_2-1-1024x768.jpg\" alt=\"\" class=\"wp-image-4179\" srcset=\"https:\/\/ebfl.at\/wp-content\/uploads\/2024\/04\/12_5_23-Sonja-Notdurfter_2-1-1024x768.jpg 1024w, https:\/\/ebfl.at\/wp-content\/uploads\/2024\/04\/12_5_23-Sonja-Notdurfter_2-1-300x225.jpg 300w, https:\/\/ebfl.at\/wp-content\/uploads\/2024\/04\/12_5_23-Sonja-Notdurfter_2-1-768x576.jpg 768w, https:\/\/ebfl.at\/wp-content\/uploads\/2024\/04\/12_5_23-Sonja-Notdurfter_2-1.jpg 1500w\" sizes=\"auto, (max-width: 1024px) 100vw, 1024px\" \/><figcaption class=\"wp-element-caption\">Mai 2023<\/figcaption><\/figure>\n\n\n\n<figure class=\"wp-block-image size-large\"><img loading=\"lazy\" decoding=\"async\" width=\"1024\" height=\"768\" data-id=\"4175\" src=\"https:\/\/ebfl.at\/wp-content\/uploads\/2024\/04\/4_2_24-Sonja-Notdurfter_2-1024x768.jpg\" alt=\"\" class=\"wp-image-4175\" srcset=\"https:\/\/ebfl.at\/wp-content\/uploads\/2024\/04\/4_2_24-Sonja-Notdurfter_2-1024x768.jpg 1024w, https:\/\/ebfl.at\/wp-content\/uploads\/2024\/04\/4_2_24-Sonja-Notdurfter_2-300x225.jpg 300w, https:\/\/ebfl.at\/wp-content\/uploads\/2024\/04\/4_2_24-Sonja-Notdurfter_2-768x576.jpg 768w, https:\/\/ebfl.at\/wp-content\/uploads\/2024\/04\/4_2_24-Sonja-Notdurfter_2.jpg 1500w\" sizes=\"auto, (max-width: 1024px) 100vw, 1024px\" \/><figcaption class=\"wp-element-caption\">Feber 2024_Transport nach Graz<\/figcaption><\/figure>\n\n\n\n<figure class=\"wp-block-image size-large\"><img loading=\"lazy\" decoding=\"async\" width=\"1024\" height=\"575\" data-id=\"4176\" src=\"https:\/\/ebfl.at\/wp-content\/uploads\/2024\/04\/15_3_24-Gerfried-Moll_2-1024x575.jpg\" alt=\"\" class=\"wp-image-4176\" srcset=\"https:\/\/ebfl.at\/wp-content\/uploads\/2024\/04\/15_3_24-Gerfried-Moll_2-1024x575.jpg 1024w, https:\/\/ebfl.at\/wp-content\/uploads\/2024\/04\/15_3_24-Gerfried-Moll_2-300x169.jpg 300w, https:\/\/ebfl.at\/wp-content\/uploads\/2024\/04\/15_3_24-Gerfried-Moll_2-768x432.jpg 768w, https:\/\/ebfl.at\/wp-content\/uploads\/2024\/04\/15_3_24-Gerfried-Moll_2.jpg 1500w\" sizes=\"auto, (max-width: 1024px) 100vw, 1024px\" \/><figcaption class=\"wp-element-caption\">Ankunft in der Werkstatt<\/figcaption><\/figure>\n<\/figure>\n\n\n\n<figure class=\"wp-block-gallery has-nested-images columns-default is-cropped wp-block-gallery-2 is-layout-flex wp-block-gallery-is-layout-flex\">\n<figure class=\"wp-block-image size-large\"><img loading=\"lazy\" decoding=\"async\" width=\"768\" height=\"1024\" data-id=\"4181\" src=\"https:\/\/ebfl.at\/wp-content\/uploads\/2024\/04\/IMG_7698-768x1024.jpg\" alt=\"\" class=\"wp-image-4181\" srcset=\"https:\/\/ebfl.at\/wp-content\/uploads\/2024\/04\/IMG_7698-768x1024.jpg 768w, https:\/\/ebfl.at\/wp-content\/uploads\/2024\/04\/IMG_7698-225x300.jpg 225w, https:\/\/ebfl.at\/wp-content\/uploads\/2024\/04\/IMG_7698-1152x1536.jpg 1152w, https:\/\/ebfl.at\/wp-content\/uploads\/2024\/04\/IMG_7698-rotated.jpg 1536w\" sizes=\"auto, (max-width: 768px) 100vw, 768px\" \/><\/figure>\n\n\n\n<figure class=\"wp-block-image size-large\"><img loading=\"lazy\" decoding=\"async\" width=\"768\" height=\"1024\" data-id=\"4183\" src=\"https:\/\/ebfl.at\/wp-content\/uploads\/2024\/04\/ST4-5-6-768x1024.jpg\" alt=\"\" class=\"wp-image-4183\" srcset=\"https:\/\/ebfl.at\/wp-content\/uploads\/2024\/04\/ST4-5-6-768x1024.jpg 768w, https:\/\/ebfl.at\/wp-content\/uploads\/2024\/04\/ST4-5-6-225x300.jpg 225w, https:\/\/ebfl.at\/wp-content\/uploads\/2024\/04\/ST4-5-6-1152x1536.jpg 1152w, https:\/\/ebfl.at\/wp-content\/uploads\/2024\/04\/ST4-5-6-rotated.jpg 1536w\" sizes=\"auto, (max-width: 768px) 100vw, 768px\" \/><\/figure>\n\n\n\n<figure class=\"wp-block-image size-large\"><img loading=\"lazy\" decoding=\"async\" width=\"1024\" height=\"768\" data-id=\"4184\" src=\"https:\/\/ebfl.at\/wp-content\/uploads\/2024\/04\/SMC5-1024x768.jpg\" alt=\"\" class=\"wp-image-4184\" srcset=\"https:\/\/ebfl.at\/wp-content\/uploads\/2024\/04\/SMC5-1024x768.jpg 1024w, https:\/\/ebfl.at\/wp-content\/uploads\/2024\/04\/SMC5-300x225.jpg 300w, https:\/\/ebfl.at\/wp-content\/uploads\/2024\/04\/SMC5-768x576.jpg 768w, https:\/\/ebfl.at\/wp-content\/uploads\/2024\/04\/SMC5-1536x1152.jpg 1536w, https:\/\/ebfl.at\/wp-content\/uploads\/2024\/04\/SMC5.jpg 2048w\" sizes=\"auto, (max-width: 1024px) 100vw, 1024px\" \/><\/figure>\n<\/figure>\n\n\n\n<figure class=\"wp-block-gallery has-nested-images columns-default is-cropped wp-block-gallery-3 is-layout-flex wp-block-gallery-is-layout-flex\">\n<figure class=\"wp-block-image size-large\"><img loading=\"lazy\" decoding=\"async\" width=\"1024\" height=\"768\" data-id=\"5101\" src=\"https:\/\/ebfl.at\/wp-content\/uploads\/2026\/02\/Bremssohlenhalterungen_klein-1024x768.jpg\" alt=\"\" class=\"wp-image-5101\" srcset=\"https:\/\/ebfl.at\/wp-content\/uploads\/2026\/02\/Bremssohlenhalterungen_klein-1024x768.jpg 1024w, https:\/\/ebfl.at\/wp-content\/uploads\/2026\/02\/Bremssohlenhalterungen_klein-300x225.jpg 300w, https:\/\/ebfl.at\/wp-content\/uploads\/2026\/02\/Bremssohlenhalterungen_klein-768x576.jpg 768w, https:\/\/ebfl.at\/wp-content\/uploads\/2026\/02\/Bremssohlenhalterungen_klein.jpg 1200w\" sizes=\"auto, (max-width: 1024px) 100vw, 1024px\" \/><\/figure>\n\n\n\n<figure class=\"wp-block-image size-large\"><img loading=\"lazy\" decoding=\"async\" width=\"1024\" height=\"577\" data-id=\"5100\" src=\"https:\/\/ebfl.at\/wp-content\/uploads\/2026\/02\/20250109_102233_10.1.25-1024x577.jpg\" alt=\"\" class=\"wp-image-5100\" srcset=\"https:\/\/ebfl.at\/wp-content\/uploads\/2026\/02\/20250109_102233_10.1.25-1024x577.jpg 1024w, https:\/\/ebfl.at\/wp-content\/uploads\/2026\/02\/20250109_102233_10.1.25-300x169.jpg 300w, https:\/\/ebfl.at\/wp-content\/uploads\/2026\/02\/20250109_102233_10.1.25-768x432.jpg 768w, https:\/\/ebfl.at\/wp-content\/uploads\/2026\/02\/20250109_102233_10.1.25-1536x865.jpg 1536w, https:\/\/ebfl.at\/wp-content\/uploads\/2026\/02\/20250109_102233_10.1.25-2048x1153.jpg 2048w\" sizes=\"auto, (max-width: 1024px) 100vw, 1024px\" \/><figcaption class=\"wp-element-caption\">Drehgestelle zusammengebaut<\/figcaption><\/figure>\n\n\n\n<figure class=\"wp-block-image size-large\"><img loading=\"lazy\" decoding=\"async\" width=\"1024\" height=\"768\" data-id=\"5098\" src=\"https:\/\/ebfl.at\/wp-content\/uploads\/2026\/02\/20250612_104159_2-1024x768.jpg\" alt=\"\" class=\"wp-image-5098\" srcset=\"https:\/\/ebfl.at\/wp-content\/uploads\/2026\/02\/20250612_104159_2-1024x768.jpg 1024w, https:\/\/ebfl.at\/wp-content\/uploads\/2026\/02\/20250612_104159_2-300x225.jpg 300w, https:\/\/ebfl.at\/wp-content\/uploads\/2026\/02\/20250612_104159_2-768x576.jpg 768w, https:\/\/ebfl.at\/wp-content\/uploads\/2026\/02\/20250612_104159_2.jpg 1200w\" sizes=\"auto, (max-width: 1024px) 100vw, 1024px\" \/><figcaption class=\"wp-element-caption\">vorher<\/figcaption><\/figure>\n\n\n\n<figure class=\"wp-block-image size-large\"><img loading=\"lazy\" decoding=\"async\" width=\"1024\" height=\"576\" data-id=\"5099\" src=\"https:\/\/ebfl.at\/wp-content\/uploads\/2026\/02\/WhatsApp-Bild-2025-06-27-um-12.39.40_731fd88a_2-1024x576.jpg\" alt=\"\" class=\"wp-image-5099\" srcset=\"https:\/\/ebfl.at\/wp-content\/uploads\/2026\/02\/WhatsApp-Bild-2025-06-27-um-12.39.40_731fd88a_2-1024x576.jpg 1024w, https:\/\/ebfl.at\/wp-content\/uploads\/2026\/02\/WhatsApp-Bild-2025-06-27-um-12.39.40_731fd88a_2-300x169.jpg 300w, https:\/\/ebfl.at\/wp-content\/uploads\/2026\/02\/WhatsApp-Bild-2025-06-27-um-12.39.40_731fd88a_2-768x432.jpg 768w, https:\/\/ebfl.at\/wp-content\/uploads\/2026\/02\/WhatsApp-Bild-2025-06-27-um-12.39.40_731fd88a_2.jpg 1200w\" sizes=\"auto, (max-width: 1024px) 100vw, 1024px\" \/><figcaption class=\"wp-element-caption\">nachher<\/figcaption><\/figure>\n\n\n\n<figure class=\"wp-block-image size-large\"><img loading=\"lazy\" decoding=\"async\" width=\"1024\" height=\"577\" data-id=\"5102\" src=\"https:\/\/ebfl.at\/wp-content\/uploads\/2026\/02\/WhatsApp-Bild-2025-06-11-um-11.17.57_479cec21-1024x577.jpg\" alt=\"\" class=\"wp-image-5102\" srcset=\"https:\/\/ebfl.at\/wp-content\/uploads\/2026\/02\/WhatsApp-Bild-2025-06-11-um-11.17.57_479cec21-1024x577.jpg 1024w, https:\/\/ebfl.at\/wp-content\/uploads\/2026\/02\/WhatsApp-Bild-2025-06-11-um-11.17.57_479cec21-300x169.jpg 300w, https:\/\/ebfl.at\/wp-content\/uploads\/2026\/02\/WhatsApp-Bild-2025-06-11-um-11.17.57_479cec21-768x432.jpg 768w, https:\/\/ebfl.at\/wp-content\/uploads\/2026\/02\/WhatsApp-Bild-2025-06-11-um-11.17.57_479cec21-1536x865.jpg 1536w, https:\/\/ebfl.at\/wp-content\/uploads\/2026\/02\/WhatsApp-Bild-2025-06-11-um-11.17.57_479cec21.jpg 2000w\" sizes=\"auto, (max-width: 1024px) 100vw, 1024px\" \/><figcaption class=\"wp-element-caption\">Lokrahmen wird aufgesetzt<\/figcaption><\/figure>\n\n\n\n<figure class=\"wp-block-image size-large\"><img loading=\"lazy\" decoding=\"async\" width=\"893\" height=\"462\" data-id=\"5103\" src=\"https:\/\/ebfl.at\/wp-content\/uploads\/2026\/02\/JW-Schilder-Fabian_ausgeschnitten.jpg\" alt=\"\" class=\"wp-image-5103\" srcset=\"https:\/\/ebfl.at\/wp-content\/uploads\/2026\/02\/JW-Schilder-Fabian_ausgeschnitten.jpg 893w, https:\/\/ebfl.at\/wp-content\/uploads\/2026\/02\/JW-Schilder-Fabian_ausgeschnitten-300x155.jpg 300w, https:\/\/ebfl.at\/wp-content\/uploads\/2026\/02\/JW-Schilder-Fabian_ausgeschnitten-768x397.jpg 768w\" sizes=\"auto, (max-width: 893px) 100vw, 893px\" \/><\/figure>\n\n\n\n<figure class=\"wp-block-image size-large\"><img loading=\"lazy\" decoding=\"async\" width=\"1024\" height=\"768\" data-id=\"5097\" src=\"https:\/\/ebfl.at\/wp-content\/uploads\/2026\/02\/WhatsApp-Bild-2025-09-16-um-11.26.04_d2ab5c0e-1024x768.jpg\" alt=\"\" class=\"wp-image-5097\" srcset=\"https:\/\/ebfl.at\/wp-content\/uploads\/2026\/02\/WhatsApp-Bild-2025-09-16-um-11.26.04_d2ab5c0e-1024x768.jpg 1024w, https:\/\/ebfl.at\/wp-content\/uploads\/2026\/02\/WhatsApp-Bild-2025-09-16-um-11.26.04_d2ab5c0e-300x225.jpg 300w, https:\/\/ebfl.at\/wp-content\/uploads\/2026\/02\/WhatsApp-Bild-2025-09-16-um-11.26.04_d2ab5c0e-768x576.jpg 768w, https:\/\/ebfl.at\/wp-content\/uploads\/2026\/02\/WhatsApp-Bild-2025-09-16-um-11.26.04_d2ab5c0e-1536x1152.jpg 1536w, https:\/\/ebfl.at\/wp-content\/uploads\/2026\/02\/WhatsApp-Bild-2025-09-16-um-11.26.04_d2ab5c0e.jpg 2000w\" sizes=\"auto, (max-width: 1024px) 100vw, 1024px\" \/><figcaption class=\"wp-element-caption\">\u00dcberstellung Lienz<\/figcaption><\/figure>\n\n\n\n<figure class=\"wp-block-image size-large\"><img loading=\"lazy\" decoding=\"async\" width=\"1024\" height=\"768\" data-id=\"5104\" src=\"https:\/\/ebfl.at\/wp-content\/uploads\/2026\/02\/1000395739_Gerfried-20.12.25_2-1024x768.jpg\" alt=\"\" class=\"wp-image-5104\" srcset=\"https:\/\/ebfl.at\/wp-content\/uploads\/2026\/02\/1000395739_Gerfried-20.12.25_2-1024x768.jpg 1024w, https:\/\/ebfl.at\/wp-content\/uploads\/2026\/02\/1000395739_Gerfried-20.12.25_2-300x225.jpg 300w, https:\/\/ebfl.at\/wp-content\/uploads\/2026\/02\/1000395739_Gerfried-20.12.25_2-768x576.jpg 768w, https:\/\/ebfl.at\/wp-content\/uploads\/2026\/02\/1000395739_Gerfried-20.12.25_2.jpg 1200w\" sizes=\"auto, (max-width: 1024px) 100vw, 1024px\" \/><figcaption class=\"wp-element-caption\">15.1.2026<\/figcaption><\/figure>\n<\/figure>\n\n\n\n<p class=\"has-text-align-center has-white-color has-white-background-color has-text-color has-background has-medium-font-size\"><\/p>\n\n\n\n<figure class=\"wp-block-gallery has-nested-images columns-default is-cropped wp-block-gallery-4 is-layout-flex wp-block-gallery-is-layout-flex\">\n<figure class=\"wp-block-image size-large\"><img loading=\"lazy\" decoding=\"async\" width=\"1024\" height=\"683\" data-id=\"5110\" src=\"https:\/\/ebfl.at\/wp-content\/uploads\/2026\/02\/optirail_web-9920-1024x683.jpg\" alt=\"\" class=\"wp-image-5110\" srcset=\"https:\/\/ebfl.at\/wp-content\/uploads\/2026\/02\/optirail_web-9920-1024x683.jpg 1024w, https:\/\/ebfl.at\/wp-content\/uploads\/2026\/02\/optirail_web-9920-300x200.jpg 300w, https:\/\/ebfl.at\/wp-content\/uploads\/2026\/02\/optirail_web-9920-768x512.jpg 768w, https:\/\/ebfl.at\/wp-content\/uploads\/2026\/02\/optirail_web-9920-1536x1025.jpg 1536w, https:\/\/ebfl.at\/wp-content\/uploads\/2026\/02\/optirail_web-9920.jpg 1920w\" sizes=\"auto, (max-width: 1024px) 100vw, 1024px\" \/><figcaption class=\"wp-element-caption\">18.3.2024<\/figcaption><\/figure>\n\n\n\n<figure class=\"wp-block-image size-large\"><img loading=\"lazy\" decoding=\"async\" width=\"1024\" height=\"845\" data-id=\"5109\" src=\"https:\/\/ebfl.at\/wp-content\/uploads\/2026\/02\/optirail_web-99072-1024x845.jpg\" alt=\"\" class=\"wp-image-5109\" srcset=\"https:\/\/ebfl.at\/wp-content\/uploads\/2026\/02\/optirail_web-99072-1024x845.jpg 1024w, https:\/\/ebfl.at\/wp-content\/uploads\/2026\/02\/optirail_web-99072-300x248.jpg 300w, https:\/\/ebfl.at\/wp-content\/uploads\/2026\/02\/optirail_web-99072-768x634.jpg 768w, https:\/\/ebfl.at\/wp-content\/uploads\/2026\/02\/optirail_web-99072-1536x1267.jpg 1536w, https:\/\/ebfl.at\/wp-content\/uploads\/2026\/02\/optirail_web-99072.jpg 1920w\" sizes=\"auto, (max-width: 1024px) 100vw, 1024px\" \/><figcaption class=\"wp-element-caption\">18.3.2024<\/figcaption><\/figure>\n\n\n\n<figure class=\"wp-block-image size-large\"><img loading=\"lazy\" decoding=\"async\" width=\"1024\" height=\"768\" data-id=\"5105\" src=\"https:\/\/ebfl.at\/wp-content\/uploads\/2026\/02\/20250802_1059092-1024x768.jpg\" alt=\"\" class=\"wp-image-5105\" srcset=\"https:\/\/ebfl.at\/wp-content\/uploads\/2026\/02\/20250802_1059092-1024x768.jpg 1024w, https:\/\/ebfl.at\/wp-content\/uploads\/2026\/02\/20250802_1059092-300x225.jpg 300w, https:\/\/ebfl.at\/wp-content\/uploads\/2026\/02\/20250802_1059092-768x576.jpg 768w, https:\/\/ebfl.at\/wp-content\/uploads\/2026\/02\/20250802_1059092.jpg 1200w\" sizes=\"auto, (max-width: 1024px) 100vw, 1024px\" \/><figcaption class=\"wp-element-caption\">2.8.2025 Brillenmuseum<\/figcaption><\/figure>\n\n\n\n<figure class=\"wp-block-image size-large\"><img loading=\"lazy\" decoding=\"async\" width=\"1024\" height=\"768\" data-id=\"5106\" src=\"https:\/\/ebfl.at\/wp-content\/uploads\/2026\/02\/IMG_2958_2-1024x768.jpg\" alt=\"\" class=\"wp-image-5106\" srcset=\"https:\/\/ebfl.at\/wp-content\/uploads\/2026\/02\/IMG_2958_2-1024x768.jpg 1024w, https:\/\/ebfl.at\/wp-content\/uploads\/2026\/02\/IMG_2958_2-300x225.jpg 300w, https:\/\/ebfl.at\/wp-content\/uploads\/2026\/02\/IMG_2958_2-768x576.jpg 768w, https:\/\/ebfl.at\/wp-content\/uploads\/2026\/02\/IMG_2958_2.jpg 1200w\" sizes=\"auto, (max-width: 1024px) 100vw, 1024px\" \/><figcaption class=\"wp-element-caption\">Brillenmuseum<\/figcaption><\/figure>\n\n\n\n<figure class=\"wp-block-image size-large\"><img loading=\"lazy\" decoding=\"async\" width=\"1024\" height=\"768\" data-id=\"5107\" src=\"https:\/\/ebfl.at\/wp-content\/uploads\/2026\/02\/IMG_2969_2-1024x768.jpg\" alt=\"\" class=\"wp-image-5107\" srcset=\"https:\/\/ebfl.at\/wp-content\/uploads\/2026\/02\/IMG_2969_2-1024x768.jpg 1024w, https:\/\/ebfl.at\/wp-content\/uploads\/2026\/02\/IMG_2969_2-300x225.jpg 300w, https:\/\/ebfl.at\/wp-content\/uploads\/2026\/02\/IMG_2969_2-768x576.jpg 768w, https:\/\/ebfl.at\/wp-content\/uploads\/2026\/02\/IMG_2969_2.jpg 1200w\" sizes=\"auto, (max-width: 1024px) 100vw, 1024px\" \/><figcaption class=\"wp-element-caption\">Brillenmuseum<\/figcaption><\/figure>\n\n\n\n<figure class=\"wp-block-image size-large\"><img loading=\"lazy\" decoding=\"async\" width=\"1024\" height=\"768\" data-id=\"5112\" src=\"https:\/\/ebfl.at\/wp-content\/uploads\/2026\/02\/Osttiroler-Bote_Kirchmair-3_2-1024x768.jpg\" alt=\"\" class=\"wp-image-5112\" srcset=\"https:\/\/ebfl.at\/wp-content\/uploads\/2026\/02\/Osttiroler-Bote_Kirchmair-3_2-1024x768.jpg 1024w, https:\/\/ebfl.at\/wp-content\/uploads\/2026\/02\/Osttiroler-Bote_Kirchmair-3_2-300x225.jpg 300w, https:\/\/ebfl.at\/wp-content\/uploads\/2026\/02\/Osttiroler-Bote_Kirchmair-3_2-768x576.jpg 768w, https:\/\/ebfl.at\/wp-content\/uploads\/2026\/02\/Osttiroler-Bote_Kirchmair-3_2.jpg 1200w\" sizes=\"auto, (max-width: 1024px) 100vw, 1024px\" \/><figcaption class=\"wp-element-caption\">28.6. Er\u00f6ffnung Sonderausstellung<\/figcaption><\/figure>\n\n\n\n<figure class=\"wp-block-image size-large\"><img loading=\"lazy\" decoding=\"async\" width=\"1024\" height=\"768\" data-id=\"5108\" src=\"https:\/\/ebfl.at\/wp-content\/uploads\/2026\/02\/20260115_145234_2-1024x768.jpg\" alt=\"\" class=\"wp-image-5108\" srcset=\"https:\/\/ebfl.at\/wp-content\/uploads\/2026\/02\/20260115_145234_2-1024x768.jpg 1024w, https:\/\/ebfl.at\/wp-content\/uploads\/2026\/02\/20260115_145234_2-300x225.jpg 300w, https:\/\/ebfl.at\/wp-content\/uploads\/2026\/02\/20260115_145234_2-768x576.jpg 768w, https:\/\/ebfl.at\/wp-content\/uploads\/2026\/02\/20260115_145234_2.jpg 1200w\" sizes=\"auto, (max-width: 1024px) 100vw, 1024px\" \/><figcaption class=\"wp-element-caption\">Partnertreffen 14.und 15.1.2026 in Belluno<\/figcaption><\/figure>\n<\/figure>\n\n\n\n<p><a href=\"https:\/\/www.rmo.at\/projekte-und-foerderberatung\/projekte\/8-projekte\/415-itat-4142-die-aufwertung-des-musealen-kulturerbes-als-bruecke-zwischen-zwei-grenzueberschreitenden-kulturen\">RMO-Regionsmanagement Osttirol<\/a><\/p>\n\n\n\n<figure class=\"wp-block-image size-full\"><img loading=\"lazy\" decoding=\"async\" width=\"809\" height=\"93\" src=\"https:\/\/ebfl.at\/wp-content\/uploads\/2024\/04\/grafik.png\" alt=\"\" class=\"wp-image-4171\" srcset=\"https:\/\/ebfl.at\/wp-content\/uploads\/2024\/04\/grafik.png 809w, https:\/\/ebfl.at\/wp-content\/uploads\/2024\/04\/grafik-300x34.png 300w, https:\/\/ebfl.at\/wp-content\/uploads\/2024\/04\/grafik-768x88.png 768w\" sizes=\"auto, (max-width: 809px) 100vw, 809px\" \/><\/figure>\n","protected":false},"excerpt":{"rendered":"<p>Sonderausstellung 2025 Mostra Speziali 2025 CLLD Dolomiti Live Progetto OPTI-RAIL Caratterizzazione, Conservazione e promozione degli occhiali e dei locomotivi storici Charakterisierung, Bewahrung und F\u00f6rderung von Brillen und historischen Lokomotiven ITAT4902-MP-006 DE Das Projekt OPTICAL RAIL will die Aufmerksamkeit auf zwei spezifische historische Artefakte im Dolomiti Live Gebiet lenken: den historischen Brillen des Brillenviertels in der [&hellip;]<\/p>\n","protected":false},"author":2,"featured_media":0,"parent":0,"menu_order":0,"comment_status":"closed","ping_status":"closed","template":"","meta":{"footnotes":""},"class_list":["post-2365","page","type-page","status-publish","hentry"],"yoast_head":"<!-- This site is optimized with the Yoast SEO plugin v27.5 - https:\/\/yoast.com\/product\/yoast-seo-wordpress\/ -->\n<title>PROJEKT OPTI-RAIL - EBFL<\/title>\n<meta name=\"robots\" content=\"index, follow, max-snippet:-1, max-image-preview:large, max-video-preview:-1\" \/>\n<link rel=\"canonical\" href=\"https:\/\/ebfl.at\/index.php\/interreg-projekt\/\" \/>\n<meta property=\"og:locale\" content=\"de_DE\" \/>\n<meta property=\"og:type\" content=\"article\" \/>\n<meta property=\"og:title\" content=\"PROJEKT OPTI-RAIL - EBFL\" \/>\n<meta property=\"og:description\" content=\"Sonderausstellung 2025 Mostra Speziali 2025 CLLD Dolomiti Live Progetto OPTI-RAIL Caratterizzazione, Conservazione e promozione degli occhiali e dei locomotivi storici Charakterisierung, Bewahrung und F\u00f6rderung von Brillen und historischen Lokomotiven ITAT4902-MP-006 DE Das Projekt OPTICAL RAIL will die Aufmerksamkeit auf zwei spezifische historische Artefakte im Dolomiti Live Gebiet lenken: den historischen Brillen des Brillenviertels in der [&hellip;]\" \/>\n<meta property=\"og:url\" content=\"https:\/\/ebfl.at\/index.php\/interreg-projekt\/\" \/>\n<meta property=\"og:site_name\" content=\"EBFL\" \/>\n<meta property=\"article:publisher\" content=\"https:\/\/www.facebook.com\/pages\/category\/History-Museum\/EBFLat-301838060596265\/\" \/>\n<meta property=\"article:modified_time\" content=\"2026-02-23T15:00:20+00:00\" \/>\n<meta property=\"og:image\" content=\"https:\/\/ebfl.at\/wp-content\/uploads\/2024\/04\/grafik-1.png\" \/>\n\t<meta property=\"og:image:width\" content=\"693\" \/>\n\t<meta property=\"og:image:height\" content=\"114\" \/>\n\t<meta property=\"og:image:type\" content=\"image\/png\" \/>\n<meta name=\"twitter:card\" content=\"summary_large_image\" \/>\n<meta name=\"twitter:label1\" content=\"Gesch\u00e4tzte Lesezeit\" \/>\n\t<meta name=\"twitter:data1\" content=\"7\u00a0Minuten\" \/>\n<script type=\"application\/ld+json\" class=\"yoast-schema-graph\">{\"@context\":\"https:\\\/\\\/schema.org\",\"@graph\":[{\"@type\":\"WebPage\",\"@id\":\"https:\\\/\\\/ebfl.at\\\/index.php\\\/interreg-projekt\\\/\",\"url\":\"https:\\\/\\\/ebfl.at\\\/index.php\\\/interreg-projekt\\\/\",\"name\":\"PROJEKT OPTI-RAIL - EBFL\",\"isPartOf\":{\"@id\":\"https:\\\/\\\/ebfl.at\\\/#website\"},\"primaryImageOfPage\":{\"@id\":\"https:\\\/\\\/ebfl.at\\\/index.php\\\/interreg-projekt\\\/#primaryimage\"},\"image\":{\"@id\":\"https:\\\/\\\/ebfl.at\\\/index.php\\\/interreg-projekt\\\/#primaryimage\"},\"thumbnailUrl\":\"https:\\\/\\\/ebfl.at\\\/wp-content\\\/uploads\\\/2024\\\/04\\\/grafik-1.png\",\"datePublished\":\"2021-01-20T11:56:13+00:00\",\"dateModified\":\"2026-02-23T15:00:20+00:00\",\"breadcrumb\":{\"@id\":\"https:\\\/\\\/ebfl.at\\\/index.php\\\/interreg-projekt\\\/#breadcrumb\"},\"inLanguage\":\"de\",\"potentialAction\":[{\"@type\":\"ReadAction\",\"target\":[\"https:\\\/\\\/ebfl.at\\\/index.php\\\/interreg-projekt\\\/\"]}]},{\"@type\":\"ImageObject\",\"inLanguage\":\"de\",\"@id\":\"https:\\\/\\\/ebfl.at\\\/index.php\\\/interreg-projekt\\\/#primaryimage\",\"url\":\"https:\\\/\\\/ebfl.at\\\/wp-content\\\/uploads\\\/2024\\\/04\\\/grafik-1.png\",\"contentUrl\":\"https:\\\/\\\/ebfl.at\\\/wp-content\\\/uploads\\\/2024\\\/04\\\/grafik-1.png\",\"width\":693,\"height\":114},{\"@type\":\"BreadcrumbList\",\"@id\":\"https:\\\/\\\/ebfl.at\\\/index.php\\\/interreg-projekt\\\/#breadcrumb\",\"itemListElement\":[{\"@type\":\"ListItem\",\"position\":1,\"name\":\"Startseite\",\"item\":\"https:\\\/\\\/ebfl.at\\\/\"},{\"@type\":\"ListItem\",\"position\":2,\"name\":\"PROJEKT OPTI-RAIL\"}]},{\"@type\":\"WebSite\",\"@id\":\"https:\\\/\\\/ebfl.at\\\/#website\",\"url\":\"https:\\\/\\\/ebfl.at\\\/\",\"name\":\"EBFL Eisenbahnfreunde Lienz\",\"description\":\"Verein der Eisenbahnfreunde in Lienz\",\"publisher\":{\"@id\":\"https:\\\/\\\/ebfl.at\\\/#organization\"},\"potentialAction\":[{\"@type\":\"SearchAction\",\"target\":{\"@type\":\"EntryPoint\",\"urlTemplate\":\"https:\\\/\\\/ebfl.at\\\/?s={search_term_string}\"},\"query-input\":{\"@type\":\"PropertyValueSpecification\",\"valueRequired\":true,\"valueName\":\"search_term_string\"}}],\"inLanguage\":\"de\"},{\"@type\":\"Organization\",\"@id\":\"https:\\\/\\\/ebfl.at\\\/#organization\",\"name\":\"EBFL - Eisenbahnfreunde Lienz\",\"url\":\"https:\\\/\\\/ebfl.at\\\/\",\"logo\":{\"@type\":\"ImageObject\",\"inLanguage\":\"de\",\"@id\":\"https:\\\/\\\/ebfl.at\\\/#\\\/schema\\\/logo\\\/image\\\/\",\"url\":\"https:\\\/\\\/ebfl.at\\\/wp-content\\\/uploads\\\/2019\\\/01\\\/Eisenbahnfreunde-Lienz.jpg\",\"contentUrl\":\"https:\\\/\\\/ebfl.at\\\/wp-content\\\/uploads\\\/2019\\\/01\\\/Eisenbahnfreunde-Lienz.jpg\",\"width\":1087,\"height\":480,\"caption\":\"EBFL - Eisenbahnfreunde Lienz\"},\"image\":{\"@id\":\"https:\\\/\\\/ebfl.at\\\/#\\\/schema\\\/logo\\\/image\\\/\"},\"sameAs\":[\"https:\\\/\\\/www.facebook.com\\\/pages\\\/category\\\/History-Museum\\\/EBFLat-301838060596265\\\/\"]}]}<\/script>\n<!-- \/ Yoast SEO plugin. -->","yoast_head_json":{"title":"PROJEKT OPTI-RAIL - EBFL","robots":{"index":"index","follow":"follow","max-snippet":"max-snippet:-1","max-image-preview":"max-image-preview:large","max-video-preview":"max-video-preview:-1"},"canonical":"https:\/\/ebfl.at\/index.php\/interreg-projekt\/","og_locale":"de_DE","og_type":"article","og_title":"PROJEKT OPTI-RAIL - EBFL","og_description":"Sonderausstellung 2025 Mostra Speziali 2025 CLLD Dolomiti Live Progetto OPTI-RAIL Caratterizzazione, Conservazione e promozione degli occhiali e dei locomotivi storici Charakterisierung, Bewahrung und F\u00f6rderung von Brillen und historischen Lokomotiven ITAT4902-MP-006 DE Das Projekt OPTICAL RAIL will die Aufmerksamkeit auf zwei spezifische historische Artefakte im Dolomiti Live Gebiet lenken: den historischen Brillen des Brillenviertels in der [&hellip;]","og_url":"https:\/\/ebfl.at\/index.php\/interreg-projekt\/","og_site_name":"EBFL","article_publisher":"https:\/\/www.facebook.com\/pages\/category\/History-Museum\/EBFLat-301838060596265\/","article_modified_time":"2026-02-23T15:00:20+00:00","og_image":[{"width":693,"height":114,"url":"https:\/\/ebfl.at\/wp-content\/uploads\/2024\/04\/grafik-1.png","type":"image\/png"}],"twitter_card":"summary_large_image","twitter_misc":{"Gesch\u00e4tzte Lesezeit":"7\u00a0Minuten"},"schema":{"@context":"https:\/\/schema.org","@graph":[{"@type":"WebPage","@id":"https:\/\/ebfl.at\/index.php\/interreg-projekt\/","url":"https:\/\/ebfl.at\/index.php\/interreg-projekt\/","name":"PROJEKT OPTI-RAIL - EBFL","isPartOf":{"@id":"https:\/\/ebfl.at\/#website"},"primaryImageOfPage":{"@id":"https:\/\/ebfl.at\/index.php\/interreg-projekt\/#primaryimage"},"image":{"@id":"https:\/\/ebfl.at\/index.php\/interreg-projekt\/#primaryimage"},"thumbnailUrl":"https:\/\/ebfl.at\/wp-content\/uploads\/2024\/04\/grafik-1.png","datePublished":"2021-01-20T11:56:13+00:00","dateModified":"2026-02-23T15:00:20+00:00","breadcrumb":{"@id":"https:\/\/ebfl.at\/index.php\/interreg-projekt\/#breadcrumb"},"inLanguage":"de","potentialAction":[{"@type":"ReadAction","target":["https:\/\/ebfl.at\/index.php\/interreg-projekt\/"]}]},{"@type":"ImageObject","inLanguage":"de","@id":"https:\/\/ebfl.at\/index.php\/interreg-projekt\/#primaryimage","url":"https:\/\/ebfl.at\/wp-content\/uploads\/2024\/04\/grafik-1.png","contentUrl":"https:\/\/ebfl.at\/wp-content\/uploads\/2024\/04\/grafik-1.png","width":693,"height":114},{"@type":"BreadcrumbList","@id":"https:\/\/ebfl.at\/index.php\/interreg-projekt\/#breadcrumb","itemListElement":[{"@type":"ListItem","position":1,"name":"Startseite","item":"https:\/\/ebfl.at\/"},{"@type":"ListItem","position":2,"name":"PROJEKT OPTI-RAIL"}]},{"@type":"WebSite","@id":"https:\/\/ebfl.at\/#website","url":"https:\/\/ebfl.at\/","name":"EBFL Eisenbahnfreunde Lienz","description":"Verein der Eisenbahnfreunde in Lienz","publisher":{"@id":"https:\/\/ebfl.at\/#organization"},"potentialAction":[{"@type":"SearchAction","target":{"@type":"EntryPoint","urlTemplate":"https:\/\/ebfl.at\/?s={search_term_string}"},"query-input":{"@type":"PropertyValueSpecification","valueRequired":true,"valueName":"search_term_string"}}],"inLanguage":"de"},{"@type":"Organization","@id":"https:\/\/ebfl.at\/#organization","name":"EBFL - Eisenbahnfreunde Lienz","url":"https:\/\/ebfl.at\/","logo":{"@type":"ImageObject","inLanguage":"de","@id":"https:\/\/ebfl.at\/#\/schema\/logo\/image\/","url":"https:\/\/ebfl.at\/wp-content\/uploads\/2019\/01\/Eisenbahnfreunde-Lienz.jpg","contentUrl":"https:\/\/ebfl.at\/wp-content\/uploads\/2019\/01\/Eisenbahnfreunde-Lienz.jpg","width":1087,"height":480,"caption":"EBFL - Eisenbahnfreunde Lienz"},"image":{"@id":"https:\/\/ebfl.at\/#\/schema\/logo\/image\/"},"sameAs":["https:\/\/www.facebook.com\/pages\/category\/History-Museum\/EBFLat-301838060596265\/"]}]}},"_links":{"self":[{"href":"https:\/\/ebfl.at\/index.php\/wp-json\/wp\/v2\/pages\/2365","targetHints":{"allow":["GET"]}}],"collection":[{"href":"https:\/\/ebfl.at\/index.php\/wp-json\/wp\/v2\/pages"}],"about":[{"href":"https:\/\/ebfl.at\/index.php\/wp-json\/wp\/v2\/types\/page"}],"author":[{"embeddable":true,"href":"https:\/\/ebfl.at\/index.php\/wp-json\/wp\/v2\/users\/2"}],"replies":[{"embeddable":true,"href":"https:\/\/ebfl.at\/index.php\/wp-json\/wp\/v2\/comments?post=2365"}],"version-history":[{"count":27,"href":"https:\/\/ebfl.at\/index.php\/wp-json\/wp\/v2\/pages\/2365\/revisions"}],"predecessor-version":[{"id":5113,"href":"https:\/\/ebfl.at\/index.php\/wp-json\/wp\/v2\/pages\/2365\/revisions\/5113"}],"wp:attachment":[{"href":"https:\/\/ebfl.at\/index.php\/wp-json\/wp\/v2\/media?parent=2365"}],"curies":[{"name":"wp","href":"https:\/\/api.w.org\/{rel}","templated":true}]}}