{"id":2697,"date":"2021-05-04T18:47:55","date_gmt":"2021-05-04T16:47:55","guid":{"rendered":"https:\/\/ebfl.at\/?page_id=2697"},"modified":"2021-05-04T18:47:56","modified_gmt":"2021-05-04T16:47:56","slug":"eisenbahngeschichte-oesterreich","status":"publish","type":"page","link":"https:\/\/ebfl.at\/index.php\/eisenbahngeschichte-oesterreich\/","title":{"rendered":"Eisenbahngeschichte \u00d6sterreich"},"content":{"rendered":"\n<figure class=\"wp-block-table is-style-regular\"><table><tbody><tr><td>OO1<\/td><td>Die Eisenbahnen in \u00d6sterreich<\/td><td>Redaktion Alfred Horn u. Friedrich Rollinger<\/td><td>Bohmann<\/td><td>1986<\/td><\/tr><tr><td>OO2<\/td><td>Die K.u.K priv. Eisenbahnen 1828-1918<\/td><td>Richard Heinersdorff<\/td><td>Fritz Molden<\/td><td>1975<\/td><\/tr><tr><td>OO3<\/td><td>Georg Sigl und seine Gasse in Wien-Alsergrund<\/td><td>Dietmar H\u00fcbsch<\/td><td>Bezirksmuseum Alsergrund<\/td><td>2007<\/td><\/tr><tr><td>OO4<\/td><td>Das Buch der Bahn<\/td><td>\u00d6BB<\/td><td>D&amp;R Verlag<\/td><td>1987<\/td><\/tr><tr><td>OO5<\/td><td>Das 2. Buch der Bahn<\/td><td>\u00d6BB<\/td><td><\/td><td>1985<\/td><\/tr><tr><td>OO6<\/td><td>Das Buch der Bahn Geb. Ausgabe 87<\/td><td>\u00d6BB<\/td><td><\/td><td>1984<\/td><\/tr><tr><td>OO7<\/td><td>Reise-Album der K.K. \u00f6sterr. Staatsbahnen<\/td><td>Staatsbahnen<\/td><td><\/td><td>1908\/09<\/td><\/tr><tr><td>OO8<\/td><td>Verkehrsannalen<\/td><td>\u00d6sterr. Verkehrswissenschaftliche Gesellschaft<\/td><td><\/td><td>1976<\/td><\/tr><tr><td>OO9<\/td><td>\u00d6sterreichs Eisenbahnen im Jubil\u00e4umsjahr 1987<\/td><td>DI Ludger Kenning<\/td><td>Kenning<\/td><td>1987<\/td><\/tr><tr><td>O10<\/td><td>Mit Bahn und Schiff auf den Spuren der Habsburger<\/td><td>Horst F. Mayer\/Dieter Winkler<\/td><td>Editions S Verlag \u00d6sterreich<\/td><td>1995<\/td><\/tr><tr><td>O11<\/td><td>100 Jahre Gewerkschaft der Eisenbahner<\/td><td>Red. Adalbert Koranda<\/td><td>Verlag \u00d6GB Wien<\/td><td>1992<\/td><\/tr><tr><td>O12<\/td><td>Eine andere Geschichte \u00d6sterreichs<\/td><td>Brigitte Pellar<\/td><td>Verlag \u00d6GB Wien<\/td><td>2008<\/td><\/tr><tr><td>O13<\/td><td>Geschichte der Eisenbahnen IV. Band<\/td><td>Hermann Strach<\/td><td>Karl Prochaska<\/td><td>1899<\/td><\/tr><tr><td>O14<\/td><td>Stationen der Erinnerung<\/td><td>Gerhard Trumler\/Christoph Wagner<\/td><td>Editions S Verlag \u00d6sterreich<\/td><td>1986<\/td><\/tr><tr><td>O15<\/td><td>Die Wiener Bahnh\u00f6fe<\/td><td>Wolfgang Kaiser<\/td><td>GeraMond<\/td><td>2011<\/td><\/tr><tr><td>O16<\/td><td>\u00d6sterreich Die Eisenbahngeschichte<\/td><td>Wolfgang Kaiser\/Andreas Knipping<\/td><td>GeraMond<\/td><td>2012<\/td><\/tr><tr><td>O17<\/td><td>150 Jahre Lokomotiv-Eisenbahnen in \u00d6sterreich<\/td><td>Josef Dultinger<\/td><td>Dr. Rudolf Erhard<\/td><td>1987<\/td><\/tr><tr><td>O18<\/td><td>Das gro\u00dfe \u00f6sterr. Eisenbahnbuch<\/td><td>Kurt Frischler<\/td><td>Molden<\/td><td>1979<\/td><\/tr><tr><td>O19<\/td><td>Bahn Panorama \u00d6sterreich<\/td><td>Harald Nav\u00e8<\/td><td>Orell F\u00fcssli<\/td><td>1987<\/td><\/tr><tr><td>O20<\/td><td>Eisenbahnhandbuch \u00d6sterreich<\/td><td>Ludger Kenning<\/td><td>Kenning<\/td><td>1992<\/td><\/tr><tr><td>O21<\/td><td>Als die Adria \u00d6sterreichisch war<\/td><td>Horst F. Mayer\/Dieter Winkler<\/td><td>Editions S Verlag \u00d6sterreich<\/td><td>1987<\/td><\/tr><tr><td>O22<\/td><td>Eisenbahn-Jahrbuch der \u00d6sterr.-Ungar. Monarchie<\/td><td>Ignaz Kohn<\/td><td>Lehmann &amp; Wenzel<\/td><td>1876<\/td><\/tr><tr><td>O23<\/td><td>150 Jahre Eisenbahn in \u00d6sterreich<\/td><td>Ulrich Schefold<\/td><td>S\u00fcdwest Verlag M\u00fcnchen<\/td><td>1986<\/td><\/tr><tr><td>O24<\/td><td>Bewegung und Beharrung<\/td><td>Georg Schmid\/Hans Lindenbaum\/Peter Staudacher<\/td><td>B\u00f6hlau<\/td><td>1994<\/td><\/tr><tr><td>O25<\/td><td>Die Werksbahn der V\u00d6ST ALPINE Stahl Linz GmbH<\/td><td>Christian Hager\/Markus Rieger<\/td><td>Kenning<\/td><td>1995<\/td><\/tr><tr><td>O26<\/td><td>Mit Rad und Bahn durch \u00d6sterreich<\/td><td>G\u00fcnter u. Luise Auferbauer<\/td><td>Styria<\/td><td>1991<\/td><\/tr><tr><td>O27<\/td><td>Die \u00d6BB heute\/Eisenbahn zw. Burgenland u. Bodensee<\/td><td>Georg Wagner<\/td><td>Franckh`sche Verlagshandl.<\/td><td>1984<\/td><\/tr><tr><td>O28<\/td><td>Ein Spiegelbild \u00d6sterreichischen Wiederaufstieges<\/td><td>\u00d6sterr. Verkehrswerbung\/\u00d6BB<\/td><td>DI Rudolf Bohmann<\/td><td><\/td><\/tr><tr><td>O29<\/td><td>Wechselstrom Lokomotiven in A+D Band 1 1910-1952<\/td><td>Johann Stockklausner<\/td><td>Josef Otto Slezak<\/td><td>1983<\/td><\/tr><tr><td>O30<\/td><td>Ein Verkehrsweg erschlie\u00dft die Alpen K\u00e4rntner u. Pustertalbahn<\/td><td>Dietmar Rauter\/Herwig Rainer<\/td><td>der wolf verlag<\/td><td>2004<\/td><\/tr><tr><td>O31<\/td><td>Ein Verkehrsweg erschlie\u00dft die Alpen Kronprinz Rudolfbahn<\/td><td>Dietmar Rauter\/Herwig Rainer<\/td><td>Mlakar<\/td><td>1992<\/td><\/tr><tr><td>O32<\/td><td>Wiener Bahnh\u00f6fe<\/td><td>Richard Heinersdorff<\/td><td>Album Verlag<\/td><td>1997<\/td><\/tr><tr><td>O33<\/td><td>Bahnh\u00f6fe in \u00d6sterreich<\/td><td>Mih\u00e0ly Kubinszky<\/td><td>Josef Otto Slezak<\/td><td>1986<\/td><\/tr><tr><td>O34<\/td><td>Vom Dampfross zur E-Lok<\/td><td>Alfred Niel<\/td><td>Styria<\/td><td>1987<\/td><\/tr><tr><td>O35<\/td><td>Aphorismen \u00fcber die Eisenbahnen \u00d6sterreichs<\/td><td>Nachdruck\/Peter Pospischil<\/td><td><\/td><td><\/td><\/tr><tr><td>O36<\/td><td>Im Zug der Zeit\/Kaiser Ferdinand Nordbahn<\/td><td>Manfred Tuschl\/Csaba Sz\u00e8kely<\/td><td>Bundesverlag<\/td><td>1986<\/td><\/tr><tr><td>O37<\/td><td>Wunderbar wanderbar mit der Bahn<\/td><td>Alfred K\u00f6lbel<\/td><td>Echo Verlag<\/td><td>1999<\/td><\/tr><tr><td>O38<\/td><td>70 Jahre Gewerkschaft der Eisenbahner<\/td><td>Gew. Der Eisenbahner\/Ernst Ulbrich<\/td><td>Dr. Ludwig Polsterer<\/td><td>1962<\/td><\/tr><tr><td>O39<\/td><td>80 Jahre Gewerkschaft der Eisenbahner<\/td><td>\u00d6GB<\/td><td>\u00d6GB<\/td><td>1972<\/td><\/tr><tr><td>O40<\/td><td>Bahnen in \u00d6sterreich 2000<\/td><td>Ludger Kenning<\/td><td>Kenning<\/td><td>2000<\/td><\/tr><tr><td>O41<\/td><td>Auf Schienen durch das alte \u00d6sterreich<\/td><td>Johannes Sachslehner<\/td><td>Pichler Verlag<\/td><td>2001<\/td><\/tr><tr><td>O42<\/td><td>H\u00f6chste Eisenbahn &#8211; Wohin fahren die \u00d6BB?<\/td><td>Helmut Koch\/Hans Lindenbaum<\/td><td>Verl. F. Gesellschaftskritik<\/td><td>1987<\/td><\/tr><tr><td>O43<\/td><td>BahnBuch<\/td><td>\u00d6BB<\/td><td><\/td><td>2004<\/td><\/tr><tr><td>O44<\/td><td>Wei\u00dfe Kohle f\u00fcr \u00d6sterreichs Bahnen<\/td><td>Heinrich G. Kraus<\/td><td>Pospischil<\/td><td>1992<\/td><\/tr><tr><td>O45<\/td><td>Wie von Zauberkraft gezogen\u2026Alt\u00f6sterr. Elektr. Bahnen<\/td><td>Heinrich G. Kraus<\/td><td>Carinthia<\/td><td>1992<\/td><\/tr><tr><td>O46<\/td><td>175 Jahre Eisenbahn f\u00fcr \u00d6sterreich<\/td><td>Wulf Schelbaum<\/td><td>Ferrytells<\/td><td>2012<\/td><\/tr><tr><td>O47<\/td><td>Die S\u00fcdbahn und ihre Vorl\u00e4ufer<\/td><td>Herbert Dietrich<\/td><td>Bohmann<\/td><td>1994<\/td><\/tr><tr><td>O48<\/td><td>Alt-\u00d6sterreichische Eisenbahnen<\/td><td>Richard Heinersdorff<\/td><td>Album Verlag<\/td><td>2001<\/td><\/tr><tr><td>O49<\/td><td>Die Kaiserlich-K\u00f6niglichen Eisenbahnen \u00d6sterreichs 1860-1914<\/td><td>Richard Heinersdorff<\/td><td>Bechterm\u00fcnz<\/td><td>1997<\/td><\/tr><tr><td>O50<\/td><td>Mit der Eisenbahn durch \u00d6sterreich<\/td><td>Othmar Pruckner<\/td><td>Falter Verlag<\/td><td>1992<\/td><\/tr><tr><td>O51<\/td><td>75 Jahre elektrische Eisenbahnen in \u00d6sterreich\/ Heft 1<\/td><td>DI Dr. Alexander Koci<\/td><td>\u00d6BB<\/td><td>1955<\/td><\/tr><tr><td>O52<\/td><td>F\u00fcr dich und unsere Bahn\/12. Gewerkschaftstag 1979-1982<\/td><td>\u00d6BB<\/td><td>\u00d6BB<\/td><td><\/td><\/tr><tr><td>O53<\/td><td>\u00d6sterreich mit dem Zug erleben<\/td><td>Inderst\/Gohl\/Sch\u00f6nborn<\/td><td>Germond<\/td><td>2000<\/td><\/tr><tr><td>O54<\/td><td>Wanderbares \u00d6sterreich. Die Bahn bringt Sie hin.<\/td><td>\u00d6sterr. Fremdenverkehrswerbung<\/td><td>\u00d6BB<\/td><td><\/td><\/tr><tr><td>O55<\/td><td>6. Gewerkschaftstag der Eisenbahner\/Protokoll<\/td><td>\u00d6BB<\/td><td>\u00d6BB<\/td><td>1962<\/td><\/tr><tr><td>O56<\/td><td>Die \u00d6sterr. Bundesbahnen<\/td><td>Georg Wagner<\/td><td>Weltbild<\/td><td>1990<\/td><\/tr><tr><td>O57<\/td><td>50 Jahre Diesellokomotiven<\/td><td>Stockklausner<\/td><td>Birkh\u00e4user<\/td><td>1963<\/td><\/tr><tr><td>O58<\/td><td>Die 1161.020-1\/Fotobuch<\/td><td>Lohreth\/Mareich\/Stanzel<\/td><td>Eigenverlag<\/td><td>2018<\/td><\/tr><tr><td>O59<\/td><td>1020.018\/Fotobuch<\/td><td>Gerfried Moll<\/td><td>Eigenverlag<\/td><td>2008<\/td><\/tr><tr><td>O60<\/td><td>Motortriebwagen in \u00d6sterreich<\/td><td>Alfred Horn<\/td><td>Bohmann<\/td><td>1984<\/td><\/tr><tr><td>O61<\/td><td>Elektrische Triebfahrzeuge<\/td><td>DI Richard Rotter\/\u00d6BB<\/td><td>Eigenverlag<\/td><td>1980<\/td><\/tr><tr><td>O62<\/td><td>Dampfbetrieb in Alt-\u00d6sterreich 1837-1918<\/td><td>Johann Stockklausner<\/td><td>Slezak<\/td><td>1979<\/td><\/tr><tr><td>O63<\/td><td>Die S\u00fcdbahn und ihre Verkehrsgebiete<\/td><td>K.u.k.priv.S\u00fcdbahn-Gesellschaft<\/td><td><\/td><td><\/td><\/tr><tr><td>1O1<\/td><td>Geschichte der Eisenbahnen der \u00f6sterr.\/ungar. Monarchie Band I<\/td><td>Hermann Strach\/Reprint<\/td><td>Archiv Verlag Wien<\/td><td>2001<\/td><\/tr><tr><td>1O2<\/td><td>Geschichte der Eisenbahnen der \u00f6sterr.\/ungar. Monarchie Band II<\/td><td><\/td><td><\/td><td><\/td><\/tr><tr><td>1O3<\/td><td>Geschichte der Eisenbahnen der \u00f6sterr.\/ungar. Monarchie Band III<\/td><td><\/td><td><\/td><td><\/td><\/tr><tr><td>104<\/td><td>Geschichte der Eisenbahnen der \u00f6sterr.\/ungar. Monarchie Band IV<\/td><td><\/td><td><\/td><td><\/td><\/tr><tr><td>105<\/td><td>Geschichte der Eisenbahnen der \u00f6sterr.\/ungar. Monarchie Band V<\/td><td><\/td><td><\/td><td><\/td><\/tr><tr><td>106<\/td><td>Geschichte der Eisenbahnen der \u00f6sterr.\/ungar. Monarchie Band VI<\/td><td><\/td><td><\/td><td><\/td><\/tr><tr><td>107<\/td><td>Geschichte der Eisenbahnen der \u00f6sterr.\/ungar. Monarchie Band VII<\/td><td><\/td><td><\/td><td><\/td><\/tr><tr><td>108<\/td><td>Geschichte der Eisenbahnen der \u00f6sterr.\/ungar. Monarchie Band VIII<\/td><td><\/td><td><\/td><td><\/td><\/tr><tr><td>109<\/td><td>Geschichte der Eisenbahnen der \u00f6sterr.\/ungar. Monarchie Band IX<\/td><td><\/td><td><\/td><td><\/td><\/tr><tr><td>110<\/td><td>Geschichte der Eisenbahnen der \u00f6sterr.\/ungar. Monarchie Band X<\/td><td><\/td><td><\/td><td><\/td><\/tr><tr><td>111<\/td><td>Geschichte der Eisenbahnen der \u00f6sterr.\/ungar. Monarchie Band XI<\/td><td><\/td><td><\/td><td><\/td><\/tr><tr><td>112<\/td><td>Geschichte der Eisenbahnen der \u00f6sterr.\/ungar. Monarchie Band XII<\/td><td><\/td><td><\/td><td><\/td><\/tr><tr><td>113<\/td><td>Geschichte der Eisenbahnen der \u00f6sterr.\/ungar. Monarchie Band XIII<\/td><td><\/td><td><\/td><td><\/td><\/tr><tr><td>114<\/td><td>Geschichte der Eisenbahnen der \u00f6sterr.\/ungar. Monarchie Band XIV<\/td><td><\/td><td><\/td><td><\/td><\/tr><tr><td>115<\/td><td>Geschichte der Eisenbahnen der \u00f6sterr.\/ungar. Monarchie Band XV<\/td><td><\/td><td><\/td><td><\/td><\/tr><tr><td>116<\/td><td>Geschichte der Eisenbahnen der \u00f6sterr.\/ungar. Monarchie Band XVI<\/td><td><\/td><td><\/td><td><\/td><\/tr><tr><td>117<\/td><td>Geschichte der Eisenbahnen der \u00f6sterr.\/ungar. Monarchie Band XVII<\/td><td><\/td><td><\/td><td><\/td><\/tr><tr><td>118<\/td><td>Geschichte der Eisenbahnen der \u00f6sterr.\/ungar. Monarchie Band XVIII<\/td><td><\/td><td><\/td><td><\/td><\/tr><tr><td>119<\/td><td>Geschichte der Eisenbahnen der \u00f6sterr.\/ungar. Monarchie Band XIX<\/td><td><\/td><td><\/td><td><\/td><\/tr><tr><td>120<\/td><td>Geschichte der Eisenbahnen der \u00f6sterr.\/ungar. Monarchie Band XX<\/td><td><\/td><td><\/td><td><\/td><\/tr><\/tbody><\/table><\/figure>\n","protected":false},"excerpt":{"rendered":"<p>OO1 Die Eisenbahnen in \u00d6sterreich Redaktion Alfred Horn u. Friedrich Rollinger Bohmann 1986 OO2 Die K.u.K priv. Eisenbahnen 1828-1918 Richard Heinersdorff Fritz Molden 1975 OO3 Georg Sigl und seine Gasse in Wien-Alsergrund Dietmar H\u00fcbsch Bezirksmuseum Alsergrund 2007 OO4 Das Buch der Bahn \u00d6BB D&amp;R Verlag 1987 OO5 Das 2. Buch der Bahn \u00d6BB 1985 OO6 [&hellip;]<\/p>\n","protected":false},"author":2,"featured_media":0,"parent":0,"menu_order":0,"comment_status":"closed","ping_status":"closed","template":"","meta":{"footnotes":""},"class_list":["post-2697","page","type-page","status-publish","hentry"],"yoast_head":"<!-- This site is optimized with the Yoast SEO plugin v27.4 - https:\/\/yoast.com\/product\/yoast-seo-wordpress\/ -->\n<title>Eisenbahngeschichte \u00d6sterreich - EBFL<\/title>\n<meta name=\"robots\" content=\"index, follow, max-snippet:-1, max-image-preview:large, max-video-preview:-1\" \/>\n<link rel=\"canonical\" href=\"https:\/\/ebfl.at\/index.php\/eisenbahngeschichte-oesterreich\/\" \/>\n<meta property=\"og:locale\" content=\"de_DE\" \/>\n<meta property=\"og:type\" content=\"article\" \/>\n<meta property=\"og:title\" content=\"Eisenbahngeschichte \u00d6sterreich - EBFL\" \/>\n<meta property=\"og:description\" content=\"OO1 Die Eisenbahnen in \u00d6sterreich Redaktion Alfred Horn u. Friedrich Rollinger Bohmann 1986 OO2 Die K.u.K priv. Eisenbahnen 1828-1918 Richard Heinersdorff Fritz Molden 1975 OO3 Georg Sigl und seine Gasse in Wien-Alsergrund Dietmar H\u00fcbsch Bezirksmuseum Alsergrund 2007 OO4 Das Buch der Bahn \u00d6BB D&amp;R Verlag 1987 OO5 Das 2. Buch der Bahn \u00d6BB 1985 OO6 [&hellip;]\" \/>\n<meta property=\"og:url\" content=\"https:\/\/ebfl.at\/index.php\/eisenbahngeschichte-oesterreich\/\" \/>\n<meta property=\"og:site_name\" content=\"EBFL\" \/>\n<meta property=\"article:publisher\" content=\"https:\/\/www.facebook.com\/pages\/category\/History-Museum\/EBFLat-301838060596265\/\" \/>\n<meta property=\"article:modified_time\" content=\"2021-05-04T16:47:56+00:00\" \/>\n<meta name=\"twitter:card\" content=\"summary_large_image\" \/>\n<meta name=\"twitter:label1\" content=\"Gesch\u00e4tzte Lesezeit\" \/>\n\t<meta name=\"twitter:data1\" content=\"4\u00a0Minuten\" \/>\n<script type=\"application\/ld+json\" class=\"yoast-schema-graph\">{\"@context\":\"https:\\\/\\\/schema.org\",\"@graph\":[{\"@type\":\"WebPage\",\"@id\":\"https:\\\/\\\/ebfl.at\\\/index.php\\\/eisenbahngeschichte-oesterreich\\\/\",\"url\":\"https:\\\/\\\/ebfl.at\\\/index.php\\\/eisenbahngeschichte-oesterreich\\\/\",\"name\":\"Eisenbahngeschichte \u00d6sterreich - EBFL\",\"isPartOf\":{\"@id\":\"https:\\\/\\\/ebfl.at\\\/#website\"},\"datePublished\":\"2021-05-04T16:47:55+00:00\",\"dateModified\":\"2021-05-04T16:47:56+00:00\",\"breadcrumb\":{\"@id\":\"https:\\\/\\\/ebfl.at\\\/index.php\\\/eisenbahngeschichte-oesterreich\\\/#breadcrumb\"},\"inLanguage\":\"de\",\"potentialAction\":[{\"@type\":\"ReadAction\",\"target\":[\"https:\\\/\\\/ebfl.at\\\/index.php\\\/eisenbahngeschichte-oesterreich\\\/\"]}]},{\"@type\":\"BreadcrumbList\",\"@id\":\"https:\\\/\\\/ebfl.at\\\/index.php\\\/eisenbahngeschichte-oesterreich\\\/#breadcrumb\",\"itemListElement\":[{\"@type\":\"ListItem\",\"position\":1,\"name\":\"Startseite\",\"item\":\"https:\\\/\\\/ebfl.at\\\/\"},{\"@type\":\"ListItem\",\"position\":2,\"name\":\"Eisenbahngeschichte \u00d6sterreich\"}]},{\"@type\":\"WebSite\",\"@id\":\"https:\\\/\\\/ebfl.at\\\/#website\",\"url\":\"https:\\\/\\\/ebfl.at\\\/\",\"name\":\"EBFL Eisenbahnfreunde Lienz\",\"description\":\"Verein der Eisenbahnfreunde in Lienz\",\"publisher\":{\"@id\":\"https:\\\/\\\/ebfl.at\\\/#organization\"},\"potentialAction\":[{\"@type\":\"SearchAction\",\"target\":{\"@type\":\"EntryPoint\",\"urlTemplate\":\"https:\\\/\\\/ebfl.at\\\/?s={search_term_string}\"},\"query-input\":{\"@type\":\"PropertyValueSpecification\",\"valueRequired\":true,\"valueName\":\"search_term_string\"}}],\"inLanguage\":\"de\"},{\"@type\":\"Organization\",\"@id\":\"https:\\\/\\\/ebfl.at\\\/#organization\",\"name\":\"EBFL - Eisenbahnfreunde Lienz\",\"url\":\"https:\\\/\\\/ebfl.at\\\/\",\"logo\":{\"@type\":\"ImageObject\",\"inLanguage\":\"de\",\"@id\":\"https:\\\/\\\/ebfl.at\\\/#\\\/schema\\\/logo\\\/image\\\/\",\"url\":\"https:\\\/\\\/ebfl.at\\\/wp-content\\\/uploads\\\/2019\\\/01\\\/Eisenbahnfreunde-Lienz.jpg\",\"contentUrl\":\"https:\\\/\\\/ebfl.at\\\/wp-content\\\/uploads\\\/2019\\\/01\\\/Eisenbahnfreunde-Lienz.jpg\",\"width\":1087,\"height\":480,\"caption\":\"EBFL - Eisenbahnfreunde Lienz\"},\"image\":{\"@id\":\"https:\\\/\\\/ebfl.at\\\/#\\\/schema\\\/logo\\\/image\\\/\"},\"sameAs\":[\"https:\\\/\\\/www.facebook.com\\\/pages\\\/category\\\/History-Museum\\\/EBFLat-301838060596265\\\/\"]}]}<\/script>\n<!-- \/ Yoast SEO plugin. -->","yoast_head_json":{"title":"Eisenbahngeschichte \u00d6sterreich - EBFL","robots":{"index":"index","follow":"follow","max-snippet":"max-snippet:-1","max-image-preview":"max-image-preview:large","max-video-preview":"max-video-preview:-1"},"canonical":"https:\/\/ebfl.at\/index.php\/eisenbahngeschichte-oesterreich\/","og_locale":"de_DE","og_type":"article","og_title":"Eisenbahngeschichte \u00d6sterreich - EBFL","og_description":"OO1 Die Eisenbahnen in \u00d6sterreich Redaktion Alfred Horn u. Friedrich Rollinger Bohmann 1986 OO2 Die K.u.K priv. Eisenbahnen 1828-1918 Richard Heinersdorff Fritz Molden 1975 OO3 Georg Sigl und seine Gasse in Wien-Alsergrund Dietmar H\u00fcbsch Bezirksmuseum Alsergrund 2007 OO4 Das Buch der Bahn \u00d6BB D&amp;R Verlag 1987 OO5 Das 2. Buch der Bahn \u00d6BB 1985 OO6 [&hellip;]","og_url":"https:\/\/ebfl.at\/index.php\/eisenbahngeschichte-oesterreich\/","og_site_name":"EBFL","article_publisher":"https:\/\/www.facebook.com\/pages\/category\/History-Museum\/EBFLat-301838060596265\/","article_modified_time":"2021-05-04T16:47:56+00:00","twitter_card":"summary_large_image","twitter_misc":{"Gesch\u00e4tzte Lesezeit":"4\u00a0Minuten"},"schema":{"@context":"https:\/\/schema.org","@graph":[{"@type":"WebPage","@id":"https:\/\/ebfl.at\/index.php\/eisenbahngeschichte-oesterreich\/","url":"https:\/\/ebfl.at\/index.php\/eisenbahngeschichte-oesterreich\/","name":"Eisenbahngeschichte \u00d6sterreich - EBFL","isPartOf":{"@id":"https:\/\/ebfl.at\/#website"},"datePublished":"2021-05-04T16:47:55+00:00","dateModified":"2021-05-04T16:47:56+00:00","breadcrumb":{"@id":"https:\/\/ebfl.at\/index.php\/eisenbahngeschichte-oesterreich\/#breadcrumb"},"inLanguage":"de","potentialAction":[{"@type":"ReadAction","target":["https:\/\/ebfl.at\/index.php\/eisenbahngeschichte-oesterreich\/"]}]},{"@type":"BreadcrumbList","@id":"https:\/\/ebfl.at\/index.php\/eisenbahngeschichte-oesterreich\/#breadcrumb","itemListElement":[{"@type":"ListItem","position":1,"name":"Startseite","item":"https:\/\/ebfl.at\/"},{"@type":"ListItem","position":2,"name":"Eisenbahngeschichte \u00d6sterreich"}]},{"@type":"WebSite","@id":"https:\/\/ebfl.at\/#website","url":"https:\/\/ebfl.at\/","name":"EBFL Eisenbahnfreunde Lienz","description":"Verein der Eisenbahnfreunde in Lienz","publisher":{"@id":"https:\/\/ebfl.at\/#organization"},"potentialAction":[{"@type":"SearchAction","target":{"@type":"EntryPoint","urlTemplate":"https:\/\/ebfl.at\/?s={search_term_string}"},"query-input":{"@type":"PropertyValueSpecification","valueRequired":true,"valueName":"search_term_string"}}],"inLanguage":"de"},{"@type":"Organization","@id":"https:\/\/ebfl.at\/#organization","name":"EBFL - Eisenbahnfreunde Lienz","url":"https:\/\/ebfl.at\/","logo":{"@type":"ImageObject","inLanguage":"de","@id":"https:\/\/ebfl.at\/#\/schema\/logo\/image\/","url":"https:\/\/ebfl.at\/wp-content\/uploads\/2019\/01\/Eisenbahnfreunde-Lienz.jpg","contentUrl":"https:\/\/ebfl.at\/wp-content\/uploads\/2019\/01\/Eisenbahnfreunde-Lienz.jpg","width":1087,"height":480,"caption":"EBFL - Eisenbahnfreunde Lienz"},"image":{"@id":"https:\/\/ebfl.at\/#\/schema\/logo\/image\/"},"sameAs":["https:\/\/www.facebook.com\/pages\/category\/History-Museum\/EBFLat-301838060596265\/"]}]}},"_links":{"self":[{"href":"https:\/\/ebfl.at\/index.php\/wp-json\/wp\/v2\/pages\/2697","targetHints":{"allow":["GET"]}}],"collection":[{"href":"https:\/\/ebfl.at\/index.php\/wp-json\/wp\/v2\/pages"}],"about":[{"href":"https:\/\/ebfl.at\/index.php\/wp-json\/wp\/v2\/types\/page"}],"author":[{"embeddable":true,"href":"https:\/\/ebfl.at\/index.php\/wp-json\/wp\/v2\/users\/2"}],"replies":[{"embeddable":true,"href":"https:\/\/ebfl.at\/index.php\/wp-json\/wp\/v2\/comments?post=2697"}],"version-history":[{"count":2,"href":"https:\/\/ebfl.at\/index.php\/wp-json\/wp\/v2\/pages\/2697\/revisions"}],"predecessor-version":[{"id":2699,"href":"https:\/\/ebfl.at\/index.php\/wp-json\/wp\/v2\/pages\/2697\/revisions\/2699"}],"wp:attachment":[{"href":"https:\/\/ebfl.at\/index.php\/wp-json\/wp\/v2\/media?parent=2697"}],"curies":[{"name":"wp","href":"https:\/\/api.w.org\/{rel}","templated":true}]}}