{"id":2704,"date":"2021-05-04T18:52:05","date_gmt":"2021-05-04T16:52:05","guid":{"rendered":"https:\/\/ebfl.at\/?page_id=2704"},"modified":"2021-05-04T18:52:06","modified_gmt":"2021-05-04T16:52:06","slug":"strecken-streckengeschichte","status":"publish","type":"page","link":"https:\/\/ebfl.at\/index.php\/strecken-streckengeschichte\/","title":{"rendered":"Strecken, Streckengeschichte"},"content":{"rendered":"\n<figure class=\"wp-block-table is-style-regular\"><table><tbody><tr><td><strong><\/strong><\/td><td><strong>A.3 Strecken, Streckengeschichte<\/strong><\/td><td><strong><\/strong><\/td><td><strong><\/strong><\/td><td><strong><\/strong><\/td><\/tr><tr><td>OO1<\/td><td>An der S\u00fcdbahn\/Reihe Schienen unterwegs<\/td><td>Hannes Notnagel\/Barbara Habermann<\/td><td>Sutton<\/td><td>2007<\/td><\/tr><tr><td>OO2<\/td><td>Die Eisenbahnen in S\u00fcdtirol<\/td><td>J\u00fcrgen Rosenberger\/Carlo Rosenberger<\/td><td>Athesia<\/td><td>1993<\/td><\/tr><tr><td>OO3<\/td><td>Meran-Vinschgaubahn\/Geuters F\u00fchrer<\/td><td><\/td><td>Geuters Reisef\u00fchrerverlag Leip.<\/td><td>1911<\/td><\/tr><tr><td>OO4<\/td><td>Auf den \u00f6sterr. Alpenbahnen\/Illustrierter F\u00fchrer<\/td><td>Waldheim<\/td><td>Waldheim<\/td><td>1887<\/td><\/tr><tr><td>OO5<\/td><td>150 Jahre Eisenbahn in Tirol<\/td><td>G\u00fcnther Denot<\/td><td>Sutton<\/td><td>2008<\/td><\/tr><tr><td>OO6<\/td><td>Die \u00dcberschienung der Alpen<\/td><td>Schweiger\/Lerchenfeld<\/td><td>transpress<\/td><td>1983<\/td><\/tr><tr><td>OO7<\/td><td>Auf den Spuren von Franz Kraus\/Tirol 1959-1963<\/td><td>Josef Pospichal\/Johann Blieberger<\/td><td>Bahnmedien<\/td><td>2016<\/td><\/tr><tr><td>OO8<\/td><td>Die Bahn im Pustertal<\/td><td>Francesco Pozzato<\/td><td>Athesia<\/td><td>1990<\/td><\/tr><tr><td>OO9<\/td><td>Die Pustertalbahn<\/td><td>Francesco Pozzato<\/td><td>Bufe.Fachbuchverlag<\/td><td>1985<\/td><\/tr><tr><td>O10<\/td><td>Die Pustertalbahn<\/td><td>Francesco Pozzato<\/td><td>Eigenverlag<\/td><td>1971<\/td><\/tr><tr><td>O11<\/td><td>Lokalbahnromantik im s\u00fcdlichen Tirol<\/td><td>G\u00fcnther Denot<\/td><td>Sutton<\/td><td>2014<\/td><\/tr><tr><td>O12<\/td><td>100 Jahre Brennerbahn 1867-1967\/Festschrift \u00d6BB<\/td><td>A.Sollath\/G.St\u00f6bich\/W.Stratowa<\/td><td>Tiroler Nachrichten<\/td><td>1967<\/td><\/tr><tr><td>O13<\/td><td>Die Brennerbahn\/Brennertunnel u. Flachbahnprojekte<\/td><td>Dr. J. Dultinger<\/td><td>Dr. Rudolf Erhard, Rum<\/td><td>1980<\/td><\/tr><tr><td>O14<\/td><td>Brenner-Pass\/Bauten-Glossar<\/td><td>Dr. Wittfrida Mitterer<\/td><td>Athesia<\/td><td>2005<\/td><\/tr><tr><td>O15<\/td><td>Schienentransit Brenner\/Kufstein-Bozen<\/td><td>Helmut Petrovitsch<\/td><td>alba<\/td><td>2008<\/td><\/tr><tr><td>O16<\/td><td>Die Brennerbahn \/Band I<\/td><td>Dr. J. Dultinger<\/td><td>Wort u nd Welt Verlag, Thaur<\/td><td>1989<\/td><\/tr><tr><td>O17<\/td><td>Die Brennerbahn\/Band II<\/td><td>Dr. J. Dultinger<\/td><td>Wort u nd Welt Verlag, Thaur<\/td><td>1989<\/td><\/tr><tr><td>O18<\/td><td>Panorama f\u00fcr die Fahrt von Lienz nach Franzensfeste<\/td><td>K.K. Priv. S\u00fcdbahn-Gesellschaft<\/td><td>Eigenverlag<\/td><td>1989<\/td><\/tr><tr><td>O19<\/td><td>125 Jahre K.K. Nordtiroler Staatseisenbahn<\/td><td>Dr. J. Dultinger<\/td><td>Dr. Rudolf Erhard, Rum<\/td><td>1983<\/td><\/tr><tr><td>O20<\/td><td>Eisenbahnen in Tirol\/Vorgeschichte, Bahnbau, Betrieb<\/td><td>Helmut K. Mi\u00dfbach<\/td><td>Motorbuch, Stuttgart<\/td><td>1979<\/td><\/tr><tr><td>O21<\/td><td>Arlbergbahn 1884-1984<\/td><td>\u00d6BB Innsbruck<\/td><td>\u00d6BB Innsbruck<\/td><td>1984<\/td><\/tr><tr><td>O22<\/td><td>125 Jahre Arlbergbahn<\/td><td>Christof Th\u00f6ny\/G\u00fcnter Denot<\/td><td>Sutton<\/td><td>2009<\/td><\/tr><tr><td>O23<\/td><td>Jenbach-Achensee<\/td><td>Armbruster\/Pawlik<\/td><td>Slezak<\/td><td>1993<\/td><\/tr><tr><td>O24<\/td><td>Tirol Atlas\/Begleittexte XIV<\/td><td>Wilfried Keller<\/td><td>Universit\u00e4tsverlag Wagner<\/td><td>1999<\/td><\/tr><tr><td>O25<\/td><td>Die Stubaitalbahn\/Bahn im Bild Band 19<\/td><td>Pospischil<\/td><td>Pospischil<\/td><td>1981<\/td><\/tr><tr><td>O26<\/td><td>Mittenwaldbahn\/Innsbruck-Garmisch-Partenkirchen<\/td><td>Wolfgang Krutiak<\/td><td>Slezak<\/td><td>1976<\/td><\/tr><tr><td>O27<\/td><td>Au\u00dferfernbahn\/Kempten-Reutte-Garmisch-Partenkirchen<\/td><td>Siegfried Bufe<\/td><td>Bufe.Fachbuchverlag<\/td><td>1988<\/td><\/tr><tr><td>O28<\/td><td>Das Gurktal und seine Bahn<\/td><td>Alfred Niel<\/td><td>Carinthia<\/td><td>1964<\/td><\/tr><tr><td>O29<\/td><td>Illustrierter F\u00fchrer\/Linz-Salzburg\/Heft 3<\/td><td>Julius Meurer<\/td><td>Steyrerm\u00fchl<\/td><td><\/td><\/tr><tr><td>O30<\/td><td>Illustrierter F\u00fchrer\/Bregenz-Innsbruck\/Heft 6<\/td><td>Julius Meurer<\/td><td>Steyrerm\u00fchl<\/td><td><\/td><\/tr><tr><td>O31<\/td><td>Der Lungau und seine Bahn<\/td><td>Alfred Niel<\/td><td>Taurachbahn GmbH<\/td><td>1989<\/td><\/tr><tr><td>O32<\/td><td>100 Jahre Lavanttalbahn\/Wolfsberg-Lavam\u00fcnd 1879-1979<\/td><td>Mag. Horst Knely<\/td><td>Festkomite<\/td><td>1979<\/td><\/tr><tr><td>O33<\/td><td>Eine Bahn im Rhythmus der Zeit\/Bregenzerwald-Museumsbahn<\/td><td>Lothar Beer<\/td><td>Hecht Verlag<\/td><td>2007<\/td><\/tr><tr><td>O34<\/td><td>W\u00e4lderb\u00e4hnle Aktuell 40<\/td><td>Verein Bregenzerwaldbahn<\/td><td>Eigenverlag<\/td><td>2016<\/td><\/tr><tr><td>O35<\/td><td>Die Bregenzerwaldbahn<\/td><td>Markus Rabanser\/Martin Hebenstreit<\/td><td>Hecht Verlag<\/td><td>1989<\/td><\/tr><tr><td>O36<\/td><td>Die EBDL-Elektr. Bahn Dornbirn-Lustenau 1902-1938<\/td><td>Hansgeorg Brix<\/td><td>Heyn<\/td><td>1988<\/td><\/tr><tr><td>O37<\/td><td>Die Tauernbahn<\/td><td>Christoph Posch\/Mario Wiesner<\/td><td>Sutton<\/td><td>2011<\/td><\/tr><tr><td>O38<\/td><td>Die Tauernbahn<\/td><td>Wilhelm Tausche<\/td><td>Bufe.Fachbuchverlag<\/td><td>1986<\/td><\/tr><tr><td>O39<\/td><td>Steyertalbahn-Erzbergbahn-Waldviertler<\/td><td>Jean Michael Hartmann<\/td><td>Franckh<\/td><td>1980<\/td><\/tr><tr><td>O40<\/td><td>Alpenbahnen in \u00d6sterreich<\/td><td>Heinersdorff\/Marti<\/td><td>Orell F\u00fcssli<\/td><td>1980<\/td><\/tr><tr><td>O41<\/td><td>Wien &#8211; Triest<\/td><td>L\u00f6ffler\/Gansrigler\/Posch<\/td><td>Styria<\/td><td>2008<\/td><\/tr><tr><td>O42<\/td><td>Die GySEV<\/td><td>Hans Sternhart<\/td><td>Slezak<\/td><td>1966<\/td><\/tr><tr><td>O43<\/td><td>Wiener Eisenbahnvergn\u00fcgen<\/td><td>Alfred Niel<\/td><td>Jugend&amp;Volk M\u00fcnchen<\/td><td>1982<\/td><\/tr><tr><td>O44<\/td><td>Die Geschichte der Wiener Bergbahnen<\/td><td>Martin Fuchs<\/td><td>MF-Verlag<\/td><td>2002<\/td><\/tr><tr><td>O45<\/td><td>Unvergessene Kahlenbergbahn<\/td><td>Hans Peter Pawlik<\/td><td>Slezak<\/td><td>2001<\/td><\/tr><tr><td>O46<\/td><td>Die Badner Bahn heute<\/td><td>Wiener Lokalbahnen<\/td><td>Eigenverlag<\/td><td>1985<\/td><\/tr><tr><td>O47<\/td><td>100 Jahre Landesbahn\/Korneuburg-G\u00e4nserndorf<\/td><td>Verein Neue Landesbahn<\/td><td>Eigenverlag<\/td><td>2006<\/td><\/tr><tr><td>O48<\/td><td>Vom Schiffskanal zur Eisenbahn<\/td><td>Slezak<\/td><td>Slezak<\/td><td>1989<\/td><\/tr><tr><td>O49<\/td><td>Kanalnostalgie\/Aspangbahn<\/td><td>Slezak<\/td><td>Slezak<\/td><td>1990<\/td><\/tr><tr><td>O50<\/td><td>Museumseisenbahn Payerbach-Hirschwang<\/td><td>Werner Schiendl\/Hans Strobl<\/td><td>\u00d6GLB<\/td><td>1986<\/td><\/tr><tr><td>O51<\/td><td>Die elektr. Bahn Wien &#8211; Pressburg<\/td><td>Festkomitee<\/td><td>Eigenverlag<\/td><td>1989<\/td><\/tr><tr><td>O52<\/td><td>Der Aspangbahnhof<\/td><td>Gerhard Kletter<\/td><td>Sutton<\/td><td>2006<\/td><\/tr><tr><td>O53<\/td><td>Lebensader Erlauftalbahn<\/td><td>Irene M. Wei\u00df<\/td><td>Eigenverlag<\/td><td>2007<\/td><\/tr><tr><td>O54<\/td><td>Illustrierte Eisenbahnlet\u00fcre<\/td><td>Alfred Niel<\/td><td>N\u00d6 Pressehaus<\/td><td>1979<\/td><\/tr><tr><td>O55<\/td><td>M\u00f6dling &#8211; Laxenburg<\/td><td>H.R. Figlhuber<\/td><td>Slezak<\/td><td>1989<\/td><\/tr><tr><td>O56<\/td><td>M\u00f6dling &#8211; Hinterbr\u00fchl<\/td><td>Hohn\/Stanfel\/Figlhuber<\/td><td>Slezak<\/td><td>1983<\/td><\/tr><tr><td>O57<\/td><td>Von Wien zur Adria\/Der Wiener Neust\u00e4dter Kanal<\/td><td>Fritz Lange<\/td><td>Sutton<\/td><td>2003<\/td><\/tr><tr><td>O58<\/td><td>Nieder\u00f6sterreichische S\u00fcdwestbahnen<\/td><td>Sternhart\/Slezak<\/td><td>Slezak<\/td><td>1977<\/td><\/tr><tr><td>O59<\/td><td>Die Nieder\u00f6sterr. Landesbahnen<\/td><td>Wolfdieter Hufnagl<\/td><td>transpress<\/td><td>2003<\/td><\/tr><tr><td>O60<\/td><td>Zug um Zug\/1x Marchfeld und retour<\/td><td>Reinhard Linke\/Hannes Schopf<\/td><td>N\u00d6 Pressehaus<\/td><td>1987<\/td><\/tr><tr><td>O61<\/td><td>Der Aspangbahnhof und die Wien-Saloniki-Bahn<\/td><td>Gerhard Kletter<\/td><td>Sutton<\/td><td>2006<\/td><\/tr><tr><td>O62<\/td><td>Die Pressburgbahn 1914-1974<\/td><td>Alfred Horn<\/td><td>Bohmann<\/td><td>1974<\/td><\/tr><tr><td>O63<\/td><td>Die Mariazellerbahn<\/td><td>Horst Felsinger<\/td><td>Pospischil<\/td><td>1971<\/td><\/tr><tr><td>O64<\/td><td>Technik der Mariazellerbahn<\/td><td>Hans Peter Pawlik<\/td><td>Slezak<\/td><td>2001<\/td><\/tr><tr><td>O65<\/td><td>Schmalspurig nach Mariazell<\/td><td>Hans Peter Pawlik<\/td><td>Slezak<\/td><td>1979<\/td><\/tr><tr><td>O66<\/td><td>Mariazellerbahn in der Landschaft<\/td><td>Hans Peter Pawlik<\/td><td>Slezak<\/td><td>2000<\/td><\/tr><tr><td>O67<\/td><td>B\u00f6hmen und M\u00e4hren<\/td><td>Slezak<\/td><td>Slezak<\/td><td>1986<\/td><\/tr><tr><td>O68<\/td><td>Verkehrsland Salzburg\/Sonderpublikation Nr. 198<\/td><td>Landespresseb\u00fcro<\/td><td>Eigenverlag<\/td><td><\/td><\/tr><tr><td>O69<\/td><td>Festungsbahn und Hohensalzburg<\/td><td>Rudolf von Freisauff<\/td><td>Eduard H\u00f6llriegl<\/td><td><\/td><\/tr><tr><td>O70<\/td><td>Die Eisenbahnen in Salzburg<\/td><td>Adalbert Mueller<\/td><td>Salzburger Druckerei<\/td><td>1976<\/td><\/tr><tr><td>O71<\/td><td>Der Lungau und seine Bahn<\/td><td>Alfred Niel<\/td><td>Taurachbahn GmbH<\/td><td>1989<\/td><\/tr><tr><td>O72<\/td><td>Von Salzburg nach Bad Ischl<\/td><td>Slezak<\/td><td>Slezak<\/td><td>1997<\/td><\/tr><tr><td>O73<\/td><td>Gaisbergbahn 1887 &#8211; 1928<\/td><td>Heinrich Harrer<\/td><td>Slezak<\/td><td>1984<\/td><\/tr><tr><td>O74<\/td><td>150 Jahre Eisenbahn im Burgenland<\/td><td>Burgenl\u00e4ndische Landesregierung<\/td><td>Eigenverlag<\/td><td>1997<\/td><\/tr><tr><td>O75<\/td><td>Semmeringbahn\/Daten-Fakten-Propaganda<\/td><td>Richard Mauterer<\/td><td>Signale<\/td><td>1990<\/td><\/tr><tr><td>O76<\/td><td>Die Semmeringbahn<\/td><td>Harald Nav\u00e8\/Alfred Luft<\/td><td>Orell F\u00fcssli<\/td><td>1985<\/td><\/tr><tr><td>O77<\/td><td>Architektur an der Semmeringbahn<\/td><td>Kubinsky\/Pawlik\/Slezak<\/td><td>Slezak<\/td><td>1992<\/td><\/tr><tr><td>O78<\/td><td>Semmeringland\/Unesco Weltkulturerbe<\/td><td>Robert Pap<\/td><td>Heimat<\/td><td>2000<\/td><\/tr><tr><td>O79<\/td><td>1 x Semmering und retour<\/td><td>Csaba Sz\u00e8kely\/Manfred Tuschel<\/td><td>\u00d6sterr. Bundesverlag<\/td><td>1985<\/td><\/tr><tr><td>O80<\/td><td>Semmering<\/td><td>Dr. Fritz Benesch<\/td><td>Kurkomission Semmering<\/td><td>1928<\/td><\/tr><tr><td>O81<\/td><td>Zur Geschichte der Wiener Neust\u00e4dter Eisenbahner<\/td><td>Karl Flanner<\/td><td>Magistrat der Stadt W.Neustadt<\/td><td><\/td><\/tr><tr><td>O82<\/td><td>Ober\u00f6sterreichs Eisenbahnen<\/td><td>Franz Aschauer<\/td><td>O.\u00d6. Landesregierung<\/td><td>1964<\/td><\/tr><tr><td>O83<\/td><td>Eisenbahn in Ober\u00f6sterreich<\/td><td>Siegfried Bufe<\/td><td>Bufe.Fachbuchverlag<\/td><td>1982<\/td><\/tr><tr><td>O84<\/td><td>Budweis-Linz-Gmunden<\/td><td>Pfeffer\/Kleinhanns<\/td><td>Slezak<\/td><td>1982<\/td><\/tr><tr><td>O85<\/td><td>Die Schienenstra\u00dfe Budweis-Gmunden<\/td><td>Karl Feiler<\/td><td>Scholle<\/td><td>1952<\/td><\/tr><tr><td>O86<\/td><td>Die M\u00fchlkreisbahn<\/td><td>Christian Hager<\/td><td>Ennsthaler<\/td><td>1988<\/td><\/tr><tr><td>O87<\/td><td>Schafbergbahn und Wolfgangseeschifffahrt<\/td><td>Christian Hager<\/td><td>\u00d6BB<\/td><td>1993<\/td><\/tr><tr><td>O88<\/td><td>Die Feistritztalbahn<\/td><td>Alfred Niel<\/td><td>Kurt Wedl<\/td><td>1970<\/td><\/tr><tr><td>O89<\/td><td>Steyrtalbahn<\/td><td>Christian Hager\/Peter Wegenstein<\/td><td>Denkmayr<\/td><td>1998<\/td><\/tr><tr><td>O90<\/td><td>Auf den P\u00f6stlingberg<\/td><td>Christian Hager<\/td><td>Denkmayr<\/td><td>1997<\/td><\/tr><tr><td>O91<\/td><td>Unsere P\u00f6stlingbergbahn<\/td><td>Christian Hager\/Robert Schrempf<\/td><td>ESG<\/td><td>1998<\/td><\/tr><tr><td>O92<\/td><td>100 Jahre Neusiedlerseebahn\/Festschrift<\/td><td>Raab-Odenburg-Ebenfurter-Eisenbahn AG<\/td><td>Eigenverlag<\/td><td>1997<\/td><\/tr><tr><td>O93<\/td><td>Stockerauer Eisenbahnchronik<\/td><td>Bezirksmuseum Stockerau<\/td><td>Eigenverlag<\/td><td>1991<\/td><\/tr><tr><td>O94<\/td><td>Pre\u00dfburgerbahn-75 Jahre in Bildern<\/td><td>Alfred Horn<\/td><td>Bohmann<\/td><td>1989<\/td><\/tr><tr><td>O95<\/td><td>Die Au\u00dferfernbahn\/zwischen Loisach und Lech<\/td><td>Denoth\/Ditterich\/Petrovitsch\/Rossberg\/Schulze\/Wagner<\/td><td>Railway-Media-Group<\/td><td>2013<\/td><\/tr><tr><td>O96<\/td><td>Mythos Ischlerbahn\/Band 1<\/td><td>Werner Schleritzko<\/td><td>Railway-Media-Group<\/td><td>2015<\/td><\/tr><tr><td>O97<\/td><td>Die Mittenwadbahn\/zwischen Martinswand u. Wetterstein<\/td><td>Denoth\/Ditterich\/Petrovitsch\/Hussl\/Schulze\/Sprenger<\/td><td>Railway-Media-Group<\/td><td>2012<\/td><\/tr><tr><td>O98<\/td><td>Reisen anno 1900<\/td><td>Stephan Vajda<\/td><td>Ueberreuter<\/td><td>1981<\/td><\/tr><tr><td>O99<\/td><td>Die elektrische Bahn Unterach-See<\/td><td>Knoll\/Mayr\/Prix<\/td><td>Heyn<\/td><td>1995<\/td><\/tr><tr><td>100<\/td><td>Der Semmering und seine Bahn<\/td><td>Dr. Alfred Niel<\/td><td>Ployer Wien<\/td><td>1960<\/td><\/tr><tr><td>101<\/td><td>Die K.K. Eisenbahnen 1860-1914<\/td><td>Seemann\/Lunzer<\/td><td>Album<\/td><td>1994<\/td><\/tr><tr><td>102<\/td><td>Die Kaiser-Ferdinands-Nordbahn\/Band 2<\/td><td>Alfred Horn<\/td><td>Bohmann<\/td><td>1971<\/td><\/tr><tr><td>103<\/td><td>125 Jahre Kaiser Franz Josef-Bahn<\/td><td>Verein Waldviertler<\/td><td>Ferdinand Berger&amp;S\u00f6hne<\/td><td>1995<\/td><\/tr><tr><td>104<\/td><td>Aus dem Reich der Schiene<\/td><td>Karl Feiler<\/td><td>Scholle Wien<\/td><td><\/td><\/tr><tr><td>105<\/td><td>Otto Wagner<\/td><td>Kalmar\/Kassal-Mikula<\/td><td>Pichler<\/td><td>2001<\/td><\/tr><tr><td>106<\/td><td>\u00d6sterreichs Staatsbahnen<\/td><td>Helmut Griebl<\/td><td>Eisenbahnkurier<\/td><td>1995<\/td><\/tr><tr><td>107<\/td><td>Die gro\u00dfen Bahnen der Alpen<\/td><td>Klaus Eckert<\/td><td>EuropaMedien<\/td><td>2012<\/td><\/tr><tr><td>108<\/td><td>Tirol Bahnen und Landschaften<\/td><td>Klaus Eckert<\/td><td>EuropaMedien<\/td><td>2008<\/td><\/tr><tr><td>109<\/td><td>Tauernbahn\/\u00d6sterr. Moderne Alpenbahn<\/td><td>Eckert\/Kowarik\/Moll<\/td><td>EuropaMedien<\/td><td>2009<\/td><\/tr><tr><td>110<\/td><td>25 Jahre Wiener Schnellbahn<\/td><td>Verkehrsverbund Ost-Region\/\u00d6BB<\/td><td><\/td><td><\/td><\/tr><tr><td>111<\/td><td>Eisenbahnbilder aus \u00d6sterreich<\/td><td>Gerfried Moll<\/td><td>Eigenverlag<\/td><td><\/td><\/tr><tr><td>112<\/td><td>Die Konzertkurve in Innsbruck<\/td><td><\/td><td>Ployer Wien<\/td><td>1957<\/td><\/tr><tr><td>113<\/td><td>Leben u. Werk gro\u00dfer Pers\u00f6nlichkeiten der \u00f6sterr.Eisenbahngeschichte<\/td><td>Josef Dultinger<\/td><td>Wort u. Welt<\/td><td>1993<\/td><\/tr><tr><td>114<\/td><td>Privatbahnen in \u00d6sterreich<\/td><td>Christopher\/Mackinger\/Wegenstein<\/td><td>transpress<\/td><td>1997<\/td><\/tr><tr><td>115<\/td><td>Reisen in \u00d6sterreich<\/td><td>\u00d6sterr. Verkehrswerbung<\/td><td><\/td><td><\/td><\/tr><tr><td>116<\/td><td>Reisen in \u00d6sterreich\/Diverse B\u00e4nde<\/td><td>\u00d6sterr. Verkehrswerbung<\/td><td><\/td><td><\/td><\/tr><tr><td>117<\/td><td>Schmalspuri durch \u00d6sterreich<\/td><td>Krobot\/Slezak\/Strnhart<\/td><td>Slezak<\/td><td>1961<\/td><\/tr><tr><td>118<\/td><td>Die Pinzgauer Lokalbahnen<\/td><td>Herbert Fritz<\/td><td>Club 760<\/td><td>1976<\/td><\/tr><tr><td>119<\/td><td>Dampflokomotiven auf der Steyertalbahn<\/td><td>Wilhelm Tausche<\/td><td>Franckh<\/td><td>1974<\/td><\/tr><tr><td>120<\/td><td>Renaissance der Schmalspurbahn in \u00d6sterreich<\/td><td>Slezak\/Sternhart<\/td><td>Slezak<\/td><td>1976<\/td><\/tr><tr><td>121<\/td><td>Waldbahnen in \u00d6sterreich<\/td><td>Manfred Hohn<\/td><td>Slezak<\/td><td>1980<\/td><\/tr><tr><td>122<\/td><td>Fr\u00fche O-Busse 1907-1938<\/td><td>Herbert W\u00f6ber<\/td><td>Eigenverlag<\/td><td>1994<\/td><\/tr><tr><td>123<\/td><td>\u00d6ROK\/Die Nebenbahnen in \u00d6sterreich\/Gutachten<\/td><td>\u00d6sterr. Raumordnungskonferenz (\u00d6ROK)<\/td><td>Eigenverlag<\/td><td>1980<\/td><\/tr><tr><td>124<\/td><td>Grand Hotel Toblach<\/td><td>Hans Heiss<\/td><td>Folio<\/td><td>1999<\/td><\/tr><tr><td>125<\/td><td>Die S\u00fcdbahn\/Ihre Kurorte und Hotels<\/td><td>Desiree Vasko-Juh\u00e0sz<\/td><td>B\u00f6hlau<\/td><td>2006<\/td><\/tr><\/tbody><\/table><\/figure>\n","protected":false},"excerpt":{"rendered":"<p>A.3 Strecken, Streckengeschichte OO1 An der S\u00fcdbahn\/Reihe Schienen unterwegs Hannes Notnagel\/Barbara Habermann Sutton 2007 OO2 Die Eisenbahnen in S\u00fcdtirol J\u00fcrgen Rosenberger\/Carlo Rosenberger Athesia 1993 OO3 Meran-Vinschgaubahn\/Geuters F\u00fchrer Geuters Reisef\u00fchrerverlag Leip. 1911 OO4 Auf den \u00f6sterr. Alpenbahnen\/Illustrierter F\u00fchrer Waldheim Waldheim 1887 OO5 150 Jahre Eisenbahn in Tirol G\u00fcnther Denot Sutton 2008 OO6 Die \u00dcberschienung der Alpen [&hellip;]<\/p>\n","protected":false},"author":2,"featured_media":0,"parent":0,"menu_order":0,"comment_status":"closed","ping_status":"closed","template":"","meta":{"footnotes":""},"class_list":["post-2704","page","type-page","status-publish","hentry"],"yoast_head":"<!-- This site is optimized with the Yoast SEO plugin v27.4 - https:\/\/yoast.com\/product\/yoast-seo-wordpress\/ -->\n<title>Strecken, Streckengeschichte - EBFL<\/title>\n<meta name=\"robots\" content=\"index, follow, max-snippet:-1, max-image-preview:large, max-video-preview:-1\" \/>\n<link rel=\"canonical\" href=\"https:\/\/ebfl.at\/index.php\/strecken-streckengeschichte\/\" \/>\n<meta property=\"og:locale\" content=\"de_DE\" \/>\n<meta property=\"og:type\" content=\"article\" \/>\n<meta property=\"og:title\" content=\"Strecken, Streckengeschichte - EBFL\" \/>\n<meta property=\"og:description\" content=\"A.3 Strecken, Streckengeschichte OO1 An der S\u00fcdbahn\/Reihe Schienen unterwegs Hannes Notnagel\/Barbara Habermann Sutton 2007 OO2 Die Eisenbahnen in S\u00fcdtirol J\u00fcrgen Rosenberger\/Carlo Rosenberger Athesia 1993 OO3 Meran-Vinschgaubahn\/Geuters F\u00fchrer Geuters Reisef\u00fchrerverlag Leip. 1911 OO4 Auf den \u00f6sterr. Alpenbahnen\/Illustrierter F\u00fchrer Waldheim Waldheim 1887 OO5 150 Jahre Eisenbahn in Tirol G\u00fcnther Denot Sutton 2008 OO6 Die \u00dcberschienung der Alpen [&hellip;]\" \/>\n<meta property=\"og:url\" content=\"https:\/\/ebfl.at\/index.php\/strecken-streckengeschichte\/\" \/>\n<meta property=\"og:site_name\" content=\"EBFL\" \/>\n<meta property=\"article:publisher\" content=\"https:\/\/www.facebook.com\/pages\/category\/History-Museum\/EBFLat-301838060596265\/\" \/>\n<meta property=\"article:modified_time\" content=\"2021-05-04T16:52:06+00:00\" \/>\n<meta name=\"twitter:card\" content=\"summary_large_image\" \/>\n<meta name=\"twitter:label1\" content=\"Gesch\u00e4tzte Lesezeit\" \/>\n\t<meta name=\"twitter:data1\" content=\"5\u00a0Minuten\" \/>\n<script type=\"application\/ld+json\" class=\"yoast-schema-graph\">{\"@context\":\"https:\\\/\\\/schema.org\",\"@graph\":[{\"@type\":\"WebPage\",\"@id\":\"https:\\\/\\\/ebfl.at\\\/index.php\\\/strecken-streckengeschichte\\\/\",\"url\":\"https:\\\/\\\/ebfl.at\\\/index.php\\\/strecken-streckengeschichte\\\/\",\"name\":\"Strecken, Streckengeschichte - EBFL\",\"isPartOf\":{\"@id\":\"https:\\\/\\\/ebfl.at\\\/#website\"},\"datePublished\":\"2021-05-04T16:52:05+00:00\",\"dateModified\":\"2021-05-04T16:52:06+00:00\",\"breadcrumb\":{\"@id\":\"https:\\\/\\\/ebfl.at\\\/index.php\\\/strecken-streckengeschichte\\\/#breadcrumb\"},\"inLanguage\":\"de\",\"potentialAction\":[{\"@type\":\"ReadAction\",\"target\":[\"https:\\\/\\\/ebfl.at\\\/index.php\\\/strecken-streckengeschichte\\\/\"]}]},{\"@type\":\"BreadcrumbList\",\"@id\":\"https:\\\/\\\/ebfl.at\\\/index.php\\\/strecken-streckengeschichte\\\/#breadcrumb\",\"itemListElement\":[{\"@type\":\"ListItem\",\"position\":1,\"name\":\"Startseite\",\"item\":\"https:\\\/\\\/ebfl.at\\\/\"},{\"@type\":\"ListItem\",\"position\":2,\"name\":\"Strecken, Streckengeschichte\"}]},{\"@type\":\"WebSite\",\"@id\":\"https:\\\/\\\/ebfl.at\\\/#website\",\"url\":\"https:\\\/\\\/ebfl.at\\\/\",\"name\":\"EBFL Eisenbahnfreunde Lienz\",\"description\":\"Verein der Eisenbahnfreunde in Lienz\",\"publisher\":{\"@id\":\"https:\\\/\\\/ebfl.at\\\/#organization\"},\"potentialAction\":[{\"@type\":\"SearchAction\",\"target\":{\"@type\":\"EntryPoint\",\"urlTemplate\":\"https:\\\/\\\/ebfl.at\\\/?s={search_term_string}\"},\"query-input\":{\"@type\":\"PropertyValueSpecification\",\"valueRequired\":true,\"valueName\":\"search_term_string\"}}],\"inLanguage\":\"de\"},{\"@type\":\"Organization\",\"@id\":\"https:\\\/\\\/ebfl.at\\\/#organization\",\"name\":\"EBFL - Eisenbahnfreunde Lienz\",\"url\":\"https:\\\/\\\/ebfl.at\\\/\",\"logo\":{\"@type\":\"ImageObject\",\"inLanguage\":\"de\",\"@id\":\"https:\\\/\\\/ebfl.at\\\/#\\\/schema\\\/logo\\\/image\\\/\",\"url\":\"https:\\\/\\\/ebfl.at\\\/wp-content\\\/uploads\\\/2019\\\/01\\\/Eisenbahnfreunde-Lienz.jpg\",\"contentUrl\":\"https:\\\/\\\/ebfl.at\\\/wp-content\\\/uploads\\\/2019\\\/01\\\/Eisenbahnfreunde-Lienz.jpg\",\"width\":1087,\"height\":480,\"caption\":\"EBFL - Eisenbahnfreunde Lienz\"},\"image\":{\"@id\":\"https:\\\/\\\/ebfl.at\\\/#\\\/schema\\\/logo\\\/image\\\/\"},\"sameAs\":[\"https:\\\/\\\/www.facebook.com\\\/pages\\\/category\\\/History-Museum\\\/EBFLat-301838060596265\\\/\"]}]}<\/script>\n<!-- \/ Yoast SEO plugin. -->","yoast_head_json":{"title":"Strecken, Streckengeschichte - EBFL","robots":{"index":"index","follow":"follow","max-snippet":"max-snippet:-1","max-image-preview":"max-image-preview:large","max-video-preview":"max-video-preview:-1"},"canonical":"https:\/\/ebfl.at\/index.php\/strecken-streckengeschichte\/","og_locale":"de_DE","og_type":"article","og_title":"Strecken, Streckengeschichte - EBFL","og_description":"A.3 Strecken, Streckengeschichte OO1 An der S\u00fcdbahn\/Reihe Schienen unterwegs Hannes Notnagel\/Barbara Habermann Sutton 2007 OO2 Die Eisenbahnen in S\u00fcdtirol J\u00fcrgen Rosenberger\/Carlo Rosenberger Athesia 1993 OO3 Meran-Vinschgaubahn\/Geuters F\u00fchrer Geuters Reisef\u00fchrerverlag Leip. 1911 OO4 Auf den \u00f6sterr. Alpenbahnen\/Illustrierter F\u00fchrer Waldheim Waldheim 1887 OO5 150 Jahre Eisenbahn in Tirol G\u00fcnther Denot Sutton 2008 OO6 Die \u00dcberschienung der Alpen [&hellip;]","og_url":"https:\/\/ebfl.at\/index.php\/strecken-streckengeschichte\/","og_site_name":"EBFL","article_publisher":"https:\/\/www.facebook.com\/pages\/category\/History-Museum\/EBFLat-301838060596265\/","article_modified_time":"2021-05-04T16:52:06+00:00","twitter_card":"summary_large_image","twitter_misc":{"Gesch\u00e4tzte Lesezeit":"5\u00a0Minuten"},"schema":{"@context":"https:\/\/schema.org","@graph":[{"@type":"WebPage","@id":"https:\/\/ebfl.at\/index.php\/strecken-streckengeschichte\/","url":"https:\/\/ebfl.at\/index.php\/strecken-streckengeschichte\/","name":"Strecken, Streckengeschichte - EBFL","isPartOf":{"@id":"https:\/\/ebfl.at\/#website"},"datePublished":"2021-05-04T16:52:05+00:00","dateModified":"2021-05-04T16:52:06+00:00","breadcrumb":{"@id":"https:\/\/ebfl.at\/index.php\/strecken-streckengeschichte\/#breadcrumb"},"inLanguage":"de","potentialAction":[{"@type":"ReadAction","target":["https:\/\/ebfl.at\/index.php\/strecken-streckengeschichte\/"]}]},{"@type":"BreadcrumbList","@id":"https:\/\/ebfl.at\/index.php\/strecken-streckengeschichte\/#breadcrumb","itemListElement":[{"@type":"ListItem","position":1,"name":"Startseite","item":"https:\/\/ebfl.at\/"},{"@type":"ListItem","position":2,"name":"Strecken, Streckengeschichte"}]},{"@type":"WebSite","@id":"https:\/\/ebfl.at\/#website","url":"https:\/\/ebfl.at\/","name":"EBFL Eisenbahnfreunde Lienz","description":"Verein der Eisenbahnfreunde in Lienz","publisher":{"@id":"https:\/\/ebfl.at\/#organization"},"potentialAction":[{"@type":"SearchAction","target":{"@type":"EntryPoint","urlTemplate":"https:\/\/ebfl.at\/?s={search_term_string}"},"query-input":{"@type":"PropertyValueSpecification","valueRequired":true,"valueName":"search_term_string"}}],"inLanguage":"de"},{"@type":"Organization","@id":"https:\/\/ebfl.at\/#organization","name":"EBFL - Eisenbahnfreunde Lienz","url":"https:\/\/ebfl.at\/","logo":{"@type":"ImageObject","inLanguage":"de","@id":"https:\/\/ebfl.at\/#\/schema\/logo\/image\/","url":"https:\/\/ebfl.at\/wp-content\/uploads\/2019\/01\/Eisenbahnfreunde-Lienz.jpg","contentUrl":"https:\/\/ebfl.at\/wp-content\/uploads\/2019\/01\/Eisenbahnfreunde-Lienz.jpg","width":1087,"height":480,"caption":"EBFL - Eisenbahnfreunde Lienz"},"image":{"@id":"https:\/\/ebfl.at\/#\/schema\/logo\/image\/"},"sameAs":["https:\/\/www.facebook.com\/pages\/category\/History-Museum\/EBFLat-301838060596265\/"]}]}},"_links":{"self":[{"href":"https:\/\/ebfl.at\/index.php\/wp-json\/wp\/v2\/pages\/2704","targetHints":{"allow":["GET"]}}],"collection":[{"href":"https:\/\/ebfl.at\/index.php\/wp-json\/wp\/v2\/pages"}],"about":[{"href":"https:\/\/ebfl.at\/index.php\/wp-json\/wp\/v2\/types\/page"}],"author":[{"embeddable":true,"href":"https:\/\/ebfl.at\/index.php\/wp-json\/wp\/v2\/users\/2"}],"replies":[{"embeddable":true,"href":"https:\/\/ebfl.at\/index.php\/wp-json\/wp\/v2\/comments?post=2704"}],"version-history":[{"count":1,"href":"https:\/\/ebfl.at\/index.php\/wp-json\/wp\/v2\/pages\/2704\/revisions"}],"predecessor-version":[{"id":2705,"href":"https:\/\/ebfl.at\/index.php\/wp-json\/wp\/v2\/pages\/2704\/revisions\/2705"}],"wp:attachment":[{"href":"https:\/\/ebfl.at\/index.php\/wp-json\/wp\/v2\/media?parent=2704"}],"curies":[{"name":"wp","href":"https:\/\/api.w.org\/{rel}","templated":true}]}}