{"id":2773,"date":"2021-05-04T19:33:50","date_gmt":"2021-05-04T17:33:50","guid":{"rendered":"https:\/\/ebfl.at\/?page_id=2773"},"modified":"2021-05-04T19:33:50","modified_gmt":"2021-05-04T17:33:50","slug":"expresszuege-und-wagen","status":"publish","type":"page","link":"https:\/\/ebfl.at\/index.php\/expresszuege-und-wagen\/","title":{"rendered":"Expressz\u00fcge und Wagen"},"content":{"rendered":"\n<figure class=\"wp-block-table is-style-regular\"><table><tbody><tr><td><strong><\/strong><\/td><td><strong>E.10 Expressz\u00fcge und Wagen<\/strong><\/td><td><strong><\/strong><\/td><td><strong><\/strong><\/td><td><strong><\/strong><\/td><\/tr><tr><td>OO1<\/td><td>Orient Express &#8211; K\u00f6nig der Z\u00fcge<\/td><td>J\u00fcrgen Franzke\/DB Museum<\/td><td>Komet<\/td><td>1998<\/td><\/tr><tr><td>OO2<\/td><td>Orient Express<\/td><td>Werner S\u00f6lch<\/td><td>Rowolt<\/td><td>1974<\/td><\/tr><tr><td>OO3<\/td><td>Orient Express<\/td><td>Werner S\u00f6lch<\/td><td>Alba<\/td><td>1998<\/td><\/tr><tr><td>OO4<\/td><td>Die gro\u00dfen Salonwagen<\/td><td><\/td><td>Lechner<\/td><td>1991<\/td><\/tr><tr><td>OO5<\/td><td>Orient Express<\/td><td>Werner S\u00f6lch<\/td><td>Alba<\/td><td>1974<\/td><\/tr><tr><td>OO6<\/td><td>Abenteuer Orient Express<\/td><td>E.H. Cookridge<\/td><td>Orell F\u00fcssli<\/td><td>1980<\/td><\/tr><tr><td>OO7<\/td><td>100 Jahre Orient-Express<\/td><td>des Cars\/Caracalla<\/td><td>Orell F\u00fcssli<\/td><td><\/td><\/tr><tr><td>OO8<\/td><td>Guten Tag Europa<\/td><td>W.W. Rossi<\/td><td>Redactor Verlag<\/td><td><\/td><\/tr><tr><td>OO9<\/td><td>Trans Europ Express<\/td><td>Dr. Fritz St\u00f6ckl<\/td><td>R\u00f6sler+Zimmer Verlag Augsburg<\/td><td>1971<\/td><\/tr><tr><td>O10<\/td><td>Trans Europ Express<\/td><td>Maurice Mertens<\/td><td>Alba<\/td><td>1987<\/td><\/tr><tr><td>O11<\/td><td>Panoramic Express<\/td><td>Wolfgang Kunnes<\/td><td>Schweers+Wall Achen<\/td><td>1986<\/td><\/tr><tr><td>O12<\/td><td>Train Bleu\/Expressz\u00fcge der Riviera<\/td><td>des Cars\/Caracalla<\/td><td>Orell F\u00fcssli<\/td><td>1988<\/td><\/tr><tr><td>O13<\/td><td>Rheingold<\/td><td>Friedhelm Ernst<\/td><td>Alba<\/td><td>1971<\/td><\/tr><tr><td>O14<\/td><td>Der Rheingold Express<\/td><td>Gottwaldt\/B\u00fcndgen<\/td><td>Motorbuch<\/td><td>1977<\/td><\/tr><tr><td>O15<\/td><td>Wie der Kaiser reiste<\/td><td>Paul Dost<\/td><td>Kosmos<\/td><td>1998<\/td><\/tr><tr><td>O16<\/td><td>Der rote Teppich\/Geschichte der Staatsz\u00fcge und Salonwagen<\/td><td>Paul Dost<\/td><td>Franckh<\/td><td>1965<\/td><\/tr><tr><td>O17<\/td><td>Fliegende Z\u00fcge<\/td><td>Heinz R. Kurz<\/td><td>EK-Verlag<\/td><td>1994<\/td><\/tr><tr><td>O18<\/td><td>Parade-Express<\/td><td><\/td><td>EK-Verlag<\/td><td>1985<\/td><\/tr><tr><td>O19<\/td><td>Geschichte der Luxusz\u00fcge<\/td><td>George Behrend<\/td><td>Orell F\u00fcssli<\/td><td>1977<\/td><\/tr><tr><td>O20<\/td><td>Die gro\u00dfen Express Z\u00fcge<\/td><td>Martin Page<\/td><td>Molden<\/td><td>1975<\/td><\/tr><tr><td>O21<\/td><td>Gro\u00dfe Expressz\u00fcge Europas<\/td><td>George Behrend<\/td><td>Orell F\u00fcssli<\/td><td>1967<\/td><\/tr><tr><td>O22<\/td><td>Expressz\u00fcge auf schmaler Spur<\/td><td>Schweers\/Wall\/Kunnes<\/td><td>Schweers+Wall Achen<\/td><td>1986<\/td><\/tr><tr><td>O23<\/td><td>Turbotrains International<\/td><td>Wolfgang Stoffels<\/td><td>Birkh\u00e4user<\/td><td>1983<\/td><\/tr><tr><td>O24<\/td><td>Gro\u00dfe Eisenbahnfahrten in 5 Kontinenten<\/td><td>Westcott-Jones<\/td><td>Orell F\u00fcssli<\/td><td>1965<\/td><\/tr><tr><td>O25<\/td><td>Grosse Z\u00fcge<\/td><td>Rolf L. Temming<\/td><td>Kaiser<\/td><td>1991<\/td><\/tr><tr><td>O26<\/td><td>Wagons &#8211; Lits\/das exquisite Reisen<\/td><td>Dr. Fritz St\u00f6ckl<\/td><td>Slezak<\/td><td>1984<\/td><\/tr><tr><td>O27<\/td><td>Das Hotel auf Schienen<\/td><td>Dr. Gustav Blum<\/td><td>Deutsche Hotelnachrichten<\/td><td><\/td><\/tr><tr><td>O28<\/td><td>Die Pullman-Wagen<\/td><td>Renzo Perret<\/td><td>Franckh<\/td><td>1986<\/td><\/tr><tr><td>O29<\/td><td>Internat. Schlafwagen<\/td><td>Dr. Fritz St\u00f6ckl<\/td><td>Bohmann<\/td><td>1967<\/td><\/tr><tr><td>O30<\/td><td>Speisewagen<\/td><td>Dr. Fritz St\u00f6ckl<\/td><td>Motorbuch<\/td><td>1987<\/td><\/tr><tr><td>O31<\/td><td>Traditions-Schnellz\u00fcge in S\u00fcddeutschland<\/td><td>Julius Weber<\/td><td>R\u00f6hr<\/td><td>1985<\/td><\/tr><tr><td>O32<\/td><td>50 Jahre &#8222;Gl\u00e4serner Zug&#8220;<\/td><td>Horst Troche<\/td><td>Deutsche Ges.f.Eisenbahng.<\/td><td>1985<\/td><\/tr><tr><td>O33<\/td><td>Majestic Imperator\/Werbebrosch\u00fcre<\/td><td><\/td><td><\/td><td>1999<\/td><\/tr><\/tbody><\/table><\/figure>\n","protected":false},"excerpt":{"rendered":"<p>E.10 Expressz\u00fcge und Wagen OO1 Orient Express &#8211; K\u00f6nig der Z\u00fcge J\u00fcrgen Franzke\/DB Museum Komet 1998 OO2 Orient Express Werner S\u00f6lch Rowolt 1974 OO3 Orient Express Werner S\u00f6lch Alba 1998 OO4 Die gro\u00dfen Salonwagen Lechner 1991 OO5 Orient Express Werner S\u00f6lch Alba 1974 OO6 Abenteuer Orient Express E.H. Cookridge Orell F\u00fcssli 1980 OO7 100 Jahre [&hellip;]<\/p>\n","protected":false},"author":2,"featured_media":0,"parent":0,"menu_order":0,"comment_status":"closed","ping_status":"closed","template":"","meta":{"footnotes":""},"class_list":["post-2773","page","type-page","status-publish","hentry"],"yoast_head":"<!-- This site is optimized with the Yoast SEO plugin v27.4 - https:\/\/yoast.com\/product\/yoast-seo-wordpress\/ -->\n<title>Expressz\u00fcge und Wagen - EBFL<\/title>\n<meta name=\"robots\" content=\"index, follow, max-snippet:-1, max-image-preview:large, max-video-preview:-1\" \/>\n<link rel=\"canonical\" href=\"https:\/\/ebfl.at\/index.php\/expresszuege-und-wagen\/\" \/>\n<meta property=\"og:locale\" content=\"de_DE\" \/>\n<meta property=\"og:type\" content=\"article\" \/>\n<meta property=\"og:title\" content=\"Expressz\u00fcge und Wagen - EBFL\" \/>\n<meta property=\"og:description\" content=\"E.10 Expressz\u00fcge und Wagen OO1 Orient Express &#8211; K\u00f6nig der Z\u00fcge J\u00fcrgen Franzke\/DB Museum Komet 1998 OO2 Orient Express Werner S\u00f6lch Rowolt 1974 OO3 Orient Express Werner S\u00f6lch Alba 1998 OO4 Die gro\u00dfen Salonwagen Lechner 1991 OO5 Orient Express Werner S\u00f6lch Alba 1974 OO6 Abenteuer Orient Express E.H. Cookridge Orell F\u00fcssli 1980 OO7 100 Jahre [&hellip;]\" \/>\n<meta property=\"og:url\" content=\"https:\/\/ebfl.at\/index.php\/expresszuege-und-wagen\/\" \/>\n<meta property=\"og:site_name\" content=\"EBFL\" \/>\n<meta property=\"article:publisher\" content=\"https:\/\/www.facebook.com\/pages\/category\/History-Museum\/EBFLat-301838060596265\/\" \/>\n<meta name=\"twitter:card\" content=\"summary_large_image\" \/>\n<meta name=\"twitter:label1\" content=\"Gesch\u00e4tzte Lesezeit\" \/>\n\t<meta name=\"twitter:data1\" content=\"2\u00a0Minuten\" \/>\n<script type=\"application\/ld+json\" class=\"yoast-schema-graph\">{\"@context\":\"https:\\\/\\\/schema.org\",\"@graph\":[{\"@type\":\"WebPage\",\"@id\":\"https:\\\/\\\/ebfl.at\\\/index.php\\\/expresszuege-und-wagen\\\/\",\"url\":\"https:\\\/\\\/ebfl.at\\\/index.php\\\/expresszuege-und-wagen\\\/\",\"name\":\"Expressz\u00fcge und Wagen - EBFL\",\"isPartOf\":{\"@id\":\"https:\\\/\\\/ebfl.at\\\/#website\"},\"datePublished\":\"2021-05-04T17:33:50+00:00\",\"breadcrumb\":{\"@id\":\"https:\\\/\\\/ebfl.at\\\/index.php\\\/expresszuege-und-wagen\\\/#breadcrumb\"},\"inLanguage\":\"de\",\"potentialAction\":[{\"@type\":\"ReadAction\",\"target\":[\"https:\\\/\\\/ebfl.at\\\/index.php\\\/expresszuege-und-wagen\\\/\"]}]},{\"@type\":\"BreadcrumbList\",\"@id\":\"https:\\\/\\\/ebfl.at\\\/index.php\\\/expresszuege-und-wagen\\\/#breadcrumb\",\"itemListElement\":[{\"@type\":\"ListItem\",\"position\":1,\"name\":\"Startseite\",\"item\":\"https:\\\/\\\/ebfl.at\\\/\"},{\"@type\":\"ListItem\",\"position\":2,\"name\":\"Expressz\u00fcge und Wagen\"}]},{\"@type\":\"WebSite\",\"@id\":\"https:\\\/\\\/ebfl.at\\\/#website\",\"url\":\"https:\\\/\\\/ebfl.at\\\/\",\"name\":\"EBFL Eisenbahnfreunde Lienz\",\"description\":\"Verein der Eisenbahnfreunde in Lienz\",\"publisher\":{\"@id\":\"https:\\\/\\\/ebfl.at\\\/#organization\"},\"potentialAction\":[{\"@type\":\"SearchAction\",\"target\":{\"@type\":\"EntryPoint\",\"urlTemplate\":\"https:\\\/\\\/ebfl.at\\\/?s={search_term_string}\"},\"query-input\":{\"@type\":\"PropertyValueSpecification\",\"valueRequired\":true,\"valueName\":\"search_term_string\"}}],\"inLanguage\":\"de\"},{\"@type\":\"Organization\",\"@id\":\"https:\\\/\\\/ebfl.at\\\/#organization\",\"name\":\"EBFL - Eisenbahnfreunde Lienz\",\"url\":\"https:\\\/\\\/ebfl.at\\\/\",\"logo\":{\"@type\":\"ImageObject\",\"inLanguage\":\"de\",\"@id\":\"https:\\\/\\\/ebfl.at\\\/#\\\/schema\\\/logo\\\/image\\\/\",\"url\":\"https:\\\/\\\/ebfl.at\\\/wp-content\\\/uploads\\\/2019\\\/01\\\/Eisenbahnfreunde-Lienz.jpg\",\"contentUrl\":\"https:\\\/\\\/ebfl.at\\\/wp-content\\\/uploads\\\/2019\\\/01\\\/Eisenbahnfreunde-Lienz.jpg\",\"width\":1087,\"height\":480,\"caption\":\"EBFL - Eisenbahnfreunde Lienz\"},\"image\":{\"@id\":\"https:\\\/\\\/ebfl.at\\\/#\\\/schema\\\/logo\\\/image\\\/\"},\"sameAs\":[\"https:\\\/\\\/www.facebook.com\\\/pages\\\/category\\\/History-Museum\\\/EBFLat-301838060596265\\\/\"]}]}<\/script>\n<!-- \/ Yoast SEO plugin. -->","yoast_head_json":{"title":"Expressz\u00fcge und Wagen - EBFL","robots":{"index":"index","follow":"follow","max-snippet":"max-snippet:-1","max-image-preview":"max-image-preview:large","max-video-preview":"max-video-preview:-1"},"canonical":"https:\/\/ebfl.at\/index.php\/expresszuege-und-wagen\/","og_locale":"de_DE","og_type":"article","og_title":"Expressz\u00fcge und Wagen - EBFL","og_description":"E.10 Expressz\u00fcge und Wagen OO1 Orient Express &#8211; K\u00f6nig der Z\u00fcge J\u00fcrgen Franzke\/DB Museum Komet 1998 OO2 Orient Express Werner S\u00f6lch Rowolt 1974 OO3 Orient Express Werner S\u00f6lch Alba 1998 OO4 Die gro\u00dfen Salonwagen Lechner 1991 OO5 Orient Express Werner S\u00f6lch Alba 1974 OO6 Abenteuer Orient Express E.H. Cookridge Orell F\u00fcssli 1980 OO7 100 Jahre [&hellip;]","og_url":"https:\/\/ebfl.at\/index.php\/expresszuege-und-wagen\/","og_site_name":"EBFL","article_publisher":"https:\/\/www.facebook.com\/pages\/category\/History-Museum\/EBFLat-301838060596265\/","twitter_card":"summary_large_image","twitter_misc":{"Gesch\u00e4tzte Lesezeit":"2\u00a0Minuten"},"schema":{"@context":"https:\/\/schema.org","@graph":[{"@type":"WebPage","@id":"https:\/\/ebfl.at\/index.php\/expresszuege-und-wagen\/","url":"https:\/\/ebfl.at\/index.php\/expresszuege-und-wagen\/","name":"Expressz\u00fcge und Wagen - EBFL","isPartOf":{"@id":"https:\/\/ebfl.at\/#website"},"datePublished":"2021-05-04T17:33:50+00:00","breadcrumb":{"@id":"https:\/\/ebfl.at\/index.php\/expresszuege-und-wagen\/#breadcrumb"},"inLanguage":"de","potentialAction":[{"@type":"ReadAction","target":["https:\/\/ebfl.at\/index.php\/expresszuege-und-wagen\/"]}]},{"@type":"BreadcrumbList","@id":"https:\/\/ebfl.at\/index.php\/expresszuege-und-wagen\/#breadcrumb","itemListElement":[{"@type":"ListItem","position":1,"name":"Startseite","item":"https:\/\/ebfl.at\/"},{"@type":"ListItem","position":2,"name":"Expressz\u00fcge und Wagen"}]},{"@type":"WebSite","@id":"https:\/\/ebfl.at\/#website","url":"https:\/\/ebfl.at\/","name":"EBFL Eisenbahnfreunde Lienz","description":"Verein der Eisenbahnfreunde in Lienz","publisher":{"@id":"https:\/\/ebfl.at\/#organization"},"potentialAction":[{"@type":"SearchAction","target":{"@type":"EntryPoint","urlTemplate":"https:\/\/ebfl.at\/?s={search_term_string}"},"query-input":{"@type":"PropertyValueSpecification","valueRequired":true,"valueName":"search_term_string"}}],"inLanguage":"de"},{"@type":"Organization","@id":"https:\/\/ebfl.at\/#organization","name":"EBFL - Eisenbahnfreunde Lienz","url":"https:\/\/ebfl.at\/","logo":{"@type":"ImageObject","inLanguage":"de","@id":"https:\/\/ebfl.at\/#\/schema\/logo\/image\/","url":"https:\/\/ebfl.at\/wp-content\/uploads\/2019\/01\/Eisenbahnfreunde-Lienz.jpg","contentUrl":"https:\/\/ebfl.at\/wp-content\/uploads\/2019\/01\/Eisenbahnfreunde-Lienz.jpg","width":1087,"height":480,"caption":"EBFL - Eisenbahnfreunde Lienz"},"image":{"@id":"https:\/\/ebfl.at\/#\/schema\/logo\/image\/"},"sameAs":["https:\/\/www.facebook.com\/pages\/category\/History-Museum\/EBFLat-301838060596265\/"]}]}},"_links":{"self":[{"href":"https:\/\/ebfl.at\/index.php\/wp-json\/wp\/v2\/pages\/2773","targetHints":{"allow":["GET"]}}],"collection":[{"href":"https:\/\/ebfl.at\/index.php\/wp-json\/wp\/v2\/pages"}],"about":[{"href":"https:\/\/ebfl.at\/index.php\/wp-json\/wp\/v2\/types\/page"}],"author":[{"embeddable":true,"href":"https:\/\/ebfl.at\/index.php\/wp-json\/wp\/v2\/users\/2"}],"replies":[{"embeddable":true,"href":"https:\/\/ebfl.at\/index.php\/wp-json\/wp\/v2\/comments?post=2773"}],"version-history":[{"count":1,"href":"https:\/\/ebfl.at\/index.php\/wp-json\/wp\/v2\/pages\/2773\/revisions"}],"predecessor-version":[{"id":2774,"href":"https:\/\/ebfl.at\/index.php\/wp-json\/wp\/v2\/pages\/2773\/revisions\/2774"}],"wp:attachment":[{"href":"https:\/\/ebfl.at\/index.php\/wp-json\/wp\/v2\/media?parent=2773"}],"curies":[{"name":"wp","href":"https:\/\/api.w.org\/{rel}","templated":true}]}}