{"id":2791,"date":"2021-05-04T19:43:35","date_gmt":"2021-05-04T17:43:35","guid":{"rendered":"https:\/\/ebfl.at\/?page_id=2791"},"modified":"2021-05-04T19:43:35","modified_gmt":"2021-05-04T17:43:35","slug":"strassenbahnen-in-oesterreich-ohne-wien","status":"publish","type":"page","link":"https:\/\/ebfl.at\/index.php\/strassenbahnen-in-oesterreich-ohne-wien\/","title":{"rendered":"Stra\u00dfenbahnen in \u00d6sterreich, ohne Wien"},"content":{"rendered":"\n<figure class=\"wp-block-table is-style-regular\"><table><tbody><tr><td><strong><\/strong><\/td><td><strong>J.2 Stra\u00dfenbahnen in \u00d6sterreich\/ohne Wien<\/strong><\/td><td><strong><\/strong><\/td><td><strong><\/strong><\/td><td><strong><\/strong><\/td><\/tr><tr><td>OO1<\/td><td>Die Bozner Stra\u00dfenbahn<\/td><td>Georg Tengler<\/td><td>Heimatschutzverein Bozen<\/td><td>1984<\/td><\/tr><tr><td>OO2<\/td><td>Stra\u00dfenbahnatlas \u00d6sterreich 1999<\/td><td>Blickpunkt Stra\u00dfenbahn<\/td><td><\/td><td>1999<\/td><\/tr><tr><td>OO3<\/td><td>Tramways and Light Railways of Switzerland and Austria<\/td><td>Richard Buckley<\/td><td>Ligt Trail Transit Assoc.<\/td><td>2000<\/td><\/tr><tr><td>OO4<\/td><td>Stra\u00dfenbahnen in \u00d6sterreich<\/td><td>Wolfgang Kaiser<\/td><td>Geramond<\/td><td>2004<\/td><\/tr><tr><td>OO5<\/td><td>Stra\u00dfenbahn 2000<\/td><td>VC\u00d6 Verkehrsclub \u00d6sterreich<\/td><td><\/td><td>2000<\/td><\/tr><tr><td>OO6<\/td><td>Der Hofsalonwagen der Badner Bahn<\/td><td>Dr. Hans P\u00f6tschner<\/td><td>Slezak<\/td><td>1977<\/td><\/tr><tr><td>OO7<\/td><td>Der Gelenktriebwagen der Badner Bahn<\/td><td>Ing. Erich Duda<\/td><td>Slezak<\/td><td>1989<\/td><\/tr><tr><td>OO8<\/td><td>100 Jahre Badner Bahn<\/td><td>Sternhart\/P\u00f6tschner<\/td><td>Slezak<\/td><td>1973<\/td><\/tr><tr><td>OO9<\/td><td>Stra\u00dfenbahnen in M\u00f6dling<\/td><td>Helmuth Zieglhuber<\/td><td>M\u00f6dl. Stadtverkehrsmuseum<\/td><td><\/td><\/tr><tr><td>O10<\/td><td>75 Jahre Bus und 125 Jahre Tramway in Graz<\/td><td>Grazer Verkehrsbetriebe<\/td><td>Eigenverlag<\/td><td><\/td><\/tr><tr><td>O11<\/td><td>Zentrales Wendegleis<\/td><td>Grazer Stadtwerke<\/td><td>Verl.f.die techn.Uni Graz<\/td><td>1978<\/td><\/tr><tr><td>O12<\/td><td>80ig Jahre Grazer Schlossbergbahn\/Teil 1<\/td><td>Grazer Stadtwerke<\/td><td>Eigenverlag<\/td><td>1974<\/td><\/tr><tr><td>O13<\/td><td>80ig Jahre Grazer Schlossbergbahn\/Teil 2<\/td><td>Grazer Stadtwerke<\/td><td>Eigenverlag<\/td><td>1974<\/td><\/tr><tr><td>O14<\/td><td>Stra\u00dfenbahn in Graz<\/td><td>Hans Sternhart<\/td><td>Slezak<\/td><td>1979<\/td><\/tr><tr><td>O15<\/td><td>Grazer Stra\u00dfenbahngeschichten<\/td><td>Erika Bernkopf-Ploschitznigg<\/td><td>Podmenik<\/td><td>1990<\/td><\/tr><tr><td>O16<\/td><td>Die Grazer Pferdetramway 1878-1899<\/td><td>Herbert W\u00f6ber<\/td><td>Eigenverlag<\/td><td>1978<\/td><\/tr><tr><td>O17<\/td><td>1899-1999<\/td><td>Grazer Verkehrsbetriebe<\/td><td>Eigenverlag<\/td><td>1999<\/td><\/tr><tr><td>O18<\/td><td>Tramwaymuseum Graz\/30 Jahre im R\u00fcckblick<\/td><td><\/td><td><\/td><td><\/td><\/tr><tr><td>O19<\/td><td>Innsbruck Tramways, trolleybuses and scenic light rail<\/td><td>Ray Deacon<\/td><td>LRTA Publications<\/td><td>2000<\/td><\/tr><tr><td>O20<\/td><td>Durch W\u00e4lder und \u00fcber Wiesen\/Ein Jhd. Innsbrucker Mittelgebirgsbahn<\/td><td><\/td><td>Tiroler Museumsbahnen<\/td><td>2000<\/td><\/tr><tr><td>O21<\/td><td>Es begann 1891\/Fahrzeugf\u00fchrer<\/td><td><\/td><td>Tiroler Museumsbahnen<\/td><td>1998<\/td><\/tr><tr><td>O22<\/td><td>Stra\u00dfenbahnen.Busse.Seilbahnen von Innsbruck<\/td><td>Walter Kreutz<\/td><td>Steiger<\/td><td>1991<\/td><\/tr><tr><td>O23<\/td><td>Stra\u00dfenbahn in Klagenfurt<\/td><td>Herrmann\/Laula<\/td><td>Slezak<\/td><td>1981<\/td><\/tr><tr><td>O24<\/td><td>Die Klagenfurter Stra\u00dfenbahn<\/td><td>Mayr\/Prix<\/td><td>Heyn<\/td><td>1982<\/td><\/tr><tr><td>O25<\/td><td>Die P\u00f6stlingbergbahn<\/td><td>Alfred Laula<\/td><td>Pospischil<\/td><td><\/td><\/tr><tr><td>O26<\/td><td>Die P\u00f6stlingbergbahn\/Report<\/td><td>Erwin H. Aglas<\/td><td>\u00d6sterr. Presseb\u00fcro<\/td><td>1989<\/td><\/tr><tr><td>O27<\/td><td>Linz an der Tramway<\/td><td>Gottfried Ku`re<\/td><td>Heyn<\/td><td>1997<\/td><\/tr><tr><td>O28<\/td><td>Stra\u00dfenbahn in Linz<\/td><td>Hans Sternhart<\/td><td>Slezak<\/td><td>1980<\/td><\/tr><tr><td>O29<\/td><td>Die modernen Triebwagen der Salzburger Lokalbahn<\/td><td>Mackinger\/Mauracher<\/td><td>Slezak<\/td><td>1992<\/td><\/tr><tr><td>O30<\/td><td>Historisches Salzburg\/Stra\u00dfenverkehr und Verkehrsmittel<\/td><td>Peter Walder-Gottsbacher<\/td><td>Zaltbommel<\/td><td>1997<\/td><\/tr><tr><td>O31<\/td><td>Die Dampftramway<\/td><td>Erhard Buschbeck<\/td><td>M\u00fcller<\/td><td>1946<\/td><\/tr><tr><td>O32<\/td><td>Der Obus in Salzburg<\/td><td>Gunter Mackinger<\/td><td>Kenning<\/td><td>2005<\/td><\/tr><tr><td>O33<\/td><td>Salzburgs Nahverkehr<\/td><td>Alois Fuchs<\/td><td>Alfred Winter<\/td><td>1986<\/td><\/tr><tr><td>O34<\/td><td>Salzburgs &#8222;Gelbe Elektrische&#8220; 1887-1945<\/td><td>Gerhard Mayer<\/td><td>Pospischil<\/td><td>2004<\/td><\/tr><tr><td>O35<\/td><td>50 Jahre Obus in Salzburg 1940-1990<\/td><td>Salzburger Stadtwerke<\/td><td>Eigenverlag<\/td><td>1990<\/td><\/tr><tr><td>O36<\/td><td>Salzburger Stadtwerke\/Geschichte der st\u00e4dt. Versorgungs-u.Verkehrsb.<\/td><td>Friedrich Leitich<\/td><td>Salzb. Stadtwerke<\/td><td>1990<\/td><\/tr><tr><td>O37<\/td><td>Die St. P\u00f6ltner Stra\u00dfenbahn<\/td><td>Harald Marincing<\/td><td>Pospischil<\/td><td>1981<\/td><\/tr><tr><td>O38<\/td><td>Stra\u00dfenbahn Gmunden 1894-1984<\/td><td>Bau-u.Verkehrsunternehmung Stern&amp;Hafferl<\/td><td>Eigenverlag<\/td><td>1984<\/td><\/tr><tr><td>O39<\/td><td>Obus in \u00d6sterreich\/ESA 16<\/td><td><\/td><td>Slezak<\/td><td>1979<\/td><\/tr><tr><td>O40<\/td><td>100 Jahre elektr. Bahn M\u00f6dling-Hinterbr\u00fchl<\/td><td>Bezirksmuseum M\u00f6dling<\/td><td><\/td><td><\/td><\/tr><tr><td>O41<\/td><td>Stra\u00dfenbahn Ybbs<\/td><td>Alfred Laula<\/td><td>Slezak<\/td><td>1972<\/td><\/tr><tr><td>O42<\/td><td>Stra\u00dfenbahn Ybbs 1907-1953<\/td><td>Gerald B\u00f6hm<\/td><td>Okay<\/td><td>2007<\/td><\/tr><\/tbody><\/table><\/figure>\n","protected":false},"excerpt":{"rendered":"<p>J.2 Stra\u00dfenbahnen in \u00d6sterreich\/ohne Wien OO1 Die Bozner Stra\u00dfenbahn Georg Tengler Heimatschutzverein Bozen 1984 OO2 Stra\u00dfenbahnatlas \u00d6sterreich 1999 Blickpunkt Stra\u00dfenbahn 1999 OO3 Tramways and Light Railways of Switzerland and Austria Richard Buckley Ligt Trail Transit Assoc. 2000 OO4 Stra\u00dfenbahnen in \u00d6sterreich Wolfgang Kaiser Geramond 2004 OO5 Stra\u00dfenbahn 2000 VC\u00d6 Verkehrsclub \u00d6sterreich 2000 OO6 Der Hofsalonwagen [&hellip;]<\/p>\n","protected":false},"author":2,"featured_media":0,"parent":0,"menu_order":0,"comment_status":"closed","ping_status":"closed","template":"","meta":{"footnotes":""},"class_list":["post-2791","page","type-page","status-publish","hentry"],"yoast_head":"<!-- This site is optimized with the Yoast SEO plugin v27.4 - https:\/\/yoast.com\/product\/yoast-seo-wordpress\/ -->\n<title>Stra\u00dfenbahnen in \u00d6sterreich, ohne Wien - EBFL<\/title>\n<meta name=\"robots\" content=\"index, follow, max-snippet:-1, max-image-preview:large, max-video-preview:-1\" \/>\n<link rel=\"canonical\" href=\"https:\/\/ebfl.at\/index.php\/strassenbahnen-in-oesterreich-ohne-wien\/\" \/>\n<meta property=\"og:locale\" content=\"de_DE\" \/>\n<meta property=\"og:type\" content=\"article\" \/>\n<meta property=\"og:title\" content=\"Stra\u00dfenbahnen in \u00d6sterreich, ohne Wien - EBFL\" \/>\n<meta property=\"og:description\" content=\"J.2 Stra\u00dfenbahnen in \u00d6sterreich\/ohne Wien OO1 Die Bozner Stra\u00dfenbahn Georg Tengler Heimatschutzverein Bozen 1984 OO2 Stra\u00dfenbahnatlas \u00d6sterreich 1999 Blickpunkt Stra\u00dfenbahn 1999 OO3 Tramways and Light Railways of Switzerland and Austria Richard Buckley Ligt Trail Transit Assoc. 2000 OO4 Stra\u00dfenbahnen in \u00d6sterreich Wolfgang Kaiser Geramond 2004 OO5 Stra\u00dfenbahn 2000 VC\u00d6 Verkehrsclub \u00d6sterreich 2000 OO6 Der Hofsalonwagen [&hellip;]\" \/>\n<meta property=\"og:url\" content=\"https:\/\/ebfl.at\/index.php\/strassenbahnen-in-oesterreich-ohne-wien\/\" \/>\n<meta property=\"og:site_name\" content=\"EBFL\" \/>\n<meta property=\"article:publisher\" content=\"https:\/\/www.facebook.com\/pages\/category\/History-Museum\/EBFLat-301838060596265\/\" \/>\n<meta name=\"twitter:card\" content=\"summary_large_image\" \/>\n<meta name=\"twitter:label1\" content=\"Gesch\u00e4tzte Lesezeit\" \/>\n\t<meta name=\"twitter:data1\" content=\"2\u00a0Minuten\" \/>\n<script type=\"application\/ld+json\" class=\"yoast-schema-graph\">{\"@context\":\"https:\\\/\\\/schema.org\",\"@graph\":[{\"@type\":\"WebPage\",\"@id\":\"https:\\\/\\\/ebfl.at\\\/index.php\\\/strassenbahnen-in-oesterreich-ohne-wien\\\/\",\"url\":\"https:\\\/\\\/ebfl.at\\\/index.php\\\/strassenbahnen-in-oesterreich-ohne-wien\\\/\",\"name\":\"Stra\u00dfenbahnen in \u00d6sterreich, ohne Wien - EBFL\",\"isPartOf\":{\"@id\":\"https:\\\/\\\/ebfl.at\\\/#website\"},\"datePublished\":\"2021-05-04T17:43:35+00:00\",\"breadcrumb\":{\"@id\":\"https:\\\/\\\/ebfl.at\\\/index.php\\\/strassenbahnen-in-oesterreich-ohne-wien\\\/#breadcrumb\"},\"inLanguage\":\"de\",\"potentialAction\":[{\"@type\":\"ReadAction\",\"target\":[\"https:\\\/\\\/ebfl.at\\\/index.php\\\/strassenbahnen-in-oesterreich-ohne-wien\\\/\"]}]},{\"@type\":\"BreadcrumbList\",\"@id\":\"https:\\\/\\\/ebfl.at\\\/index.php\\\/strassenbahnen-in-oesterreich-ohne-wien\\\/#breadcrumb\",\"itemListElement\":[{\"@type\":\"ListItem\",\"position\":1,\"name\":\"Startseite\",\"item\":\"https:\\\/\\\/ebfl.at\\\/\"},{\"@type\":\"ListItem\",\"position\":2,\"name\":\"Stra\u00dfenbahnen in \u00d6sterreich, ohne Wien\"}]},{\"@type\":\"WebSite\",\"@id\":\"https:\\\/\\\/ebfl.at\\\/#website\",\"url\":\"https:\\\/\\\/ebfl.at\\\/\",\"name\":\"EBFL Eisenbahnfreunde Lienz\",\"description\":\"Verein der Eisenbahnfreunde in Lienz\",\"publisher\":{\"@id\":\"https:\\\/\\\/ebfl.at\\\/#organization\"},\"potentialAction\":[{\"@type\":\"SearchAction\",\"target\":{\"@type\":\"EntryPoint\",\"urlTemplate\":\"https:\\\/\\\/ebfl.at\\\/?s={search_term_string}\"},\"query-input\":{\"@type\":\"PropertyValueSpecification\",\"valueRequired\":true,\"valueName\":\"search_term_string\"}}],\"inLanguage\":\"de\"},{\"@type\":\"Organization\",\"@id\":\"https:\\\/\\\/ebfl.at\\\/#organization\",\"name\":\"EBFL - Eisenbahnfreunde Lienz\",\"url\":\"https:\\\/\\\/ebfl.at\\\/\",\"logo\":{\"@type\":\"ImageObject\",\"inLanguage\":\"de\",\"@id\":\"https:\\\/\\\/ebfl.at\\\/#\\\/schema\\\/logo\\\/image\\\/\",\"url\":\"https:\\\/\\\/ebfl.at\\\/wp-content\\\/uploads\\\/2019\\\/01\\\/Eisenbahnfreunde-Lienz.jpg\",\"contentUrl\":\"https:\\\/\\\/ebfl.at\\\/wp-content\\\/uploads\\\/2019\\\/01\\\/Eisenbahnfreunde-Lienz.jpg\",\"width\":1087,\"height\":480,\"caption\":\"EBFL - Eisenbahnfreunde Lienz\"},\"image\":{\"@id\":\"https:\\\/\\\/ebfl.at\\\/#\\\/schema\\\/logo\\\/image\\\/\"},\"sameAs\":[\"https:\\\/\\\/www.facebook.com\\\/pages\\\/category\\\/History-Museum\\\/EBFLat-301838060596265\\\/\"]}]}<\/script>\n<!-- \/ Yoast SEO plugin. -->","yoast_head_json":{"title":"Stra\u00dfenbahnen in \u00d6sterreich, ohne Wien - EBFL","robots":{"index":"index","follow":"follow","max-snippet":"max-snippet:-1","max-image-preview":"max-image-preview:large","max-video-preview":"max-video-preview:-1"},"canonical":"https:\/\/ebfl.at\/index.php\/strassenbahnen-in-oesterreich-ohne-wien\/","og_locale":"de_DE","og_type":"article","og_title":"Stra\u00dfenbahnen in \u00d6sterreich, ohne Wien - EBFL","og_description":"J.2 Stra\u00dfenbahnen in \u00d6sterreich\/ohne Wien OO1 Die Bozner Stra\u00dfenbahn Georg Tengler Heimatschutzverein Bozen 1984 OO2 Stra\u00dfenbahnatlas \u00d6sterreich 1999 Blickpunkt Stra\u00dfenbahn 1999 OO3 Tramways and Light Railways of Switzerland and Austria Richard Buckley Ligt Trail Transit Assoc. 2000 OO4 Stra\u00dfenbahnen in \u00d6sterreich Wolfgang Kaiser Geramond 2004 OO5 Stra\u00dfenbahn 2000 VC\u00d6 Verkehrsclub \u00d6sterreich 2000 OO6 Der Hofsalonwagen [&hellip;]","og_url":"https:\/\/ebfl.at\/index.php\/strassenbahnen-in-oesterreich-ohne-wien\/","og_site_name":"EBFL","article_publisher":"https:\/\/www.facebook.com\/pages\/category\/History-Museum\/EBFLat-301838060596265\/","twitter_card":"summary_large_image","twitter_misc":{"Gesch\u00e4tzte Lesezeit":"2\u00a0Minuten"},"schema":{"@context":"https:\/\/schema.org","@graph":[{"@type":"WebPage","@id":"https:\/\/ebfl.at\/index.php\/strassenbahnen-in-oesterreich-ohne-wien\/","url":"https:\/\/ebfl.at\/index.php\/strassenbahnen-in-oesterreich-ohne-wien\/","name":"Stra\u00dfenbahnen in \u00d6sterreich, ohne Wien - EBFL","isPartOf":{"@id":"https:\/\/ebfl.at\/#website"},"datePublished":"2021-05-04T17:43:35+00:00","breadcrumb":{"@id":"https:\/\/ebfl.at\/index.php\/strassenbahnen-in-oesterreich-ohne-wien\/#breadcrumb"},"inLanguage":"de","potentialAction":[{"@type":"ReadAction","target":["https:\/\/ebfl.at\/index.php\/strassenbahnen-in-oesterreich-ohne-wien\/"]}]},{"@type":"BreadcrumbList","@id":"https:\/\/ebfl.at\/index.php\/strassenbahnen-in-oesterreich-ohne-wien\/#breadcrumb","itemListElement":[{"@type":"ListItem","position":1,"name":"Startseite","item":"https:\/\/ebfl.at\/"},{"@type":"ListItem","position":2,"name":"Stra\u00dfenbahnen in \u00d6sterreich, ohne Wien"}]},{"@type":"WebSite","@id":"https:\/\/ebfl.at\/#website","url":"https:\/\/ebfl.at\/","name":"EBFL Eisenbahnfreunde Lienz","description":"Verein der Eisenbahnfreunde in Lienz","publisher":{"@id":"https:\/\/ebfl.at\/#organization"},"potentialAction":[{"@type":"SearchAction","target":{"@type":"EntryPoint","urlTemplate":"https:\/\/ebfl.at\/?s={search_term_string}"},"query-input":{"@type":"PropertyValueSpecification","valueRequired":true,"valueName":"search_term_string"}}],"inLanguage":"de"},{"@type":"Organization","@id":"https:\/\/ebfl.at\/#organization","name":"EBFL - Eisenbahnfreunde Lienz","url":"https:\/\/ebfl.at\/","logo":{"@type":"ImageObject","inLanguage":"de","@id":"https:\/\/ebfl.at\/#\/schema\/logo\/image\/","url":"https:\/\/ebfl.at\/wp-content\/uploads\/2019\/01\/Eisenbahnfreunde-Lienz.jpg","contentUrl":"https:\/\/ebfl.at\/wp-content\/uploads\/2019\/01\/Eisenbahnfreunde-Lienz.jpg","width":1087,"height":480,"caption":"EBFL - Eisenbahnfreunde Lienz"},"image":{"@id":"https:\/\/ebfl.at\/#\/schema\/logo\/image\/"},"sameAs":["https:\/\/www.facebook.com\/pages\/category\/History-Museum\/EBFLat-301838060596265\/"]}]}},"_links":{"self":[{"href":"https:\/\/ebfl.at\/index.php\/wp-json\/wp\/v2\/pages\/2791","targetHints":{"allow":["GET"]}}],"collection":[{"href":"https:\/\/ebfl.at\/index.php\/wp-json\/wp\/v2\/pages"}],"about":[{"href":"https:\/\/ebfl.at\/index.php\/wp-json\/wp\/v2\/types\/page"}],"author":[{"embeddable":true,"href":"https:\/\/ebfl.at\/index.php\/wp-json\/wp\/v2\/users\/2"}],"replies":[{"embeddable":true,"href":"https:\/\/ebfl.at\/index.php\/wp-json\/wp\/v2\/comments?post=2791"}],"version-history":[{"count":1,"href":"https:\/\/ebfl.at\/index.php\/wp-json\/wp\/v2\/pages\/2791\/revisions"}],"predecessor-version":[{"id":2792,"href":"https:\/\/ebfl.at\/index.php\/wp-json\/wp\/v2\/pages\/2791\/revisions\/2792"}],"wp:attachment":[{"href":"https:\/\/ebfl.at\/index.php\/wp-json\/wp\/v2\/media?parent=2791"}],"curies":[{"name":"wp","href":"https:\/\/api.w.org\/{rel}","templated":true}]}}