{"id":2794,"date":"2021-05-04T19:45:26","date_gmt":"2021-05-04T17:45:26","guid":{"rendered":"https:\/\/ebfl.at\/?page_id=2794"},"modified":"2021-05-04T19:45:27","modified_gmt":"2021-05-04T17:45:27","slug":"strassenbahnen-allgemein-und-welt","status":"publish","type":"page","link":"https:\/\/ebfl.at\/index.php\/strassenbahnen-allgemein-und-welt\/","title":{"rendered":"Stra\u00dfenbahnen allgemein und Welt"},"content":{"rendered":"\n<figure class=\"wp-block-table is-style-regular\"><table><tbody><tr><td><strong><\/strong><\/td><td><strong>J.3 Stra\u00dfenbahnen allgemein + Welt<\/strong><\/td><td><strong><\/strong><\/td><td><strong><\/strong><\/td><td><strong><\/strong><\/td><\/tr><tr><td>OO1<\/td><td>Metros der Welt\/Lexikon<\/td><td>Autorenkollektiv<\/td><td>Motorbuch<\/td><td>1985<\/td><\/tr><tr><td>OO2<\/td><td>Stra\u00dfenbahnjahrbuch\/Deutschland und Europa 1999<\/td><td><\/td><td>Geramond<\/td><td>1999<\/td><\/tr><tr><td>OO3<\/td><td>Stra\u00dfenbahnjahrbuch\/Deutschland und Europa 2000<\/td><td><\/td><td>Geramond<\/td><td>2000<\/td><\/tr><tr><td>OO4<\/td><td>Stra\u00dfenbahnjahrbuch\/Deutschland und Europa 2001<\/td><td><\/td><td>Geramond<\/td><td>2001<\/td><\/tr><tr><td>OO5<\/td><td>Stra\u00dfenbahnjahrbuch\/Deutschland und Europa 2002<\/td><td><\/td><td>Geramond<\/td><td>2002<\/td><\/tr><tr><td>OO6<\/td><td>Stra\u00dfenbahnjahrbuch\/Deutschland und Europa 2003<\/td><td><\/td><td>Geramond<\/td><td>2003<\/td><\/tr><tr><td>OO7<\/td><td>Stra\u00dfenbahnjahrbuch\/Deutschland und Europa 2004<\/td><td><\/td><td>Geramond<\/td><td>2004<\/td><\/tr><tr><td>OO8<\/td><td>Stra\u00dfenbahnjahrbuch\/Deutschland und Europa 2005<\/td><td><\/td><td>Geramond<\/td><td>2005<\/td><\/tr><tr><td>OO9<\/td><td>Stra\u00dfenbahnjahrbuch\/Deutschland und Europa 2006<\/td><td><\/td><td>Geramond<\/td><td>2006<\/td><\/tr><tr><td>O10<\/td><td>Stra\u00dfenbahn-Archiv<\/td><td>Borchert\/Neust\u00e4dt<\/td><td>transpress<\/td><td>1978<\/td><\/tr><tr><td>O11<\/td><td>Stra\u00dfenbahnen<\/td><td>M\u00e4urich\/Matthes\/St\u00f6\u00dfel<\/td><td>transpress<\/td><td>1979<\/td><\/tr><tr><td>O12<\/td><td>Gr\u00fcnes Licht f\u00fcr die Stra\u00dfenbahn<\/td><td>Coffey\/Kuchwalek<\/td><td>V. f\u00fcr Gesellschaftskritik<\/td><td>1992<\/td><\/tr><tr><td>O13<\/td><td>Die Untergrundbahnen der Welt<\/td><td>Havers<\/td><td>mvg<\/td><td>1967<\/td><\/tr><tr><td>O14<\/td><td>U-Bahnen gestern.heute.morgen<\/td><td>Hinkel\/Treiber\/Valenta<\/td><td>compress<\/td><td>1993<\/td><\/tr><tr><td>O15<\/td><td>U-Bahnen gestern.heute.morgen\/von 1863-2010<\/td><td>Hinkel\/Treiber\/Valenta\/Liebsch<\/td><td>Schmid<\/td><td>2010<\/td><\/tr><tr><td>O16<\/td><td>Quietschvergn\u00fcgt durch alle Kurven<\/td><td>Stave\/Prockat<\/td><td>Junge Welt Berlin<\/td><td>1982<\/td><\/tr><tr><td>O17<\/td><td>Stra\u00dfenbahnen in Osteuropa\/Nr. 25<\/td><td>Lehnhart\/Jeanmaire<\/td><td>Eisenbahn<\/td><td>1975<\/td><\/tr><tr><td>O18<\/td><td>Stra\u00dfenbahnbetriebe in Osteuropa II\/Nr. 32<\/td><td>Lehnhart\/Jeanmaire<\/td><td>Eisenbahn<\/td><td>1977<\/td><\/tr><tr><td>O19<\/td><td>St\u00e4dtische Stra\u00dfenbahn Bern<\/td><td>Claude Jeanmaire<\/td><td>Eisenbahn<\/td><td>1969<\/td><\/tr><tr><td>O20<\/td><td>Metros der Welt\/Lexikon<\/td><td>Autorenkollektiv<\/td><td>transpress<\/td><td>1992<\/td><\/tr><tr><td>O21<\/td><td>Die Entwicklung der Basler Stra\u00dfen-u. \u00dcberlandbahnen 1840-1969<\/td><td>Claude Jeanmaire<\/td><td>Eisenbahn<\/td><td>1969<\/td><\/tr><tr><td>O22<\/td><td>75 Jahre Basler Verkehrsbetriebe<\/td><td>Rudolf Pleuler<\/td><td>Helbling&amp;Lichtenhahn<\/td><td>1970<\/td><\/tr><tr><td>O23<\/td><td>Trams in der Schweiz<\/td><td>Ralph Bernet<\/td><td>Geramond<\/td><td>2000<\/td><\/tr><tr><td>O24<\/td><td>80 Jahre Z\u00fcrcher Stra\u00dfenbahnen<\/td><td>Walter Tr\u00fcb<\/td><td><\/td><td>1968<\/td><\/tr><tr><td>O25<\/td><td>Die historischen Basler Stra\u00dfenbahnen und Busse<\/td><td>Tramclub Basel<\/td><td>Eigenverlag<\/td><td>1997<\/td><\/tr><tr><td>O26<\/td><td>Dante Schuggi<\/td><td>Tramclub Basel<\/td><td>Eigenverlag<\/td><td>1992<\/td><\/tr><tr><td>O27<\/td><td>Stra\u00dfenbahnen der Schweiz<\/td><td>Peter Willen<\/td><td>Orell F\u00fcssli<\/td><td>1978<\/td><\/tr><tr><td>O28<\/td><td>Trambahn M\u00fcrren\/Rifffelalp\/Bellavista<\/td><td>Florian In\u00e4bnit<\/td><td>Prellbock<\/td><td>1995<\/td><\/tr><tr><td>O29<\/td><td>Die \u00dcberlandbahnen von Bern nach Worb<\/td><td>Jeanmaire\/Stamm<\/td><td>Eisenbahn<\/td><td>1971<\/td><\/tr><tr><td>O30<\/td><td>Verkehrsbetriebe der Stadt Luzern<\/td><td>Paul F. Schneeberger<\/td><td>Minirex<\/td><td>1999<\/td><\/tr><tr><td>O31<\/td><td>Birsigthalbahn\/Basler Stra\u00dfenbahn\/Birseckbahn<\/td><td>Claude Jeanmaire<\/td><td>Eisenbahn<\/td><td>1969<\/td><\/tr><tr><td>O32<\/td><td>Basler Museumstrams<\/td><td>Tramclub Basel<\/td><td>Eigenverlag<\/td><td><\/td><\/tr><tr><td>O33<\/td><td>Die Geschichte der Basler Stra\u00dfenbahn<\/td><td>Claude Jeanmaire<\/td><td>Eisenbahn<\/td><td>1968<\/td><\/tr><tr><td>O34<\/td><td>Bieler Stra\u00dfenbahnen<\/td><td>Ziegler\/Jeanmaire<\/td><td>Eisenbahn<\/td><td>1977<\/td><\/tr><tr><td>O35<\/td><td>Basler Verkehrsbetriebe\/Fotobuch<\/td><td>Claude Jeanmaire<\/td><td>Eisenbahn<\/td><td>1984<\/td><\/tr><tr><td>O36<\/td><td>Basler Stra\u00dfenbahnen 1880-1895-1968<\/td><td>Claude Jeanmaire<\/td><td>Eisenbahn<\/td><td>1981<\/td><\/tr><tr><td>O37<\/td><td>Les Tramways de Neuchatel<\/td><td>Jeanmaire\/Merminod<\/td><td>Eisenbahn<\/td><td><\/td><\/tr><tr><td>O38<\/td><td>Tram Bulletin Nr. 9<\/td><td>Tramclub Basel<\/td><td>Eigenverlag<\/td><td>1979<\/td><\/tr><tr><td>O39<\/td><td>Tram Bulletin Nr. 11<\/td><td>Tramclub Basel<\/td><td>Eigenverlag<\/td><td>1982<\/td><\/tr><tr><td>O40<\/td><td>Tram Bulletin Nr. 12<\/td><td>Tramclub Basel<\/td><td>Eigenverlag<\/td><td>1982<\/td><\/tr><tr><td>O41<\/td><td>Basel und sein Tram<\/td><td>Stephan Appenzeller<\/td><td>Christoph Merian<\/td><td>1995<\/td><\/tr><tr><td>O42<\/td><td>Mitteilungsblatt Nr. 9<\/td><td>Tramclub Basel<\/td><td>Eigenverlag<\/td><td>1975<\/td><\/tr><tr><td>O43<\/td><td>Fahrzeugarchiv 1872-1997\/Band 2<\/td><td>Arbeitsgem. Historische Nahverkehrsmittel Leipzig<\/td><td>Eigenverlag<\/td><td>1997<\/td><\/tr><tr><td>O44<\/td><td>Dampfstra\u00dfenbahnen<\/td><td>Walter Hefti<\/td><td>Birkh\u00e4user<\/td><td>1984<\/td><\/tr><tr><td>O45<\/td><td>Stra\u00dfenbahn International 1976-1977<\/td><td>Alfred Laula<\/td><td><\/td><td>1977<\/td><\/tr><tr><td>O46<\/td><td>Post und Tram<\/td><td>G\u00fcnther H. K\u00f6hler<\/td><td>Konkordia<\/td><td>1998<\/td><\/tr><tr><td>O47<\/td><td>Die Pariser Stadtbahn<\/td><td>Ludwig Troske<\/td><td>VDI<\/td><td>1986<\/td><\/tr><tr><td>O48<\/td><td>Neue Stra\u00dfenbahnen in Frankreich<\/td><td>Christoph Groneck<\/td><td>Eisenbahnkurier<\/td><td>2003<\/td><\/tr><tr><td>O49<\/td><td>El\u00e9ctricos de Lisboa<\/td><td>Comes\/Glock<\/td><td>gradiva<\/td><td>1994<\/td><\/tr><tr><td>O50<\/td><td>Historischer Stra\u00dfenbahnatlas Skandinavien<\/td><td>Nils Carl Aspenberg<\/td><td>Baneforlaget<\/td><td>1995<\/td><\/tr><tr><td>O51<\/td><td>Vom Pferdeomnibus zum Gelenktriebwagen<\/td><td>Verkehrsbetriebe Stadt Helsinki<\/td><td>Eigenverlag<\/td><td>1972<\/td><\/tr><tr><td>O52<\/td><td>trams en tramlijnen<\/td><td>Helden\/Graaf\/Wilde<\/td><td>Wyt-Rotterdam<\/td><td>1974<\/td><\/tr><tr><td>O53<\/td><td>Die Strassen- u. Vorortbahnen in Trondheim<\/td><td>Nils Carl Aspenberg<\/td><td>Baneforlaget<\/td><td>1994<\/td><\/tr><tr><td>O54<\/td><td>Die Strassen- u. Vorortbahnen in Oslo<\/td><td>Nils Carl Aspenberg<\/td><td>Baneforlaget<\/td><td>1994<\/td><\/tr><tr><td>O55<\/td><td>Die O-Busse in Norwegen<\/td><td>Nils Carl Aspenberg<\/td><td>Baneforlaget<\/td><td><\/td><\/tr><tr><td>O56<\/td><td>Museumskatalog\/Spovejsmuseet Skjoldenaesholm<\/td><td>Ferslew&amp;Co. &#8211; Centraltrykkeriet<\/td><td><\/td><td><\/td><\/tr><tr><td>O57<\/td><td>Die Strassen- u. Vorortbahnen in Stockhom<\/td><td>Nils Carl Aspenberg<\/td><td>Baneforlaget<\/td><td>1994<\/td><\/tr><tr><td>O58<\/td><td>100 Jahre elektr. Nahverkehr\/Tschernowitz<\/td><td>Dr. Sergej A. Tarchov<\/td><td>Baneforlaget<\/td><td>1997<\/td><\/tr><tr><td>O59<\/td><td>100 Lat t\u00f2zkich Tramwajj\u00f2w\/polnisch<\/td><td>Mirostaw\/Zbigniew\/Wojalski<\/td><td>Zora<\/td><td>1998<\/td><\/tr><tr><td>O60<\/td><td>Stra\u00dfenbahnen in der Tschechischen u. Slow. Republik<\/td><td>Bauer\/Linert\/Losos\/Mahel<\/td><td>Bauer<\/td><td>1995<\/td><\/tr><tr><td>O61<\/td><td>100 Jahre Stra\u00dfenbahnen in Bratislava 1895-1995<\/td><td>Jurike\/Sestina+Kollektiv<\/td><td>Alfa konti<\/td><td>1995<\/td><\/tr><tr><td>O62<\/td><td>K\u00f6nnen wir Ihnen beim Verkehr in Budapest helfen?<\/td><td>Budapester Verkehrsbetriebe<\/td><td><\/td><td>1995<\/td><\/tr><tr><td>O63<\/td><td>U-Bahn Museum Budapest<\/td><td>Verkehrsmuseum<\/td><td><\/td><td>1977<\/td><\/tr><tr><td>O64<\/td><td>U-Bahn Museum Budapest\/ungarisch<\/td><td>Verkehrsmuseum<\/td><td><\/td><td>1977<\/td><\/tr><tr><td>O65<\/td><td>25 Jahre \u00f6ffentl. Nahverkehr in Budapest 1945-1970<\/td><td>Budapester Verkehrsbetriebe<\/td><td><\/td><td>1970<\/td><\/tr><tr><td>O66<\/td><td>Die Geschichte des \u00f6ffentl. Nahverkehrs der 100-j\u00e4hr. H. Budapest 1873-1973<\/td><td>Budapester Verkehrsbetriebe<\/td><td><\/td><td>1973<\/td><\/tr><tr><td>O67<\/td><td>Stadtschnellbahnen der Sowjetunion<\/td><td>Kuhlmann<\/td><td>Slezak<\/td><td>1981<\/td><\/tr><tr><td>O68<\/td><td>De Moskauer Metro\/Bildreisef\u00fchrer<\/td><td><\/td><td>Planeta<\/td><td>1980<\/td><\/tr><tr><td>O69<\/td><td>Die Moskauer Metro<\/td><td>S. Troizkaja<\/td><td>Verlag f\u00fcr fremdspr. Literatur<\/td><td>1954<\/td><\/tr><tr><td>O70<\/td><td>Stra\u00dfenbahnatlas ehem. Sowjetunion<\/td><td>Blickpunkt Stra\u00dfenbahnen<\/td><td>LRTA<\/td><td>1996<\/td><\/tr><tr><td>O71<\/td><td>Stra\u00dfenbahnen in Japan<\/td><td>Ernst Lassbacher<\/td><td>Pospischil<\/td><td>1987<\/td><\/tr><tr><td>O72<\/td><td>Tramtrolley in Africa<\/td><td>Martin Pabst<\/td><td>R\u00f6hr<\/td><td><\/td><\/tr><tr><td>O73<\/td><td>Horsecars, Cablecars an Omnibuses<\/td><td>John H. White<\/td><td>Dover Publications<\/td><td>1974<\/td><\/tr><tr><td>O74<\/td><td>Elektrischer Nahverkehr im Rheintal<\/td><td>Martin Schweizer<\/td><td>Prellbock<\/td><td>2003<\/td><\/tr><tr><td>O75<\/td><td>Die Br\u00fcnner elektrische Bahn<\/td><td>Br\u00fcnner Buchring<\/td><td>V. f\u00fcr heimatliches Schriftentum<\/td><td><\/td><\/tr><tr><td>O76<\/td><td>Stra\u00dfenbahnen<\/td><td>DI August Boshart<\/td><td>G\u00f6schen`sche<\/td><td>1911<\/td><\/tr><tr><td>O77<\/td><td>Stra\u00dfenbahnen<\/td><td>DI August Boshart<\/td><td>Dumjahn<\/td><td>1980<\/td><\/tr><tr><td>O78<\/td><td>Neuenburger Stra\u00dfenbahnen<\/td><td><\/td><td>EK<\/td><td>1991<\/td><\/tr><tr><td>O79<\/td><td>Von Minde nach Sandviken<\/td><td>Nils Carl Aspenberg<\/td><td>Baneforlaget<\/td><td>1997<\/td><\/tr><tr><td>O80<\/td><td>Metros in Europa<\/td><td>Daniel Riechers<\/td><td>transpress<\/td><td><\/td><\/tr><\/tbody><\/table><\/figure>\n","protected":false},"excerpt":{"rendered":"<p>J.3 Stra\u00dfenbahnen allgemein + Welt OO1 Metros der Welt\/Lexikon Autorenkollektiv Motorbuch 1985 OO2 Stra\u00dfenbahnjahrbuch\/Deutschland und Europa 1999 Geramond 1999 OO3 Stra\u00dfenbahnjahrbuch\/Deutschland und Europa 2000 Geramond 2000 OO4 Stra\u00dfenbahnjahrbuch\/Deutschland und Europa 2001 Geramond 2001 OO5 Stra\u00dfenbahnjahrbuch\/Deutschland und Europa 2002 Geramond 2002 OO6 Stra\u00dfenbahnjahrbuch\/Deutschland und Europa 2003 Geramond 2003 OO7 Stra\u00dfenbahnjahrbuch\/Deutschland und Europa 2004 Geramond 2004 OO8 [&hellip;]<\/p>\n","protected":false},"author":2,"featured_media":0,"parent":0,"menu_order":0,"comment_status":"closed","ping_status":"closed","template":"","meta":{"footnotes":""},"class_list":["post-2794","page","type-page","status-publish","hentry"],"yoast_head":"<!-- This site is optimized with the Yoast SEO plugin v27.4 - https:\/\/yoast.com\/product\/yoast-seo-wordpress\/ -->\n<title>Stra\u00dfenbahnen allgemein und Welt - EBFL<\/title>\n<meta name=\"robots\" content=\"index, follow, max-snippet:-1, max-image-preview:large, max-video-preview:-1\" \/>\n<link rel=\"canonical\" href=\"https:\/\/ebfl.at\/index.php\/strassenbahnen-allgemein-und-welt\/\" \/>\n<meta property=\"og:locale\" content=\"de_DE\" \/>\n<meta property=\"og:type\" content=\"article\" \/>\n<meta property=\"og:title\" content=\"Stra\u00dfenbahnen allgemein und Welt - EBFL\" \/>\n<meta property=\"og:description\" content=\"J.3 Stra\u00dfenbahnen allgemein + Welt OO1 Metros der Welt\/Lexikon Autorenkollektiv Motorbuch 1985 OO2 Stra\u00dfenbahnjahrbuch\/Deutschland und Europa 1999 Geramond 1999 OO3 Stra\u00dfenbahnjahrbuch\/Deutschland und Europa 2000 Geramond 2000 OO4 Stra\u00dfenbahnjahrbuch\/Deutschland und Europa 2001 Geramond 2001 OO5 Stra\u00dfenbahnjahrbuch\/Deutschland und Europa 2002 Geramond 2002 OO6 Stra\u00dfenbahnjahrbuch\/Deutschland und Europa 2003 Geramond 2003 OO7 Stra\u00dfenbahnjahrbuch\/Deutschland und Europa 2004 Geramond 2004 OO8 [&hellip;]\" \/>\n<meta property=\"og:url\" content=\"https:\/\/ebfl.at\/index.php\/strassenbahnen-allgemein-und-welt\/\" \/>\n<meta property=\"og:site_name\" content=\"EBFL\" \/>\n<meta property=\"article:publisher\" content=\"https:\/\/www.facebook.com\/pages\/category\/History-Museum\/EBFLat-301838060596265\/\" \/>\n<meta property=\"article:modified_time\" content=\"2021-05-04T17:45:27+00:00\" \/>\n<meta name=\"twitter:card\" content=\"summary_large_image\" \/>\n<meta name=\"twitter:label1\" content=\"Gesch\u00e4tzte Lesezeit\" \/>\n\t<meta name=\"twitter:data1\" content=\"3\u00a0Minuten\" \/>\n<script type=\"application\/ld+json\" class=\"yoast-schema-graph\">{\"@context\":\"https:\\\/\\\/schema.org\",\"@graph\":[{\"@type\":\"WebPage\",\"@id\":\"https:\\\/\\\/ebfl.at\\\/index.php\\\/strassenbahnen-allgemein-und-welt\\\/\",\"url\":\"https:\\\/\\\/ebfl.at\\\/index.php\\\/strassenbahnen-allgemein-und-welt\\\/\",\"name\":\"Stra\u00dfenbahnen allgemein und Welt - EBFL\",\"isPartOf\":{\"@id\":\"https:\\\/\\\/ebfl.at\\\/#website\"},\"datePublished\":\"2021-05-04T17:45:26+00:00\",\"dateModified\":\"2021-05-04T17:45:27+00:00\",\"breadcrumb\":{\"@id\":\"https:\\\/\\\/ebfl.at\\\/index.php\\\/strassenbahnen-allgemein-und-welt\\\/#breadcrumb\"},\"inLanguage\":\"de\",\"potentialAction\":[{\"@type\":\"ReadAction\",\"target\":[\"https:\\\/\\\/ebfl.at\\\/index.php\\\/strassenbahnen-allgemein-und-welt\\\/\"]}]},{\"@type\":\"BreadcrumbList\",\"@id\":\"https:\\\/\\\/ebfl.at\\\/index.php\\\/strassenbahnen-allgemein-und-welt\\\/#breadcrumb\",\"itemListElement\":[{\"@type\":\"ListItem\",\"position\":1,\"name\":\"Startseite\",\"item\":\"https:\\\/\\\/ebfl.at\\\/\"},{\"@type\":\"ListItem\",\"position\":2,\"name\":\"Stra\u00dfenbahnen allgemein und Welt\"}]},{\"@type\":\"WebSite\",\"@id\":\"https:\\\/\\\/ebfl.at\\\/#website\",\"url\":\"https:\\\/\\\/ebfl.at\\\/\",\"name\":\"EBFL Eisenbahnfreunde Lienz\",\"description\":\"Verein der Eisenbahnfreunde in Lienz\",\"publisher\":{\"@id\":\"https:\\\/\\\/ebfl.at\\\/#organization\"},\"potentialAction\":[{\"@type\":\"SearchAction\",\"target\":{\"@type\":\"EntryPoint\",\"urlTemplate\":\"https:\\\/\\\/ebfl.at\\\/?s={search_term_string}\"},\"query-input\":{\"@type\":\"PropertyValueSpecification\",\"valueRequired\":true,\"valueName\":\"search_term_string\"}}],\"inLanguage\":\"de\"},{\"@type\":\"Organization\",\"@id\":\"https:\\\/\\\/ebfl.at\\\/#organization\",\"name\":\"EBFL - Eisenbahnfreunde Lienz\",\"url\":\"https:\\\/\\\/ebfl.at\\\/\",\"logo\":{\"@type\":\"ImageObject\",\"inLanguage\":\"de\",\"@id\":\"https:\\\/\\\/ebfl.at\\\/#\\\/schema\\\/logo\\\/image\\\/\",\"url\":\"https:\\\/\\\/ebfl.at\\\/wp-content\\\/uploads\\\/2019\\\/01\\\/Eisenbahnfreunde-Lienz.jpg\",\"contentUrl\":\"https:\\\/\\\/ebfl.at\\\/wp-content\\\/uploads\\\/2019\\\/01\\\/Eisenbahnfreunde-Lienz.jpg\",\"width\":1087,\"height\":480,\"caption\":\"EBFL - Eisenbahnfreunde Lienz\"},\"image\":{\"@id\":\"https:\\\/\\\/ebfl.at\\\/#\\\/schema\\\/logo\\\/image\\\/\"},\"sameAs\":[\"https:\\\/\\\/www.facebook.com\\\/pages\\\/category\\\/History-Museum\\\/EBFLat-301838060596265\\\/\"]}]}<\/script>\n<!-- \/ Yoast SEO plugin. -->","yoast_head_json":{"title":"Stra\u00dfenbahnen allgemein und Welt - EBFL","robots":{"index":"index","follow":"follow","max-snippet":"max-snippet:-1","max-image-preview":"max-image-preview:large","max-video-preview":"max-video-preview:-1"},"canonical":"https:\/\/ebfl.at\/index.php\/strassenbahnen-allgemein-und-welt\/","og_locale":"de_DE","og_type":"article","og_title":"Stra\u00dfenbahnen allgemein und Welt - EBFL","og_description":"J.3 Stra\u00dfenbahnen allgemein + Welt OO1 Metros der Welt\/Lexikon Autorenkollektiv Motorbuch 1985 OO2 Stra\u00dfenbahnjahrbuch\/Deutschland und Europa 1999 Geramond 1999 OO3 Stra\u00dfenbahnjahrbuch\/Deutschland und Europa 2000 Geramond 2000 OO4 Stra\u00dfenbahnjahrbuch\/Deutschland und Europa 2001 Geramond 2001 OO5 Stra\u00dfenbahnjahrbuch\/Deutschland und Europa 2002 Geramond 2002 OO6 Stra\u00dfenbahnjahrbuch\/Deutschland und Europa 2003 Geramond 2003 OO7 Stra\u00dfenbahnjahrbuch\/Deutschland und Europa 2004 Geramond 2004 OO8 [&hellip;]","og_url":"https:\/\/ebfl.at\/index.php\/strassenbahnen-allgemein-und-welt\/","og_site_name":"EBFL","article_publisher":"https:\/\/www.facebook.com\/pages\/category\/History-Museum\/EBFLat-301838060596265\/","article_modified_time":"2021-05-04T17:45:27+00:00","twitter_card":"summary_large_image","twitter_misc":{"Gesch\u00e4tzte Lesezeit":"3\u00a0Minuten"},"schema":{"@context":"https:\/\/schema.org","@graph":[{"@type":"WebPage","@id":"https:\/\/ebfl.at\/index.php\/strassenbahnen-allgemein-und-welt\/","url":"https:\/\/ebfl.at\/index.php\/strassenbahnen-allgemein-und-welt\/","name":"Stra\u00dfenbahnen allgemein und Welt - EBFL","isPartOf":{"@id":"https:\/\/ebfl.at\/#website"},"datePublished":"2021-05-04T17:45:26+00:00","dateModified":"2021-05-04T17:45:27+00:00","breadcrumb":{"@id":"https:\/\/ebfl.at\/index.php\/strassenbahnen-allgemein-und-welt\/#breadcrumb"},"inLanguage":"de","potentialAction":[{"@type":"ReadAction","target":["https:\/\/ebfl.at\/index.php\/strassenbahnen-allgemein-und-welt\/"]}]},{"@type":"BreadcrumbList","@id":"https:\/\/ebfl.at\/index.php\/strassenbahnen-allgemein-und-welt\/#breadcrumb","itemListElement":[{"@type":"ListItem","position":1,"name":"Startseite","item":"https:\/\/ebfl.at\/"},{"@type":"ListItem","position":2,"name":"Stra\u00dfenbahnen allgemein und Welt"}]},{"@type":"WebSite","@id":"https:\/\/ebfl.at\/#website","url":"https:\/\/ebfl.at\/","name":"EBFL Eisenbahnfreunde Lienz","description":"Verein der Eisenbahnfreunde in Lienz","publisher":{"@id":"https:\/\/ebfl.at\/#organization"},"potentialAction":[{"@type":"SearchAction","target":{"@type":"EntryPoint","urlTemplate":"https:\/\/ebfl.at\/?s={search_term_string}"},"query-input":{"@type":"PropertyValueSpecification","valueRequired":true,"valueName":"search_term_string"}}],"inLanguage":"de"},{"@type":"Organization","@id":"https:\/\/ebfl.at\/#organization","name":"EBFL - Eisenbahnfreunde Lienz","url":"https:\/\/ebfl.at\/","logo":{"@type":"ImageObject","inLanguage":"de","@id":"https:\/\/ebfl.at\/#\/schema\/logo\/image\/","url":"https:\/\/ebfl.at\/wp-content\/uploads\/2019\/01\/Eisenbahnfreunde-Lienz.jpg","contentUrl":"https:\/\/ebfl.at\/wp-content\/uploads\/2019\/01\/Eisenbahnfreunde-Lienz.jpg","width":1087,"height":480,"caption":"EBFL - Eisenbahnfreunde Lienz"},"image":{"@id":"https:\/\/ebfl.at\/#\/schema\/logo\/image\/"},"sameAs":["https:\/\/www.facebook.com\/pages\/category\/History-Museum\/EBFLat-301838060596265\/"]}]}},"_links":{"self":[{"href":"https:\/\/ebfl.at\/index.php\/wp-json\/wp\/v2\/pages\/2794","targetHints":{"allow":["GET"]}}],"collection":[{"href":"https:\/\/ebfl.at\/index.php\/wp-json\/wp\/v2\/pages"}],"about":[{"href":"https:\/\/ebfl.at\/index.php\/wp-json\/wp\/v2\/types\/page"}],"author":[{"embeddable":true,"href":"https:\/\/ebfl.at\/index.php\/wp-json\/wp\/v2\/users\/2"}],"replies":[{"embeddable":true,"href":"https:\/\/ebfl.at\/index.php\/wp-json\/wp\/v2\/comments?post=2794"}],"version-history":[{"count":1,"href":"https:\/\/ebfl.at\/index.php\/wp-json\/wp\/v2\/pages\/2794\/revisions"}],"predecessor-version":[{"id":2795,"href":"https:\/\/ebfl.at\/index.php\/wp-json\/wp\/v2\/pages\/2794\/revisions\/2795"}],"wp:attachment":[{"href":"https:\/\/ebfl.at\/index.php\/wp-json\/wp\/v2\/media?parent=2794"}],"curies":[{"name":"wp","href":"https:\/\/api.w.org\/{rel}","templated":true}]}}