{"id":2797,"date":"2021-05-04T19:46:55","date_gmt":"2021-05-04T17:46:55","guid":{"rendered":"https:\/\/ebfl.at\/?page_id=2797"},"modified":"2021-05-04T19:46:56","modified_gmt":"2021-05-04T17:46:56","slug":"berlin","status":"publish","type":"page","link":"https:\/\/ebfl.at\/index.php\/berlin\/","title":{"rendered":"Berlin"},"content":{"rendered":"\n<figure class=\"wp-block-table is-style-regular\"><table><tbody><tr><td><strong><\/strong><\/td><td><strong>J.4 Berlin<\/strong><\/td><td><strong><\/strong><\/td><td><strong><\/strong><\/td><td><strong><\/strong><\/td><\/tr><tr><td>OO1<\/td><td>Verkehr in Berlin\/Band 1 Nahverkehr<\/td><td>J\u00fcrgen Grothe<\/td><td>Haude&amp;Spener<\/td><td>1988<\/td><\/tr><tr><td>OO2<\/td><td>Dampfz\u00fcge auf Berlins Stadt- und Ringbahne<\/td><td>Kurt Pierson<\/td><td>Kohlhammer Ed<\/td><td>1983<\/td><\/tr><tr><td>OO3<\/td><td>Berlin auf Schienen entdecken<\/td><td>Reiner Preu\u00df<\/td><td>Geramond<\/td><td>2002<\/td><\/tr><tr><td>OO4<\/td><td>Schriftenreihe des Stadtarchivs Berlin 1976<\/td><td><\/td><td>Magistrat Berlin (DDR)<\/td><td><\/td><\/tr><tr><td>OO5<\/td><td>Berliner Verkehrsbetriebe\/Historische Entwicklung<\/td><td><\/td><td><\/td><td>1989<\/td><\/tr><tr><td>OO6<\/td><td>Die BVG und ihr Betrieb 1934<\/td><td><\/td><td>Slezak<\/td><td>1980<\/td><\/tr><tr><td>OO7<\/td><td>750 Jahre Berlin<\/td><td>Berliner Verkehrsbetriebe<\/td><td><\/td><td>1987<\/td><\/tr><tr><td>OO8<\/td><td>Die Stra\u00dfenbahn der Berliner Verkehrsbetriebe 1949-1991<\/td><td>Hilkenbach\/Kramer<\/td><td>transpress<\/td><td>1997<\/td><\/tr><tr><td>OO9<\/td><td>125 Jahre Stra\u00dfenbahnen in Berlin<\/td><td>Hilkenbach\/Kramer<\/td><td>alba<\/td><td>1990<\/td><\/tr><tr><td>O10<\/td><td>Berliner Stra\u00dfenbahnen<\/td><td>Hilkenbach\/Kramer\/Jeanmaire<\/td><td>Eisenbahn<\/td><td>1973<\/td><\/tr><tr><td>O11<\/td><td>125 Jahre Stra\u00dfenbahnen in Berlin\/Katalog<\/td><td>Berliner Verkehrsbetriebe<\/td><td><\/td><td>1990<\/td><\/tr><tr><td>O12<\/td><td>Historische Fahrzeuge<\/td><td>Berliner Verkehrsbetriebe<\/td><td><\/td><td>1985<\/td><\/tr><tr><td>O13<\/td><td>Berliner Trams\/englisch<\/td><td>Peter J. Walker<\/td><td>Werner Stock<\/td><td><\/td><\/tr><tr><td>O14<\/td><td>Berliner Stra\u00dfenbahngeschichte II<\/td><td>Hilkenbach\/Kramer\/Jeanmaire<\/td><td>Eisenbahn<\/td><td>1977<\/td><\/tr><tr><td>O15<\/td><td>Die Stra\u00dfenbahnlinien im westlichen Teil Berlins<\/td><td>Hilkenbach\/Kramer\/Jeanmaire<\/td><td>Eisenbahn<\/td><td>1986<\/td><\/tr><tr><td>O16<\/td><td>Stra\u00dfenbahnlinien in Berlin (West)<\/td><td>Hilkenbach\/Kramer\/Jeanmaire<\/td><td>Eisenbahn<\/td><td>1986<\/td><\/tr><tr><td>O17<\/td><td>Die Stra\u00dfenbahnen in Berlin<\/td><td>Hilkenbach\/Kramer<\/td><td>alba<\/td><td>1994<\/td><\/tr><tr><td>O18<\/td><td>Die Stra\u00dfenbahnen Berlins\/Eine Geschichte des BVG<\/td><td>Hans Reichardt<\/td><td>alba<\/td><td>1974<\/td><\/tr><tr><td>O19<\/td><td>Berliner Stra\u00dfenbahnen<\/td><td>Autorenkollektiv<\/td><td>transpress<\/td><td>1987<\/td><\/tr><tr><td>O20<\/td><td>Die Stra\u00dfenbahnen Berlins in alten Anischten<\/td><td>G\u00fcnther Klebes<\/td><td>Zaltbommel<\/td><td>1981<\/td><\/tr><tr><td>O21<\/td><td>Die Berliner S-Bahn 1924-2004<\/td><td>Wolfgang Kieb ert<\/td><td>transpress<\/td><td>2004<\/td><\/tr><tr><td>O22<\/td><td>Berliner S-Bahn\/50 Jahre elektr. Stadtschnellverkehr<\/td><td>Hans Reichardt<\/td><td>alba<\/td><td>1974<\/td><\/tr><tr><td>O23<\/td><td>Die Berliner S-Bahn im Jahr 1945<\/td><td><\/td><td>GVE<\/td><td>2006<\/td><\/tr><tr><td>O24<\/td><td>Die Berliner Nord-S\u00fcd-S-Bahn<\/td><td>Michel Braun<\/td><td>Kenning<\/td><td>1997<\/td><\/tr><tr><td>O25<\/td><td>Berliner S-Bahn<\/td><td>Peter Bley<\/td><td>alba<\/td><td>1997<\/td><\/tr><tr><td>O26<\/td><td>Berlin Ostkreuz<\/td><td>Butter\/Kirsche\/Preu\u00df<\/td><td>Geramond<\/td><td>2000<\/td><\/tr><tr><td>O27<\/td><td>Savignyplatz bis Alexanderplatz<\/td><td>G\u00fcnther Bellmann<\/td><td>be.bra<\/td><td>2001<\/td><\/tr><tr><td>O28<\/td><td>Die Berliner S-Bahn<\/td><td>Autorenkollektiv<\/td><td>transpress<\/td><td>1966<\/td><\/tr><tr><td>O29<\/td><td>Berlin und seine S-Bahn<\/td><td>Thomas Starck<\/td><td>transpress<\/td><td>1987<\/td><\/tr><tr><td>O30<\/td><td>Der Wagenpark der Berliner S-Bank<\/td><td>Carl W. Schmiedeke<\/td><td>Lokrundschau<\/td><td>1997<\/td><\/tr><tr><td>O31<\/td><td>Berliner U-Bahn<\/td><td>Lembke\/Poppel<\/td><td>alba<\/td><td>1996<\/td><\/tr><tr><td>O32<\/td><td>Berliner U-Bahn<\/td><td><\/td><td>alba<\/td><td>1974<\/td><\/tr><tr><td>O33<\/td><td>Wittenbergplatz bis Sch\u00f6nhauser Allee<\/td><td>G\u00fcnther Bellmann<\/td><td>be.bra<\/td><td>2001<\/td><\/tr><tr><td>O34<\/td><td>Typenbuch U-Bahn<\/td><td>Hajo Achtert<\/td><td>Berliner Verkehrsbetriebe<\/td><td><\/td><\/tr><tr><td>O35<\/td><td>Typenbuch U-Bahn<\/td><td>Walter\/Drescher\/Eggert<\/td><td>Berliner Verkehrsbetriebe<\/td><td><\/td><\/tr><tr><td>O36<\/td><td>Die Berliner U-Bahn\/100 Jahre Tradition und Fortschritt<\/td><td>BVG<\/td><td><\/td><td><\/td><\/tr><tr><td>O37<\/td><td>Berliner U-Bahn\/In Fahrt seit 100 Jahren<\/td><td>Meyer-Kronthaler\/Kurpjuweit<\/td><td>be.bra<\/td><td>2001<\/td><\/tr><tr><td>O38<\/td><td>Tram Geschichten\/100 Jahre Elektrische in K\u00f6penik<\/td><td>Denkmalpflegeverein<\/td><td>GVE<\/td><td>2003<\/td><\/tr><tr><td>O39<\/td><td>100 Jahre Straussberger Eisenbahn<\/td><td>Denkmalpflegeverein<\/td><td>GVE<\/td><td>1993<\/td><\/tr><\/tbody><\/table><\/figure>\n","protected":false},"excerpt":{"rendered":"<p>J.4 Berlin OO1 Verkehr in Berlin\/Band 1 Nahverkehr J\u00fcrgen Grothe Haude&amp;Spener 1988 OO2 Dampfz\u00fcge auf Berlins Stadt- und Ringbahne Kurt Pierson Kohlhammer Ed 1983 OO3 Berlin auf Schienen entdecken Reiner Preu\u00df Geramond 2002 OO4 Schriftenreihe des Stadtarchivs Berlin 1976 Magistrat Berlin (DDR) OO5 Berliner Verkehrsbetriebe\/Historische Entwicklung 1989 OO6 Die BVG und ihr Betrieb 1934 Slezak [&hellip;]<\/p>\n","protected":false},"author":2,"featured_media":0,"parent":0,"menu_order":0,"comment_status":"closed","ping_status":"closed","template":"","meta":{"footnotes":""},"class_list":["post-2797","page","type-page","status-publish","hentry"],"yoast_head":"<!-- This site is optimized with the Yoast SEO plugin v27.4 - https:\/\/yoast.com\/product\/yoast-seo-wordpress\/ -->\n<title>Berlin - EBFL<\/title>\n<meta name=\"robots\" content=\"index, follow, max-snippet:-1, max-image-preview:large, max-video-preview:-1\" \/>\n<link rel=\"canonical\" href=\"https:\/\/ebfl.at\/index.php\/berlin\/\" \/>\n<meta property=\"og:locale\" content=\"de_DE\" \/>\n<meta property=\"og:type\" content=\"article\" \/>\n<meta property=\"og:title\" content=\"Berlin - EBFL\" \/>\n<meta property=\"og:description\" content=\"J.4 Berlin OO1 Verkehr in Berlin\/Band 1 Nahverkehr J\u00fcrgen Grothe Haude&amp;Spener 1988 OO2 Dampfz\u00fcge auf Berlins Stadt- und Ringbahne Kurt Pierson Kohlhammer Ed 1983 OO3 Berlin auf Schienen entdecken Reiner Preu\u00df Geramond 2002 OO4 Schriftenreihe des Stadtarchivs Berlin 1976 Magistrat Berlin (DDR) OO5 Berliner Verkehrsbetriebe\/Historische Entwicklung 1989 OO6 Die BVG und ihr Betrieb 1934 Slezak [&hellip;]\" \/>\n<meta property=\"og:url\" content=\"https:\/\/ebfl.at\/index.php\/berlin\/\" \/>\n<meta property=\"og:site_name\" content=\"EBFL\" \/>\n<meta property=\"article:publisher\" content=\"https:\/\/www.facebook.com\/pages\/category\/History-Museum\/EBFLat-301838060596265\/\" \/>\n<meta property=\"article:modified_time\" content=\"2021-05-04T17:46:56+00:00\" \/>\n<meta name=\"twitter:card\" content=\"summary_large_image\" \/>\n<meta name=\"twitter:label1\" content=\"Gesch\u00e4tzte Lesezeit\" \/>\n\t<meta name=\"twitter:data1\" content=\"2\u00a0Minuten\" \/>\n<script type=\"application\/ld+json\" class=\"yoast-schema-graph\">{\"@context\":\"https:\\\/\\\/schema.org\",\"@graph\":[{\"@type\":\"WebPage\",\"@id\":\"https:\\\/\\\/ebfl.at\\\/index.php\\\/berlin\\\/\",\"url\":\"https:\\\/\\\/ebfl.at\\\/index.php\\\/berlin\\\/\",\"name\":\"Berlin - EBFL\",\"isPartOf\":{\"@id\":\"https:\\\/\\\/ebfl.at\\\/#website\"},\"datePublished\":\"2021-05-04T17:46:55+00:00\",\"dateModified\":\"2021-05-04T17:46:56+00:00\",\"breadcrumb\":{\"@id\":\"https:\\\/\\\/ebfl.at\\\/index.php\\\/berlin\\\/#breadcrumb\"},\"inLanguage\":\"de\",\"potentialAction\":[{\"@type\":\"ReadAction\",\"target\":[\"https:\\\/\\\/ebfl.at\\\/index.php\\\/berlin\\\/\"]}]},{\"@type\":\"BreadcrumbList\",\"@id\":\"https:\\\/\\\/ebfl.at\\\/index.php\\\/berlin\\\/#breadcrumb\",\"itemListElement\":[{\"@type\":\"ListItem\",\"position\":1,\"name\":\"Startseite\",\"item\":\"https:\\\/\\\/ebfl.at\\\/\"},{\"@type\":\"ListItem\",\"position\":2,\"name\":\"Berlin\"}]},{\"@type\":\"WebSite\",\"@id\":\"https:\\\/\\\/ebfl.at\\\/#website\",\"url\":\"https:\\\/\\\/ebfl.at\\\/\",\"name\":\"EBFL Eisenbahnfreunde Lienz\",\"description\":\"Verein der Eisenbahnfreunde in Lienz\",\"publisher\":{\"@id\":\"https:\\\/\\\/ebfl.at\\\/#organization\"},\"potentialAction\":[{\"@type\":\"SearchAction\",\"target\":{\"@type\":\"EntryPoint\",\"urlTemplate\":\"https:\\\/\\\/ebfl.at\\\/?s={search_term_string}\"},\"query-input\":{\"@type\":\"PropertyValueSpecification\",\"valueRequired\":true,\"valueName\":\"search_term_string\"}}],\"inLanguage\":\"de\"},{\"@type\":\"Organization\",\"@id\":\"https:\\\/\\\/ebfl.at\\\/#organization\",\"name\":\"EBFL - Eisenbahnfreunde Lienz\",\"url\":\"https:\\\/\\\/ebfl.at\\\/\",\"logo\":{\"@type\":\"ImageObject\",\"inLanguage\":\"de\",\"@id\":\"https:\\\/\\\/ebfl.at\\\/#\\\/schema\\\/logo\\\/image\\\/\",\"url\":\"https:\\\/\\\/ebfl.at\\\/wp-content\\\/uploads\\\/2019\\\/01\\\/Eisenbahnfreunde-Lienz.jpg\",\"contentUrl\":\"https:\\\/\\\/ebfl.at\\\/wp-content\\\/uploads\\\/2019\\\/01\\\/Eisenbahnfreunde-Lienz.jpg\",\"width\":1087,\"height\":480,\"caption\":\"EBFL - Eisenbahnfreunde Lienz\"},\"image\":{\"@id\":\"https:\\\/\\\/ebfl.at\\\/#\\\/schema\\\/logo\\\/image\\\/\"},\"sameAs\":[\"https:\\\/\\\/www.facebook.com\\\/pages\\\/category\\\/History-Museum\\\/EBFLat-301838060596265\\\/\"]}]}<\/script>\n<!-- \/ Yoast SEO plugin. -->","yoast_head_json":{"title":"Berlin - EBFL","robots":{"index":"index","follow":"follow","max-snippet":"max-snippet:-1","max-image-preview":"max-image-preview:large","max-video-preview":"max-video-preview:-1"},"canonical":"https:\/\/ebfl.at\/index.php\/berlin\/","og_locale":"de_DE","og_type":"article","og_title":"Berlin - EBFL","og_description":"J.4 Berlin OO1 Verkehr in Berlin\/Band 1 Nahverkehr J\u00fcrgen Grothe Haude&amp;Spener 1988 OO2 Dampfz\u00fcge auf Berlins Stadt- und Ringbahne Kurt Pierson Kohlhammer Ed 1983 OO3 Berlin auf Schienen entdecken Reiner Preu\u00df Geramond 2002 OO4 Schriftenreihe des Stadtarchivs Berlin 1976 Magistrat Berlin (DDR) OO5 Berliner Verkehrsbetriebe\/Historische Entwicklung 1989 OO6 Die BVG und ihr Betrieb 1934 Slezak [&hellip;]","og_url":"https:\/\/ebfl.at\/index.php\/berlin\/","og_site_name":"EBFL","article_publisher":"https:\/\/www.facebook.com\/pages\/category\/History-Museum\/EBFLat-301838060596265\/","article_modified_time":"2021-05-04T17:46:56+00:00","twitter_card":"summary_large_image","twitter_misc":{"Gesch\u00e4tzte Lesezeit":"2\u00a0Minuten"},"schema":{"@context":"https:\/\/schema.org","@graph":[{"@type":"WebPage","@id":"https:\/\/ebfl.at\/index.php\/berlin\/","url":"https:\/\/ebfl.at\/index.php\/berlin\/","name":"Berlin - EBFL","isPartOf":{"@id":"https:\/\/ebfl.at\/#website"},"datePublished":"2021-05-04T17:46:55+00:00","dateModified":"2021-05-04T17:46:56+00:00","breadcrumb":{"@id":"https:\/\/ebfl.at\/index.php\/berlin\/#breadcrumb"},"inLanguage":"de","potentialAction":[{"@type":"ReadAction","target":["https:\/\/ebfl.at\/index.php\/berlin\/"]}]},{"@type":"BreadcrumbList","@id":"https:\/\/ebfl.at\/index.php\/berlin\/#breadcrumb","itemListElement":[{"@type":"ListItem","position":1,"name":"Startseite","item":"https:\/\/ebfl.at\/"},{"@type":"ListItem","position":2,"name":"Berlin"}]},{"@type":"WebSite","@id":"https:\/\/ebfl.at\/#website","url":"https:\/\/ebfl.at\/","name":"EBFL Eisenbahnfreunde Lienz","description":"Verein der Eisenbahnfreunde in Lienz","publisher":{"@id":"https:\/\/ebfl.at\/#organization"},"potentialAction":[{"@type":"SearchAction","target":{"@type":"EntryPoint","urlTemplate":"https:\/\/ebfl.at\/?s={search_term_string}"},"query-input":{"@type":"PropertyValueSpecification","valueRequired":true,"valueName":"search_term_string"}}],"inLanguage":"de"},{"@type":"Organization","@id":"https:\/\/ebfl.at\/#organization","name":"EBFL - Eisenbahnfreunde Lienz","url":"https:\/\/ebfl.at\/","logo":{"@type":"ImageObject","inLanguage":"de","@id":"https:\/\/ebfl.at\/#\/schema\/logo\/image\/","url":"https:\/\/ebfl.at\/wp-content\/uploads\/2019\/01\/Eisenbahnfreunde-Lienz.jpg","contentUrl":"https:\/\/ebfl.at\/wp-content\/uploads\/2019\/01\/Eisenbahnfreunde-Lienz.jpg","width":1087,"height":480,"caption":"EBFL - Eisenbahnfreunde Lienz"},"image":{"@id":"https:\/\/ebfl.at\/#\/schema\/logo\/image\/"},"sameAs":["https:\/\/www.facebook.com\/pages\/category\/History-Museum\/EBFLat-301838060596265\/"]}]}},"_links":{"self":[{"href":"https:\/\/ebfl.at\/index.php\/wp-json\/wp\/v2\/pages\/2797","targetHints":{"allow":["GET"]}}],"collection":[{"href":"https:\/\/ebfl.at\/index.php\/wp-json\/wp\/v2\/pages"}],"about":[{"href":"https:\/\/ebfl.at\/index.php\/wp-json\/wp\/v2\/types\/page"}],"author":[{"embeddable":true,"href":"https:\/\/ebfl.at\/index.php\/wp-json\/wp\/v2\/users\/2"}],"replies":[{"embeddable":true,"href":"https:\/\/ebfl.at\/index.php\/wp-json\/wp\/v2\/comments?post=2797"}],"version-history":[{"count":1,"href":"https:\/\/ebfl.at\/index.php\/wp-json\/wp\/v2\/pages\/2797\/revisions"}],"predecessor-version":[{"id":2798,"href":"https:\/\/ebfl.at\/index.php\/wp-json\/wp\/v2\/pages\/2797\/revisions\/2798"}],"wp:attachment":[{"href":"https:\/\/ebfl.at\/index.php\/wp-json\/wp\/v2\/media?parent=2797"}],"curies":[{"name":"wp","href":"https:\/\/api.w.org\/{rel}","templated":true}]}}