{"id":2800,"date":"2021-05-04T19:48:20","date_gmt":"2021-05-04T17:48:20","guid":{"rendered":"https:\/\/ebfl.at\/?page_id=2800"},"modified":"2021-05-04T19:48:21","modified_gmt":"2021-05-04T17:48:21","slug":"hamburg-muenchen-stuttgart","status":"publish","type":"page","link":"https:\/\/ebfl.at\/index.php\/hamburg-muenchen-stuttgart\/","title":{"rendered":"Hamburg, M\u00fcnchen, Stuttgart"},"content":{"rendered":"\n<figure class=\"wp-block-table is-style-regular\"><table><tbody><tr><td><strong><\/strong><\/td><td><strong>J.5 Hamburg, M\u00fcnchen, Stuttgart<\/strong><\/td><td><strong><\/strong><\/td><td><strong><\/strong><\/td><td><strong><\/strong><\/td><\/tr><tr><td>OO1<\/td><td>Verkehrsknoten Hamburg<\/td><td>Gerhard Gre\u00df<\/td><td>Eisenbahnkurier<\/td><td>2001<\/td><\/tr><tr><td>OO2<\/td><td>Hamburger Schienennahverkehr<\/td><td>Christoph M\u00fcller<\/td><td>Geramond<\/td><td>2006<\/td><\/tr><tr><td>OO3<\/td><td>Unterwegs\/90 Jahre Hamburger U-Bahn<\/td><td>Museum der Arbeit<\/td><td>Christians<\/td><td>2002<\/td><\/tr><tr><td>OO4<\/td><td>Die Hamburger S-Bahn<\/td><td>Pischek\/Borcers\/Heimann<\/td><td>Geramond<\/td><td>2002<\/td><\/tr><tr><td>OO5<\/td><td>Die Geschichte der Hamburger Hochbahn<\/td><td>Arbeitsgemeinschaft Blickpunkt<\/td><td><\/td><td>1989<\/td><\/tr><tr><td>OO6<\/td><td>Die Hamburger Stra\u00dfenbahn-Wagenpark Teil 1\/1894-1921<\/td><td>Hermann Hoyer<\/td><td>Verkehrsamateure<\/td><td>1977<\/td><\/tr><tr><td>OO7<\/td><td>Die Hamburger Stra\u00dfenbahn-Wagenpark Teil 2\/1921-1945<\/td><td>Hermann Hoyer<\/td><td>Verkehrsamateure<\/td><td>1977<\/td><\/tr><tr><td>O31<\/td><td>Vom Groschenwagen zur Untergrundbahn<\/td><td>Michael Schattenhofer<\/td><td>Stadtarchiv M\u00fcnchen<\/td><td>1972<\/td><\/tr><tr><td>O32<\/td><td>100 Jahre M\u00fcnchner Stra\u00dfenbahnen 1876-1976\/vom Groschenwagen\u2026<\/td><td>2. Auflage<\/td><td>Stadtarchiv M\u00fcnchen<\/td><td>1976<\/td><\/tr><tr><td>O33<\/td><td>M\u00fcnchner Schienenverkehr<\/td><td>Peter Stricker<\/td><td>Geramond<\/td><td>2005<\/td><\/tr><tr><td>O34<\/td><td>Bilder von der M\u00fcnchner Trambahn<\/td><td>Reindl\/Stiletto<\/td><td>H&amp;L Publikationen<\/td><td>1999<\/td><\/tr><tr><td>O45<\/td><td>Trambahn in M\u00fcnchen<\/td><td>Sigfried Bufe<\/td><td>Bufe<\/td><td>1990<\/td><\/tr><tr><td>O36<\/td><td>Die M\u00fcnchner Tram<\/td><td>Martin Pabst<\/td><td>Geramond<\/td><td>2000<\/td><\/tr><tr><td>O37<\/td><td>Stadtische Stra\u00dfenbahn M\u00fcnchen<\/td><td>Sappel\/Jeanmaire<\/td><td>Eisenbahn<\/td><td>1979<\/td><\/tr><tr><td>O38<\/td><td>U-Bahn f\u00fcr M\u00fcnchen<\/td><td><\/td><td>S\u00fcddeutscher Verlag<\/td><td>1971<\/td><\/tr><tr><td>O39<\/td><td>Die M\u00fcnchner U-Bahn<\/td><td>Pischek\/Junghardt<\/td><td>Geramond<\/td><td>1998<\/td><\/tr><tr><td>O40<\/td><td>M\u00fcnchner Tram<\/td><td>Heinrich Wasil<\/td><td>alba<\/td><td>1976<\/td><\/tr><tr><td>O41<\/td><td>S-Bahn M\u00fcnchen<\/td><td>Pospischil\/Rudolph<\/td><td>alba<\/td><td>1997<\/td><\/tr><tr><td>O42<\/td><td>M\u00fcnchens M-Wagen<\/td><td>Badalec\/Onnich<\/td><td>Intertram<\/td><td>1999<\/td><\/tr><tr><td>O43<\/td><td>M\u00fcnchens J-Wagen<\/td><td>Badalec\/Onnich<\/td><td>Intertram<\/td><td>2002<\/td><\/tr><tr><td>O44<\/td><td>100 Jahre Motoromnibus in M\u00fcnchen<\/td><td>Omnibusclub M\u00fcnchen<\/td><td>Stadtwerke M\u00fcnchen<\/td><td>1997<\/td><\/tr><tr><td>O71<\/td><td>Die Stra\u00dfenbahnen in Stuttgart<\/td><td>Gottfried Bauer<\/td><td>Geramond<\/td><td>2003<\/td><\/tr><tr><td>O72<\/td><td>Stuttgarter Stra\u00dfenbahnen 1868-1975<\/td><td>Bauer\/Theurer\/Jeanmaire<\/td><td>Eisenbahn<\/td><td>1976<\/td><\/tr><tr><td>O73<\/td><td>Stuttgarter Stra\u00dfenbahnen \/Dokumentation<\/td><td>Bauer\/Theurer\/Jeanmaire<\/td><td>Eisenbahn<\/td><td>1979<\/td><\/tr><tr><td>O74<\/td><td>Stra\u00dfenbahnen um Stuttgart<\/td><td>Bauer\/Theurer\/Jeanmaire<\/td><td>Eisenbahn<\/td><td>1984<\/td><\/tr><tr><td>O75<\/td><td>Von der Stra\u00dfenbahn zur Stadtbahn Stuttgart 1975-2000<\/td><td>Bauer\/Theurer<\/td><td>Stuttg. Stra\u00dfenbahnen AG<\/td><td>2000<\/td><\/tr><tr><td>O76<\/td><td>Gelber Klassiker<\/td><td>Hans Joachim Knupfer<\/td><td>Eigenverlag<\/td><td>2006<\/td><\/tr><\/tbody><\/table><\/figure>\n","protected":false},"excerpt":{"rendered":"<p>J.5 Hamburg, M\u00fcnchen, Stuttgart OO1 Verkehrsknoten Hamburg Gerhard Gre\u00df Eisenbahnkurier 2001 OO2 Hamburger Schienennahverkehr Christoph M\u00fcller Geramond 2006 OO3 Unterwegs\/90 Jahre Hamburger U-Bahn Museum der Arbeit Christians 2002 OO4 Die Hamburger S-Bahn Pischek\/Borcers\/Heimann Geramond 2002 OO5 Die Geschichte der Hamburger Hochbahn Arbeitsgemeinschaft Blickpunkt 1989 OO6 Die Hamburger Stra\u00dfenbahn-Wagenpark Teil 1\/1894-1921 Hermann Hoyer Verkehrsamateure 1977 OO7 [&hellip;]<\/p>\n","protected":false},"author":2,"featured_media":0,"parent":0,"menu_order":0,"comment_status":"closed","ping_status":"closed","template":"","meta":{"footnotes":""},"class_list":["post-2800","page","type-page","status-publish","hentry"],"yoast_head":"<!-- This site is optimized with the Yoast SEO plugin v27.4 - https:\/\/yoast.com\/product\/yoast-seo-wordpress\/ -->\n<title>Hamburg, M\u00fcnchen, Stuttgart - EBFL<\/title>\n<meta name=\"robots\" content=\"index, follow, max-snippet:-1, max-image-preview:large, max-video-preview:-1\" \/>\n<link rel=\"canonical\" href=\"https:\/\/ebfl.at\/index.php\/hamburg-muenchen-stuttgart\/\" \/>\n<meta property=\"og:locale\" content=\"de_DE\" \/>\n<meta property=\"og:type\" content=\"article\" \/>\n<meta property=\"og:title\" content=\"Hamburg, M\u00fcnchen, Stuttgart - EBFL\" \/>\n<meta property=\"og:description\" content=\"J.5 Hamburg, M\u00fcnchen, Stuttgart OO1 Verkehrsknoten Hamburg Gerhard Gre\u00df Eisenbahnkurier 2001 OO2 Hamburger Schienennahverkehr Christoph M\u00fcller Geramond 2006 OO3 Unterwegs\/90 Jahre Hamburger U-Bahn Museum der Arbeit Christians 2002 OO4 Die Hamburger S-Bahn Pischek\/Borcers\/Heimann Geramond 2002 OO5 Die Geschichte der Hamburger Hochbahn Arbeitsgemeinschaft Blickpunkt 1989 OO6 Die Hamburger Stra\u00dfenbahn-Wagenpark Teil 1\/1894-1921 Hermann Hoyer Verkehrsamateure 1977 OO7 [&hellip;]\" \/>\n<meta property=\"og:url\" content=\"https:\/\/ebfl.at\/index.php\/hamburg-muenchen-stuttgart\/\" \/>\n<meta property=\"og:site_name\" content=\"EBFL\" \/>\n<meta property=\"article:publisher\" content=\"https:\/\/www.facebook.com\/pages\/category\/History-Museum\/EBFLat-301838060596265\/\" \/>\n<meta property=\"article:modified_time\" content=\"2021-05-04T17:48:21+00:00\" \/>\n<meta name=\"twitter:card\" content=\"summary_large_image\" \/>\n<meta name=\"twitter:label1\" content=\"Gesch\u00e4tzte Lesezeit\" \/>\n\t<meta name=\"twitter:data1\" content=\"1\u00a0Minute\" \/>\n<script type=\"application\/ld+json\" class=\"yoast-schema-graph\">{\"@context\":\"https:\\\/\\\/schema.org\",\"@graph\":[{\"@type\":\"WebPage\",\"@id\":\"https:\\\/\\\/ebfl.at\\\/index.php\\\/hamburg-muenchen-stuttgart\\\/\",\"url\":\"https:\\\/\\\/ebfl.at\\\/index.php\\\/hamburg-muenchen-stuttgart\\\/\",\"name\":\"Hamburg, M\u00fcnchen, Stuttgart - EBFL\",\"isPartOf\":{\"@id\":\"https:\\\/\\\/ebfl.at\\\/#website\"},\"datePublished\":\"2021-05-04T17:48:20+00:00\",\"dateModified\":\"2021-05-04T17:48:21+00:00\",\"breadcrumb\":{\"@id\":\"https:\\\/\\\/ebfl.at\\\/index.php\\\/hamburg-muenchen-stuttgart\\\/#breadcrumb\"},\"inLanguage\":\"de\",\"potentialAction\":[{\"@type\":\"ReadAction\",\"target\":[\"https:\\\/\\\/ebfl.at\\\/index.php\\\/hamburg-muenchen-stuttgart\\\/\"]}]},{\"@type\":\"BreadcrumbList\",\"@id\":\"https:\\\/\\\/ebfl.at\\\/index.php\\\/hamburg-muenchen-stuttgart\\\/#breadcrumb\",\"itemListElement\":[{\"@type\":\"ListItem\",\"position\":1,\"name\":\"Startseite\",\"item\":\"https:\\\/\\\/ebfl.at\\\/\"},{\"@type\":\"ListItem\",\"position\":2,\"name\":\"Hamburg, M\u00fcnchen, Stuttgart\"}]},{\"@type\":\"WebSite\",\"@id\":\"https:\\\/\\\/ebfl.at\\\/#website\",\"url\":\"https:\\\/\\\/ebfl.at\\\/\",\"name\":\"EBFL Eisenbahnfreunde Lienz\",\"description\":\"Verein der Eisenbahnfreunde in Lienz\",\"publisher\":{\"@id\":\"https:\\\/\\\/ebfl.at\\\/#organization\"},\"potentialAction\":[{\"@type\":\"SearchAction\",\"target\":{\"@type\":\"EntryPoint\",\"urlTemplate\":\"https:\\\/\\\/ebfl.at\\\/?s={search_term_string}\"},\"query-input\":{\"@type\":\"PropertyValueSpecification\",\"valueRequired\":true,\"valueName\":\"search_term_string\"}}],\"inLanguage\":\"de\"},{\"@type\":\"Organization\",\"@id\":\"https:\\\/\\\/ebfl.at\\\/#organization\",\"name\":\"EBFL - Eisenbahnfreunde Lienz\",\"url\":\"https:\\\/\\\/ebfl.at\\\/\",\"logo\":{\"@type\":\"ImageObject\",\"inLanguage\":\"de\",\"@id\":\"https:\\\/\\\/ebfl.at\\\/#\\\/schema\\\/logo\\\/image\\\/\",\"url\":\"https:\\\/\\\/ebfl.at\\\/wp-content\\\/uploads\\\/2019\\\/01\\\/Eisenbahnfreunde-Lienz.jpg\",\"contentUrl\":\"https:\\\/\\\/ebfl.at\\\/wp-content\\\/uploads\\\/2019\\\/01\\\/Eisenbahnfreunde-Lienz.jpg\",\"width\":1087,\"height\":480,\"caption\":\"EBFL - Eisenbahnfreunde Lienz\"},\"image\":{\"@id\":\"https:\\\/\\\/ebfl.at\\\/#\\\/schema\\\/logo\\\/image\\\/\"},\"sameAs\":[\"https:\\\/\\\/www.facebook.com\\\/pages\\\/category\\\/History-Museum\\\/EBFLat-301838060596265\\\/\"]}]}<\/script>\n<!-- \/ Yoast SEO plugin. -->","yoast_head_json":{"title":"Hamburg, M\u00fcnchen, Stuttgart - EBFL","robots":{"index":"index","follow":"follow","max-snippet":"max-snippet:-1","max-image-preview":"max-image-preview:large","max-video-preview":"max-video-preview:-1"},"canonical":"https:\/\/ebfl.at\/index.php\/hamburg-muenchen-stuttgart\/","og_locale":"de_DE","og_type":"article","og_title":"Hamburg, M\u00fcnchen, Stuttgart - EBFL","og_description":"J.5 Hamburg, M\u00fcnchen, Stuttgart OO1 Verkehrsknoten Hamburg Gerhard Gre\u00df Eisenbahnkurier 2001 OO2 Hamburger Schienennahverkehr Christoph M\u00fcller Geramond 2006 OO3 Unterwegs\/90 Jahre Hamburger U-Bahn Museum der Arbeit Christians 2002 OO4 Die Hamburger S-Bahn Pischek\/Borcers\/Heimann Geramond 2002 OO5 Die Geschichte der Hamburger Hochbahn Arbeitsgemeinschaft Blickpunkt 1989 OO6 Die Hamburger Stra\u00dfenbahn-Wagenpark Teil 1\/1894-1921 Hermann Hoyer Verkehrsamateure 1977 OO7 [&hellip;]","og_url":"https:\/\/ebfl.at\/index.php\/hamburg-muenchen-stuttgart\/","og_site_name":"EBFL","article_publisher":"https:\/\/www.facebook.com\/pages\/category\/History-Museum\/EBFLat-301838060596265\/","article_modified_time":"2021-05-04T17:48:21+00:00","twitter_card":"summary_large_image","twitter_misc":{"Gesch\u00e4tzte Lesezeit":"1\u00a0Minute"},"schema":{"@context":"https:\/\/schema.org","@graph":[{"@type":"WebPage","@id":"https:\/\/ebfl.at\/index.php\/hamburg-muenchen-stuttgart\/","url":"https:\/\/ebfl.at\/index.php\/hamburg-muenchen-stuttgart\/","name":"Hamburg, M\u00fcnchen, Stuttgart - EBFL","isPartOf":{"@id":"https:\/\/ebfl.at\/#website"},"datePublished":"2021-05-04T17:48:20+00:00","dateModified":"2021-05-04T17:48:21+00:00","breadcrumb":{"@id":"https:\/\/ebfl.at\/index.php\/hamburg-muenchen-stuttgart\/#breadcrumb"},"inLanguage":"de","potentialAction":[{"@type":"ReadAction","target":["https:\/\/ebfl.at\/index.php\/hamburg-muenchen-stuttgart\/"]}]},{"@type":"BreadcrumbList","@id":"https:\/\/ebfl.at\/index.php\/hamburg-muenchen-stuttgart\/#breadcrumb","itemListElement":[{"@type":"ListItem","position":1,"name":"Startseite","item":"https:\/\/ebfl.at\/"},{"@type":"ListItem","position":2,"name":"Hamburg, M\u00fcnchen, Stuttgart"}]},{"@type":"WebSite","@id":"https:\/\/ebfl.at\/#website","url":"https:\/\/ebfl.at\/","name":"EBFL Eisenbahnfreunde Lienz","description":"Verein der Eisenbahnfreunde in Lienz","publisher":{"@id":"https:\/\/ebfl.at\/#organization"},"potentialAction":[{"@type":"SearchAction","target":{"@type":"EntryPoint","urlTemplate":"https:\/\/ebfl.at\/?s={search_term_string}"},"query-input":{"@type":"PropertyValueSpecification","valueRequired":true,"valueName":"search_term_string"}}],"inLanguage":"de"},{"@type":"Organization","@id":"https:\/\/ebfl.at\/#organization","name":"EBFL - Eisenbahnfreunde Lienz","url":"https:\/\/ebfl.at\/","logo":{"@type":"ImageObject","inLanguage":"de","@id":"https:\/\/ebfl.at\/#\/schema\/logo\/image\/","url":"https:\/\/ebfl.at\/wp-content\/uploads\/2019\/01\/Eisenbahnfreunde-Lienz.jpg","contentUrl":"https:\/\/ebfl.at\/wp-content\/uploads\/2019\/01\/Eisenbahnfreunde-Lienz.jpg","width":1087,"height":480,"caption":"EBFL - Eisenbahnfreunde Lienz"},"image":{"@id":"https:\/\/ebfl.at\/#\/schema\/logo\/image\/"},"sameAs":["https:\/\/www.facebook.com\/pages\/category\/History-Museum\/EBFLat-301838060596265\/"]}]}},"_links":{"self":[{"href":"https:\/\/ebfl.at\/index.php\/wp-json\/wp\/v2\/pages\/2800","targetHints":{"allow":["GET"]}}],"collection":[{"href":"https:\/\/ebfl.at\/index.php\/wp-json\/wp\/v2\/pages"}],"about":[{"href":"https:\/\/ebfl.at\/index.php\/wp-json\/wp\/v2\/types\/page"}],"author":[{"embeddable":true,"href":"https:\/\/ebfl.at\/index.php\/wp-json\/wp\/v2\/users\/2"}],"replies":[{"embeddable":true,"href":"https:\/\/ebfl.at\/index.php\/wp-json\/wp\/v2\/comments?post=2800"}],"version-history":[{"count":1,"href":"https:\/\/ebfl.at\/index.php\/wp-json\/wp\/v2\/pages\/2800\/revisions"}],"predecessor-version":[{"id":2801,"href":"https:\/\/ebfl.at\/index.php\/wp-json\/wp\/v2\/pages\/2800\/revisions\/2801"}],"wp:attachment":[{"href":"https:\/\/ebfl.at\/index.php\/wp-json\/wp\/v2\/media?parent=2800"}],"curies":[{"name":"wp","href":"https:\/\/api.w.org\/{rel}","templated":true}]}}