{"id":2803,"date":"2021-05-04T19:49:59","date_gmt":"2021-05-04T17:49:59","guid":{"rendered":"https:\/\/ebfl.at\/?page_id=2803"},"modified":"2021-05-04T19:50:00","modified_gmt":"2021-05-04T17:50:00","slug":"deutschland-div-staedte","status":"publish","type":"page","link":"https:\/\/ebfl.at\/index.php\/deutschland-div-staedte\/","title":{"rendered":"Deutschland, div. St\u00e4dte"},"content":{"rendered":"\n<figure class=\"wp-block-table is-style-regular\"><table><tbody><tr><td><strong><\/strong><\/td><td><strong>J.6 Deutschland div. St\u00e4dte<\/strong><\/td><td><strong><\/strong><\/td><td><strong><\/strong><\/td><td><strong><\/strong><\/td><\/tr><tr><td>OO1<\/td><td>Die Achener Stra\u00dfenbahn im Bild<\/td><td>A. Weijts<\/td><td>Zaltbommel<\/td><td>2000<\/td><\/tr><tr><td>OO2<\/td><td>Achener Stra\u00dfenbahn\/Band 1 Geschichte<\/td><td>Reiner Bimmermann<\/td><td>Schweers+Wall<\/td><td>1999<\/td><\/tr><tr><td>OO3<\/td><td>Einmal K\u00f6nigsplatz und zur\u00fcck\/Augsburg<\/td><td>Albrecht Sappel<\/td><td>alba<\/td><td>1981<\/td><\/tr><tr><td>OO4<\/td><td>Die Bielefelder Stra\u00dfenbahn im Wandel der Zeit<\/td><td>Rainer Kotte<\/td><td>Uhle&amp;Kleimann<\/td><td>1989<\/td><\/tr><tr><td>OO5<\/td><td>Verbindungen in Bochum 1896-1996<\/td><td>Bogestra<\/td><td><\/td><td>1996<\/td><\/tr><tr><td>OO6<\/td><td>Stra\u00dfenbahnen in Bonn<\/td><td>Karl-Heinz Nauroth<\/td><td>Kenning<\/td><td>1989<\/td><\/tr><tr><td>OO7<\/td><td>Bremen und seine Stra\u00dfenbahn 1876-2001<\/td><td>Bremer Stra\u00dfenbahn AG<\/td><td>Kellner<\/td><td>2001<\/td><\/tr><tr><td>OO8<\/td><td>Bilder von der Bremer Stra\u00dfenbahn<\/td><td>Andreas Mausolf<\/td><td>Schweers+Wall<\/td><td>1984<\/td><\/tr><tr><td>OO9<\/td><td>Die Geschichte der Bremerhavener Stra\u00dfenbahn<\/td><td>Mausolf\/Esmann<\/td><td>Eisenbahnkurier<\/td><td>1990<\/td><\/tr><tr><td>O10<\/td><td>Die Braunschweiger Stra\u00dfenbahn<\/td><td>Dieter H\u00f6ltge<\/td><td>Geramond<\/td><td>1997<\/td><\/tr><tr><td>O11<\/td><td>Die Braunschweiger Stra\u00dfenbahn<\/td><td>Dieter H\u00f6ltge<\/td><td>Geramond<\/td><td>2004<\/td><\/tr><tr><td>O12<\/td><td>Die Chemnitzer Stra\u00dfenbahn<\/td><td>Heiner Matthes<\/td><td>Geramond<\/td><td>1998<\/td><\/tr><tr><td>O13<\/td><td>Die Chiemseebahn\/100 Jahre Dampftrambahn Prien-Stock<\/td><td>Markcus Hehl<\/td><td>Eisenbahnkurier<\/td><td>1987<\/td><\/tr><tr><td>O14<\/td><td>75 Jahre Cottbuser Stra\u00dfenbahn<\/td><td>VEB Cottbusverkehr<\/td><td>Eigenverlag<\/td><td>1978<\/td><\/tr><tr><td>O15<\/td><td>Bahnen und Busse rund um den langen Ludwig\/Darmstadt<\/td><td>B\u00fcrnheim\/Burmeister<\/td><td>alba<\/td><td>1997<\/td><\/tr><tr><td>O16<\/td><td>Bahnen und Busse rund um den langen Ludwig\/Darmstadt<\/td><td>B\u00fcrnheim\/Burmeister<\/td><td>alba<\/td><td>1987<\/td><\/tr><tr><td>O17<\/td><td>St\u00e4dtischer Nahverkehr\/Dresden<\/td><td>Verkehrsmuseum Dresden<\/td><td>Eigenverlag<\/td><td>1983<\/td><\/tr><tr><td>O18<\/td><td>Von Kutschern und Kondukteuren\/Dresden 1872-1997<\/td><td>Dresdner Verkehrsbetriebe AG<\/td><td>Junius<\/td><td>1997<\/td><\/tr><tr><td>O19<\/td><td>Geschichte der Dresdner Stra\u00dfenbahn 1872-1975<\/td><td>Dr Werner Kreschnak<\/td><td>Trib\u00fcne Berlin<\/td><td>1975<\/td><\/tr><tr><td>O20<\/td><td>Die Rheinbahn<\/td><td>Schild\/Waltking<\/td><td>alba<\/td><td>1996<\/td><\/tr><tr><td>O21<\/td><td>Die Rheinbahn\/Stadtverkehr in und um D\u00fcsseldorf<\/td><td>Schild\/Waltking<\/td><td>alba<\/td><td>1985<\/td><\/tr><tr><td>O22<\/td><td>Die D\u00fcsseldorfer Stra\u00dfenbahn<\/td><td>Hans G. Nolden<\/td><td>Geramond<\/td><td>1998<\/td><\/tr><tr><td>O23<\/td><td>Die Geschichte der D\u00fcsseldorfer Stra\u00dfenbahn<\/td><td>Jacobi\/Zeh<\/td><td>Eisenbahnkurier<\/td><td>1986<\/td><\/tr><tr><td>O24<\/td><td>75 Jahre Stra\u00dfenbahn der Wartburgstadt\/Eisenach<\/td><td>Stadt. Verkehr der Wartburgstadt<\/td><td>Eigenverlag<\/td><td>1972<\/td><\/tr><tr><td>O25<\/td><td>Stra\u00dfenbahn in Eisenach<\/td><td>Eckart Weber<\/td><td>Kenning<\/td><td>1997<\/td><\/tr><tr><td>O26<\/td><td>100 Jahre in Essen auf Draht-Die Stra\u00dfenbahn<\/td><td><\/td><td>Klartext<\/td><td>1993<\/td><\/tr><tr><td>O27<\/td><td>Die Erfurter Stra\u00dfenbahn<\/td><td>Hans Wiegard<\/td><td>Geramond<\/td><td>2001<\/td><\/tr><tr><td>O28<\/td><td>100 Jahre elektrische Stra\u00dfenbahn in Erfurt<\/td><td>Erfurter Verkehrsbetriebe AG<\/td><td>Eigenverlag<\/td><td>1994<\/td><\/tr><tr><td>O29<\/td><td>100 Jahre Frankfurter Stra\u00dfenbahnen 1872-1899-1972<\/td><td>Michelke\/Jeanmaire<\/td><td>Eisenbahn<\/td><td>1972<\/td><\/tr><tr><td>O30<\/td><td>Die Frankfurter Lokalbahn<\/td><td>S\u00f6hnlein\/Leindecker<\/td><td>Geramond<\/td><td>2000<\/td><\/tr><tr><td>O31<\/td><td>Zum Bertoldsbrunnen\/Stadtverkehr in Freiburg<\/td><td>Burmeister\/K\u00f6th\/Schrott<\/td><td>alba<\/td><td>1988<\/td><\/tr><tr><td>O32<\/td><td>Freiburger Stra\u00dfenbahn<\/td><td>Gemander\/Hettinger<\/td><td>Eisenbahnkurier<\/td><td>2006<\/td><\/tr><tr><td>O33<\/td><td>75 Jahre Geraer Stra\u00dfenbahn 1892-1967<\/td><td>Verkehrsbetriebe der Stadt Gera<\/td><td>Eigenverlag<\/td><td>1967<\/td><\/tr><tr><td>O34<\/td><td>Am Marktplatz treffen sich die Linien\/Gie\u00dfen<\/td><td>Eckert\/Augstein<\/td><td>alba<\/td><td>1989<\/td><\/tr><tr><td>O35<\/td><td>Die Chronik der G\u00f6rlitzer Stra\u00dfenbahn<\/td><td>Andreas Riedel<\/td><td>Schweers+Wall<\/td><td>1997<\/td><\/tr><tr><td>O36<\/td><td>Hannovers Stra\u00dfenbahnen<\/td><td>Jutta Franke<\/td><td>transpress<\/td><td>1995<\/td><\/tr><tr><td>O37<\/td><td>Die Geschichte der Stra\u00dfenbahn in Hannover<\/td><td>Eisenbahnfreunde Hannover<\/td><td>Eigenverlag<\/td><td>1967<\/td><\/tr><tr><td>O38<\/td><td>Heidelberger Stra\u00dfenbahnen<\/td><td>Basten\/Jeanmaire<\/td><td>Eisenbahn<\/td><td>1986<\/td><\/tr><tr><td>O39<\/td><td>Stra\u00dfenbahnen in Heidelberg<\/td><td>Frank Muth<\/td><td>Geramond<\/td><td>2003<\/td><\/tr><tr><td>O40<\/td><td>50 Jahre Stra\u00dfenbahn Herne-Castrop-Rauxel\/120 Jahre Herner Nahverk.<\/td><td>Stra\u00dfenbahn Herne-Castrop-Rauxel<\/td><td>Eigenverlag<\/td><td>1956<\/td><\/tr><tr><td>O41<\/td><td>Die Stra\u00dfenbahn Hohenstein-Ernstthal-\u00d6lsnitz (Erzgebirge)<\/td><td>Schatz\/Scholze\/Karkuschke<\/td><td>Kenning<\/td><td>2003<\/td><\/tr><tr><td>O42<\/td><td>Vom Dampfross zum Triebwagen\/Holstein<\/td><td>Lau\/Hahn<\/td><td>Christians<\/td><td>1984<\/td><\/tr><tr><td>O43<\/td><td>Die Karlsruher Verkehrsbetriebe<\/td><td><\/td><td><\/td><td><\/td><\/tr><tr><td>O44<\/td><td>100 Jahre Stra\u00dfenbahn Karlsruhe 1877-1977<\/td><td>Stadtwerke Karlsruhe<\/td><td>Eigenverlag<\/td><td>1977<\/td><\/tr><tr><td>O45<\/td><td>Die Karlsruher Lokalbahn<\/td><td>Wolfram Chr. Geyer<\/td><td>regionalkultur<\/td><td>2006<\/td><\/tr><tr><td>O46<\/td><td>Die Herkulesbahn in Kassel<\/td><td>G.A.St\u00f6r<\/td><td>Johannes Stauda<\/td><td>1982<\/td><\/tr><tr><td>O47<\/td><td>Stra\u00dfenbahnen in Kassel<\/td><td>Wolfgang Kimpel<\/td><td>Geramond<\/td><td>2002<\/td><\/tr><tr><td>O48<\/td><td>Dampfbahn, Pferdebahn, elektr. Stra\u00dfenbahn 1877-1977\/Kassel<\/td><td>G.A.St\u00f6r\/Kassler Verkehrsges.<\/td><td>Eigenverlag<\/td><td>1977<\/td><\/tr><tr><td>O49<\/td><td>75 Jahre Kirnitzschtal 1898-1973<\/td><td>Verkehrsbetriebe der Stadt Bad Schandau<\/td><td>Eigenverlag<\/td><td>1973<\/td><\/tr><tr><td>O50<\/td><td>Gut, dass wir sie haben\/100 Jahre Stra\u00dfenbahn in Krefeld<\/td><td>Stadt. Werke Krefeld<\/td><td>Eigenverlag<\/td><td>2000<\/td><\/tr><tr><td>O51<\/td><td>Wagenpark der K\u00f6lner Stra\u00dfen- u. Vorortbahnen 1901-1990<\/td><td>Axel Reuther\/Arbeitsgem.Blickpunkt Stra\u00dfenbahn<\/td><td>Eigenverlag<\/td><td>1990<\/td><\/tr><tr><td>O52<\/td><td>K\u00f6lner Mobilit\u00e4t\/125 Jahre Bahnen und Busse<\/td><td>K\u00f6lner Verkehrsbetriebe AG<\/td><td>Dumont<\/td><td>2002<\/td><\/tr><tr><td>O53<\/td><td>100 Jahre K\u00f6lner Verkehrsbetriebe 1877-1977<\/td><td>K\u00f6lner Verkehrsbetriebe AG<\/td><td>Eigenverlag<\/td><td>1977<\/td><\/tr><tr><td>O54<\/td><td>Historischer Pferdewagen 95\/Leipzig<\/td><td>Diethard Krische\/Deustcher Modelleisenbahnverein<\/td><td>Eigenverlag<\/td><td>1982<\/td><\/tr><tr><td>O55<\/td><td>Historischer Triebwagen 308\/Leipzig<\/td><td>Diethard Krische\/Deustcher Modelleisenbahnverein<\/td><td>Eigenverlag<\/td><td>1982<\/td><\/tr><tr><td>O56<\/td><td>Historischer Triebwagen 500\/Leipzig<\/td><td>Diethard Krische\/Deustcher Modelleisenbahnverein<\/td><td>Eigenverlag<\/td><td>1983<\/td><\/tr><tr><td>O57<\/td><td>Magdeburger Stra\u00dfenbahnen<\/td><td>Klaus G\u00fcnther<\/td><td>Schweers+Wall<\/td><td>1999<\/td><\/tr><tr><td>O58<\/td><td>111 Jahre Mainzer \u00d6ffentlicher Personenverkehr 1883-1994<\/td><td>Harald Neise\/Stadtwerke Mainz<\/td><td>Eigenverlag<\/td><td>1994<\/td><\/tr><tr><td>O59<\/td><td>Stra\u00dfenbahnen in Karl-Marx-Stadt\/Chemnitz<\/td><td>Heiner Matthes<\/td><td>transpress<\/td><td>1986<\/td><\/tr><tr><td>O60<\/td><td>Stra\u00dfenbahn in M\u00f6nchengladbach<\/td><td>J\u00fcrgen Lehmann<\/td><td>Kenning<\/td><td>1997<\/td><\/tr><tr><td>O61<\/td><td>Stra\u00dfenbahn in M\u00fchlhausen (Th\u00fcringen)<\/td><td>Andreas M\u00f6ller<\/td><td>Kenning<\/td><td>1999<\/td><\/tr><tr><td>O62<\/td><td>90 Jahre Stra\u00dfenbahn M\u00fchlheim an der Ruhr<\/td><td>Betriebe der Stadt M\u00fchlheim<\/td><td>Eigenverlag<\/td><td>1988<\/td><\/tr><tr><td>O63<\/td><td>75 Jahre Stra\u00dfenbahn M\u00fchlheim an der Ruhr<\/td><td>Betriebe der Stadt M\u00fchlheim<\/td><td>Eigenverlag<\/td><td>1973<\/td><\/tr><tr><td>O64<\/td><td>Die Lokalbahn M\u00fchlheim-Badenweiler<\/td><td>Stefan Kirner<\/td><td>Kenning<\/td><td>2000<\/td><\/tr><tr><td>O65<\/td><td>75 Jahre elektr. Stra\u00dfenbahnbetrieb in Mannheim<\/td><td>Mannheimer Verkehrs AG<\/td><td>Eigenverlag<\/td><td>1975<\/td><\/tr><tr><td>O66<\/td><td>Auf Achse und Schiene\/100 Jahre Nahverkehr in Mannheim<\/td><td>Mannheimer Verkehrs AG<\/td><td>Eigenverlag<\/td><td>1978<\/td><\/tr><tr><td>O67<\/td><td>N\u00fcrnberg-Krakau und zur\u00fcck<\/td><td>AG Verkehrsaktiengesellschaft N\u00fcrnberg<\/td><td>Eigenverlag<\/td><td>1984<\/td><\/tr><tr><td>O68<\/td><td>Denkschrift zur Er\u00f6ffnung der Schnellsta\u00dfenbahn zw. N\u00fcrnberg und F\u00fcrth<\/td><td>N\u00fcrnberg-F\u00fcrther Stra\u00dfenbahn<\/td><td>Eigenverlag<\/td><td>1927<\/td><\/tr><tr><td>O69<\/td><td>N\u00fcrnberger Erinnerungen 6\/Verkehr und Technik<\/td><td>Autorenkollektiv<\/td><td>Hofmann<\/td><td>1995<\/td><\/tr><tr><td>O70<\/td><td>Die N\u00fcrnberger-F\u00fcrther-Stra\u00dfenbahn im Wandel der Zet<\/td><td>Freunde der N\u00fcrnberg-F\u00fcrther Stra\u00dfenbahn<\/td><td>Eigenverlag<\/td><td>1985<\/td><\/tr><tr><td>O71<\/td><td>Von der Pferdebahn zur Pegnitzpfeil<\/td><td>AG Verkehrsaktiengesellschaft N\u00fcrnberg<\/td><td>alba<\/td><td>1981<\/td><\/tr><tr><td>O72<\/td><td>Stra\u00dfenbahn in Oberhausen<\/td><td>Oehlert-Schellberg\/Kunig<\/td><td>Kenning<\/td><td>1997<\/td><\/tr><tr><td>O73<\/td><td>Die Ossnabr\u00fccker Stra\u00dfenbahn<\/td><td>Sp\u00fchr\/Jeanmaire<\/td><td>Eisenbahn<\/td><td>1980<\/td><\/tr><tr><td>O74<\/td><td>Stra\u00dfenbahnen in Lippe-Detmold + Paderborner Land<\/td><td>Werner Menninghaus<\/td><td>Uhle&amp;Kleimann<\/td><td>1986<\/td><\/tr><tr><td>O75<\/td><td>Stra\u00dfen-u. Kleinbahn in Pforzheim<\/td><td>Kurt Schwab<\/td><td>Kenning<\/td><td>1997<\/td><\/tr><tr><td>O76<\/td><td>Potsdamer Nahverkehr<\/td><td>Machel\/G\u00fcnther<\/td><td>Geramond<\/td><td>1999<\/td><\/tr><tr><td>O77<\/td><td>Die Regensburger Stra\u00dfenbahn<\/td><td>Walther Zeitler<\/td><td>Mittelbayr. Zeitung<\/td><td>1981<\/td><\/tr><tr><td>O78<\/td><td>Reutlinger Stra\u00dfenbahn<\/td><td>Gassmann\/Jeanmaire<\/td><td>Eisenbahn<\/td><td>1977<\/td><\/tr><tr><td>O79<\/td><td>111 Jahre Rostocker Stra\u00dfenbahn \/Chronik<\/td><td>Kurt Groppa\/Rostocker Stra\u00dfenbahn AG<\/td><td>Eigenverlag<\/td><td>1992<\/td><\/tr><tr><td>O80<\/td><td>Stra\u00dfenbahnen zwischen Rostock und G\u00f6rlitz<\/td><td>J\u00fcrgen H\u00f6rstel<\/td><td>transpress<\/td><td>1997<\/td><\/tr><tr><td>O81<\/td><td>100 Jahre Rostocker Stra\u00dfenbahn<\/td><td>Deutscher Modelleisenbahnverband<\/td><td>Eigenverlag<\/td><td><\/td><\/tr><tr><td>O82<\/td><td>Von der Pferdebahn zum Gelenkwagen<\/td><td>VEB Nahverkehr Rostock<\/td><td>Eigenverlag<\/td><td><\/td><\/tr><tr><td>O83<\/td><td>Stra\u00dfenbahnen im \u00f6stlichen Ruhrgebiet<\/td><td>Michael Schenk<\/td><td>Sutton<\/td><td>2004<\/td><\/tr><tr><td>O84<\/td><td>In Standardwagen und Sch\u00fcttelrutsche<\/td><td>Loos\/Klee\/Tilman\/H\u00f6ltge<\/td><td>DGEG Medien<\/td><td><\/td><\/tr><tr><td>O85<\/td><td>Stra\u00dfenbahnen im Ruhrgebiet<\/td><td>Dr. Hellmut Hartmann<\/td><td>alba<\/td><td>1975<\/td><\/tr><tr><td>O86<\/td><td>Stra\u00dfen.Bahnen in Schlesien<\/td><td>Siegfried Bufe<\/td><td>Motorbuch<\/td><td>1976<\/td><\/tr><tr><td>O87<\/td><td>Stra\u00dfenbahnen in Schlesien<\/td><td>Siegfried Bufe<\/td><td>Eigenverlag<\/td><td>1992<\/td><\/tr><tr><td>O88<\/td><td>Stra\u00dfenbahn in Schwelm im Bild<\/td><td>Gerhard Kleinhempel<\/td><td>Zaltbommel<\/td><td>1992<\/td><\/tr><tr><td>O89<\/td><td>Der O-Bus in Solingen<\/td><td>J\u00fcrgen Lehmann<\/td><td>Kenning<\/td><td>2002<\/td><\/tr><tr><td>O90<\/td><td>50 Jahre O-Bus in Solingen<\/td><td>Christian Walther<\/td><td>Eisenbahnkurier<\/td><td>2002<\/td><\/tr><tr><td>O91<\/td><td>Stra\u00dfenbahn in Sta\u00dffurt<\/td><td>Schatz\/Scholze\/Karkuschke<\/td><td>Kenning<\/td><td>2001<\/td><\/tr><tr><td>O92<\/td><td>Stra\u00dfenbahn in Stralsund<\/td><td>Grabowski\/Hammer<\/td><td>Kenning<\/td><td>2001<\/td><\/tr><tr><td>O93<\/td><td>Die Vestischen Stra\u00dfenbahnen<\/td><td>Oehlert-Schellberg<\/td><td>Kenning<\/td><td>1995<\/td><\/tr><tr><td>O94<\/td><td>Wuppertal Schwebebahn Album<\/td><td>Groneck\/Lohkemper<\/td><td>Eigenverlag<\/td><td>2007<\/td><\/tr><tr><td>O95<\/td><td>Die Wuppertaler Schwebebahn<\/td><td>Herbert G\u00fcnther<\/td><td>Sutton<\/td><td>2004<\/td><\/tr><tr><td>O96<\/td><td>Wuppertal und die Schwebebahn<\/td><td>Mies\/Jentsch<\/td><td>Schwarze<\/td><td>1972<\/td><\/tr><tr><td>O97<\/td><td>Die Schwebebahn in Wuppertal<\/td><td>Landeskonservator Wuppertal<\/td><td>Rheinlandverlag<\/td><td>1976<\/td><\/tr><tr><td>O98<\/td><td>100 Jahre Wiesbadener Verkehrsbetriebe 1875-1975<\/td><td>Stadtwerke Wiesbaden<\/td><td>Eigenverlag<\/td><td>1975<\/td><\/tr><tr><td>O99<\/td><td>Elektrische Stra\u00dfenbahn Schaffhausen-Schleitheim<\/td><td>Florian In\u00e4bnit<\/td><td>Prellbock<\/td><td>2000<\/td><\/tr><tr><td>100<\/td><td>U nter Strom<\/td><td>Karlsruher Stadtarchiv Band 20<\/td><td>Badenia<\/td><td>2000<\/td><\/tr><tr><td>101<\/td><td>Vom Zweisp\u00e4nner zur Stadtbahn<\/td><td>Leipziger Verkehrsbetriebe<\/td><td><\/td><td>1996<\/td><\/tr><tr><td>102<\/td><td>Von der Pferdebahn zum Gelenkzug<\/td><td><\/td><td><\/td><td>1965<\/td><\/tr><tr><td>103<\/td><td>Stra\u00dfenbahnerinnerungen<\/td><td>Harald Jungb\u00e4rs<\/td><td>Tourismusinfo<\/td><td>2004<\/td><\/tr><tr><td>104<\/td><td>Stra\u00dfenbahnen in Wuppertal<\/td><td>Bernhard Terjung<\/td><td>Kenning<\/td><td>1997<\/td><\/tr><tr><td>105<\/td><td>Von der Pferdebahn zum Tatrazug<\/td><td>Erfurter Verkehrsbetriebe AG<\/td><td>VEB<\/td><td>1983<\/td><\/tr><tr><td>106<\/td><td>Stra\u00dfenbahn in Zwickau<\/td><td>Klaus Reichenbach<\/td><td>Kenning<\/td><td>1997<\/td><\/tr><\/tbody><\/table><\/figure>\n","protected":false},"excerpt":{"rendered":"<p>J.6 Deutschland div. St\u00e4dte OO1 Die Achener Stra\u00dfenbahn im Bild A. Weijts Zaltbommel 2000 OO2 Achener Stra\u00dfenbahn\/Band 1 Geschichte Reiner Bimmermann Schweers+Wall 1999 OO3 Einmal K\u00f6nigsplatz und zur\u00fcck\/Augsburg Albrecht Sappel alba 1981 OO4 Die Bielefelder Stra\u00dfenbahn im Wandel der Zeit Rainer Kotte Uhle&amp;Kleimann 1989 OO5 Verbindungen in Bochum 1896-1996 Bogestra 1996 OO6 Stra\u00dfenbahnen in Bonn [&hellip;]<\/p>\n","protected":false},"author":2,"featured_media":0,"parent":0,"menu_order":0,"comment_status":"closed","ping_status":"closed","template":"","meta":{"footnotes":""},"class_list":["post-2803","page","type-page","status-publish","hentry"],"yoast_head":"<!-- This site is optimized with the Yoast SEO plugin v27.4 - https:\/\/yoast.com\/product\/yoast-seo-wordpress\/ -->\n<title>Deutschland, div. St\u00e4dte - EBFL<\/title>\n<meta name=\"robots\" content=\"index, follow, max-snippet:-1, max-image-preview:large, max-video-preview:-1\" \/>\n<link rel=\"canonical\" href=\"https:\/\/ebfl.at\/index.php\/deutschland-div-staedte\/\" \/>\n<meta property=\"og:locale\" content=\"de_DE\" \/>\n<meta property=\"og:type\" content=\"article\" \/>\n<meta property=\"og:title\" content=\"Deutschland, div. St\u00e4dte - EBFL\" \/>\n<meta property=\"og:description\" content=\"J.6 Deutschland div. St\u00e4dte OO1 Die Achener Stra\u00dfenbahn im Bild A. Weijts Zaltbommel 2000 OO2 Achener Stra\u00dfenbahn\/Band 1 Geschichte Reiner Bimmermann Schweers+Wall 1999 OO3 Einmal K\u00f6nigsplatz und zur\u00fcck\/Augsburg Albrecht Sappel alba 1981 OO4 Die Bielefelder Stra\u00dfenbahn im Wandel der Zeit Rainer Kotte Uhle&amp;Kleimann 1989 OO5 Verbindungen in Bochum 1896-1996 Bogestra 1996 OO6 Stra\u00dfenbahnen in Bonn [&hellip;]\" \/>\n<meta property=\"og:url\" content=\"https:\/\/ebfl.at\/index.php\/deutschland-div-staedte\/\" \/>\n<meta property=\"og:site_name\" content=\"EBFL\" \/>\n<meta property=\"article:publisher\" content=\"https:\/\/www.facebook.com\/pages\/category\/History-Museum\/EBFLat-301838060596265\/\" \/>\n<meta property=\"article:modified_time\" content=\"2021-05-04T17:50:00+00:00\" \/>\n<meta name=\"twitter:card\" content=\"summary_large_image\" \/>\n<meta name=\"twitter:label1\" content=\"Gesch\u00e4tzte Lesezeit\" \/>\n\t<meta name=\"twitter:data1\" content=\"5\u00a0Minuten\" \/>\n<script type=\"application\/ld+json\" class=\"yoast-schema-graph\">{\"@context\":\"https:\\\/\\\/schema.org\",\"@graph\":[{\"@type\":\"WebPage\",\"@id\":\"https:\\\/\\\/ebfl.at\\\/index.php\\\/deutschland-div-staedte\\\/\",\"url\":\"https:\\\/\\\/ebfl.at\\\/index.php\\\/deutschland-div-staedte\\\/\",\"name\":\"Deutschland, div. St\u00e4dte - EBFL\",\"isPartOf\":{\"@id\":\"https:\\\/\\\/ebfl.at\\\/#website\"},\"datePublished\":\"2021-05-04T17:49:59+00:00\",\"dateModified\":\"2021-05-04T17:50:00+00:00\",\"breadcrumb\":{\"@id\":\"https:\\\/\\\/ebfl.at\\\/index.php\\\/deutschland-div-staedte\\\/#breadcrumb\"},\"inLanguage\":\"de\",\"potentialAction\":[{\"@type\":\"ReadAction\",\"target\":[\"https:\\\/\\\/ebfl.at\\\/index.php\\\/deutschland-div-staedte\\\/\"]}]},{\"@type\":\"BreadcrumbList\",\"@id\":\"https:\\\/\\\/ebfl.at\\\/index.php\\\/deutschland-div-staedte\\\/#breadcrumb\",\"itemListElement\":[{\"@type\":\"ListItem\",\"position\":1,\"name\":\"Startseite\",\"item\":\"https:\\\/\\\/ebfl.at\\\/\"},{\"@type\":\"ListItem\",\"position\":2,\"name\":\"Deutschland, div. St\u00e4dte\"}]},{\"@type\":\"WebSite\",\"@id\":\"https:\\\/\\\/ebfl.at\\\/#website\",\"url\":\"https:\\\/\\\/ebfl.at\\\/\",\"name\":\"EBFL Eisenbahnfreunde Lienz\",\"description\":\"Verein der Eisenbahnfreunde in Lienz\",\"publisher\":{\"@id\":\"https:\\\/\\\/ebfl.at\\\/#organization\"},\"potentialAction\":[{\"@type\":\"SearchAction\",\"target\":{\"@type\":\"EntryPoint\",\"urlTemplate\":\"https:\\\/\\\/ebfl.at\\\/?s={search_term_string}\"},\"query-input\":{\"@type\":\"PropertyValueSpecification\",\"valueRequired\":true,\"valueName\":\"search_term_string\"}}],\"inLanguage\":\"de\"},{\"@type\":\"Organization\",\"@id\":\"https:\\\/\\\/ebfl.at\\\/#organization\",\"name\":\"EBFL - Eisenbahnfreunde Lienz\",\"url\":\"https:\\\/\\\/ebfl.at\\\/\",\"logo\":{\"@type\":\"ImageObject\",\"inLanguage\":\"de\",\"@id\":\"https:\\\/\\\/ebfl.at\\\/#\\\/schema\\\/logo\\\/image\\\/\",\"url\":\"https:\\\/\\\/ebfl.at\\\/wp-content\\\/uploads\\\/2019\\\/01\\\/Eisenbahnfreunde-Lienz.jpg\",\"contentUrl\":\"https:\\\/\\\/ebfl.at\\\/wp-content\\\/uploads\\\/2019\\\/01\\\/Eisenbahnfreunde-Lienz.jpg\",\"width\":1087,\"height\":480,\"caption\":\"EBFL - Eisenbahnfreunde Lienz\"},\"image\":{\"@id\":\"https:\\\/\\\/ebfl.at\\\/#\\\/schema\\\/logo\\\/image\\\/\"},\"sameAs\":[\"https:\\\/\\\/www.facebook.com\\\/pages\\\/category\\\/History-Museum\\\/EBFLat-301838060596265\\\/\"]}]}<\/script>\n<!-- \/ Yoast SEO plugin. -->","yoast_head_json":{"title":"Deutschland, div. St\u00e4dte - EBFL","robots":{"index":"index","follow":"follow","max-snippet":"max-snippet:-1","max-image-preview":"max-image-preview:large","max-video-preview":"max-video-preview:-1"},"canonical":"https:\/\/ebfl.at\/index.php\/deutschland-div-staedte\/","og_locale":"de_DE","og_type":"article","og_title":"Deutschland, div. St\u00e4dte - EBFL","og_description":"J.6 Deutschland div. St\u00e4dte OO1 Die Achener Stra\u00dfenbahn im Bild A. Weijts Zaltbommel 2000 OO2 Achener Stra\u00dfenbahn\/Band 1 Geschichte Reiner Bimmermann Schweers+Wall 1999 OO3 Einmal K\u00f6nigsplatz und zur\u00fcck\/Augsburg Albrecht Sappel alba 1981 OO4 Die Bielefelder Stra\u00dfenbahn im Wandel der Zeit Rainer Kotte Uhle&amp;Kleimann 1989 OO5 Verbindungen in Bochum 1896-1996 Bogestra 1996 OO6 Stra\u00dfenbahnen in Bonn [&hellip;]","og_url":"https:\/\/ebfl.at\/index.php\/deutschland-div-staedte\/","og_site_name":"EBFL","article_publisher":"https:\/\/www.facebook.com\/pages\/category\/History-Museum\/EBFLat-301838060596265\/","article_modified_time":"2021-05-04T17:50:00+00:00","twitter_card":"summary_large_image","twitter_misc":{"Gesch\u00e4tzte Lesezeit":"5\u00a0Minuten"},"schema":{"@context":"https:\/\/schema.org","@graph":[{"@type":"WebPage","@id":"https:\/\/ebfl.at\/index.php\/deutschland-div-staedte\/","url":"https:\/\/ebfl.at\/index.php\/deutschland-div-staedte\/","name":"Deutschland, div. St\u00e4dte - EBFL","isPartOf":{"@id":"https:\/\/ebfl.at\/#website"},"datePublished":"2021-05-04T17:49:59+00:00","dateModified":"2021-05-04T17:50:00+00:00","breadcrumb":{"@id":"https:\/\/ebfl.at\/index.php\/deutschland-div-staedte\/#breadcrumb"},"inLanguage":"de","potentialAction":[{"@type":"ReadAction","target":["https:\/\/ebfl.at\/index.php\/deutschland-div-staedte\/"]}]},{"@type":"BreadcrumbList","@id":"https:\/\/ebfl.at\/index.php\/deutschland-div-staedte\/#breadcrumb","itemListElement":[{"@type":"ListItem","position":1,"name":"Startseite","item":"https:\/\/ebfl.at\/"},{"@type":"ListItem","position":2,"name":"Deutschland, div. St\u00e4dte"}]},{"@type":"WebSite","@id":"https:\/\/ebfl.at\/#website","url":"https:\/\/ebfl.at\/","name":"EBFL Eisenbahnfreunde Lienz","description":"Verein der Eisenbahnfreunde in Lienz","publisher":{"@id":"https:\/\/ebfl.at\/#organization"},"potentialAction":[{"@type":"SearchAction","target":{"@type":"EntryPoint","urlTemplate":"https:\/\/ebfl.at\/?s={search_term_string}"},"query-input":{"@type":"PropertyValueSpecification","valueRequired":true,"valueName":"search_term_string"}}],"inLanguage":"de"},{"@type":"Organization","@id":"https:\/\/ebfl.at\/#organization","name":"EBFL - Eisenbahnfreunde Lienz","url":"https:\/\/ebfl.at\/","logo":{"@type":"ImageObject","inLanguage":"de","@id":"https:\/\/ebfl.at\/#\/schema\/logo\/image\/","url":"https:\/\/ebfl.at\/wp-content\/uploads\/2019\/01\/Eisenbahnfreunde-Lienz.jpg","contentUrl":"https:\/\/ebfl.at\/wp-content\/uploads\/2019\/01\/Eisenbahnfreunde-Lienz.jpg","width":1087,"height":480,"caption":"EBFL - Eisenbahnfreunde Lienz"},"image":{"@id":"https:\/\/ebfl.at\/#\/schema\/logo\/image\/"},"sameAs":["https:\/\/www.facebook.com\/pages\/category\/History-Museum\/EBFLat-301838060596265\/"]}]}},"_links":{"self":[{"href":"https:\/\/ebfl.at\/index.php\/wp-json\/wp\/v2\/pages\/2803","targetHints":{"allow":["GET"]}}],"collection":[{"href":"https:\/\/ebfl.at\/index.php\/wp-json\/wp\/v2\/pages"}],"about":[{"href":"https:\/\/ebfl.at\/index.php\/wp-json\/wp\/v2\/types\/page"}],"author":[{"embeddable":true,"href":"https:\/\/ebfl.at\/index.php\/wp-json\/wp\/v2\/users\/2"}],"replies":[{"embeddable":true,"href":"https:\/\/ebfl.at\/index.php\/wp-json\/wp\/v2\/comments?post=2803"}],"version-history":[{"count":1,"href":"https:\/\/ebfl.at\/index.php\/wp-json\/wp\/v2\/pages\/2803\/revisions"}],"predecessor-version":[{"id":2804,"href":"https:\/\/ebfl.at\/index.php\/wp-json\/wp\/v2\/pages\/2803\/revisions\/2804"}],"wp:attachment":[{"href":"https:\/\/ebfl.at\/index.php\/wp-json\/wp\/v2\/media?parent=2803"}],"curies":[{"name":"wp","href":"https:\/\/api.w.org\/{rel}","templated":true}]}}