{"id":2806,"date":"2021-05-04T19:51:46","date_gmt":"2021-05-04T17:51:46","guid":{"rendered":"https:\/\/ebfl.at\/?page_id=2806"},"modified":"2021-05-04T19:51:47","modified_gmt":"2021-05-04T17:51:47","slug":"strassenb-u-u-s-bahnen-in-d-allg","status":"publish","type":"page","link":"https:\/\/ebfl.at\/index.php\/strassenb-u-u-s-bahnen-in-d-allg\/","title":{"rendered":"Stra\u00dfenb., U-u.S-Bahnen in D allg."},"content":{"rendered":"\n<figure class=\"wp-block-table is-style-regular\"><table><tbody><tr><td><strong><\/strong><\/td><td><strong>J.7 Stra\u00dfenbahnen, U- und S-Bahnen Deutschland allgemein<\/strong><\/td><td><strong><\/strong><\/td><td><strong><\/strong><\/td><td><strong><\/strong><\/td><\/tr><tr><td>OO1<\/td><td>Chronik der Stra\u00dfenbahn<\/td><td>P.H. Prasuhn<\/td><td>M.&amp;H. Schaper<\/td><td>1969<\/td><\/tr><tr><td>OO2<\/td><td>Tramway Lokomotiven<\/td><td>Walter Hefti<\/td><td>Birkh\u00e4user<\/td><td>1980<\/td><\/tr><tr><td>OO3<\/td><td>Von der Pferdeeisenbahn zur Schnell-Stra\u00dfenbahn<\/td><td>Hendlmeier<\/td><td>Eigenverlag<\/td><td>1968<\/td><\/tr><tr><td>OO4<\/td><td>Moderne Stra\u00dfenbahnen\/Gro\u00dfraum- und Gelenkwagen<\/td><td>F.van der Gragt<\/td><td>alba<\/td><td>1973<\/td><\/tr><tr><td>OO5<\/td><td>Die Deutschen Stra\u00dfenbahn-Gelenkwagen<\/td><td>Dieter H\u00f6ltge<\/td><td>Kohlhammer<\/td><td>1983<\/td><\/tr><tr><td>OO6<\/td><td>50 Jahre Einheitsstra\u00dfenbahnwagen<\/td><td>Bauer\/Schmidt<\/td><td>Eisenbahnkurier<\/td><td>1994<\/td><\/tr><tr><td>OO7<\/td><td>Zauber der Trambahn<\/td><td>J\u00fcrgen Krantz<\/td><td>transpress<\/td><td>2000<\/td><\/tr><tr><td>OO8<\/td><td>Trambahn-Album<\/td><td>Alfred B. Gottwald<\/td><td>transpress<\/td><td>2001<\/td><\/tr><tr><td>OO9<\/td><td>Trambahn-Album<\/td><td>Alfred B. Gottwald<\/td><td>Motorbuch<\/td><td>1992<\/td><\/tr><tr><td>O10<\/td><td>Stra\u00dfenbahnen in den vierziger Jahren<\/td><td>Verband deutscher Verkehrsamateure<\/td><td>Hauschild<\/td><td>1999<\/td><\/tr><tr><td>O11<\/td><td>Stra\u00dfenbahnen in den f\u00fcnfziger Jahren<\/td><td>Axel Reuther<\/td><td>Hauschild<\/td><td>2006<\/td><\/tr><tr><td>O12<\/td><td>Handbuch Stra\u00dfenbahn<\/td><td>Ivo K\u00f6hler<\/td><td>Geramond<\/td><td>2006<\/td><\/tr><tr><td>O13<\/td><td>Autobusse im Linienverkehr<\/td><td>Hartmann\/Reichardt\/Waltking<\/td><td>alba<\/td><td>1978<\/td><\/tr><tr><td>O14<\/td><td>Elektrische Stra\u00dfenbahnen mit Abbildungen<\/td><td>Miniaturbibliothek\/Druckerei Gutenberg<\/td><td><\/td><td><\/td><\/tr><tr><td>O15<\/td><td>Taschenbuch Deutsche Stra\u00dfenbahn- Triebwagen 1881-1931<\/td><td>Martin Pabst<\/td><td>franckh<\/td><td>1981<\/td><\/tr><tr><td>O16<\/td><td>Taschenbuch Deutsche Stra\u00dfenbahn- Triebwagen 2 1931-bis heute<\/td><td>Martin Pabst<\/td><td>franckh<\/td><td>1982<\/td><\/tr><tr><td>O17<\/td><td>Taschenbuch Deutsche Stra\u00dfenbahn- Beiwagen<\/td><td>Martin Pabst<\/td><td>franckh<\/td><td>1984<\/td><\/tr><tr><td>O18<\/td><td>Stra\u00dfenbahnatlas Deuschland 1992<\/td><td>Blickpunkt Stra\u00dfenbahn<\/td><td>Eigenverlag<\/td><td>1992<\/td><\/tr><tr><td>O19<\/td><td>Stra\u00dfenbahnatlas Deuschland 1996<\/td><td>Blickpunkt Stra\u00dfenbahn<\/td><td>Eigenverlag<\/td><td>1996<\/td><\/tr><tr><td>O20<\/td><td>Stra\u00dfenbahn Archiv 3<\/td><td>Autorenkollektiv<\/td><td>Zeunert<\/td><td>1984<\/td><\/tr><tr><td>O21<\/td><td>Stra\u00dfenbahn Archiv 6<\/td><td>Autorenkollektiv<\/td><td>transpress<\/td><td>1986<\/td><\/tr><tr><td>O22<\/td><td>Stra\u00dfenbahn Archiv 7<\/td><td>Autorenkollektiv<\/td><td>transpress<\/td><td>1989<\/td><\/tr><tr><td>O23<\/td><td>Stra\u00dfen- u. Stadtbahnen in Deutschland\/Hessen<\/td><td>H\u00f6ltge\/K\u00f6hler<\/td><td>Eisenbahnkurier<\/td><td>1992<\/td><\/tr><tr><td>O24<\/td><td>Stra\u00dfen- u. Stadtbahnen in Deutschland\/Niedersachsen\/Bremen<\/td><td>Dieter H\u00f6ltge<\/td><td>Eisenbahnkurier<\/td><td>1992<\/td><\/tr><tr><td>O25<\/td><td>Stra\u00dfen- u. Stadtbahnen in Deutschland\/Westfalen<\/td><td>Dieter H\u00f6ltge<\/td><td>Eisenbahnkurier<\/td><td>1990<\/td><\/tr><tr><td>O26<\/td><td>Stra\u00dfen- u. Stadtbahnen in Deutschland\/Ruhrgebiet<\/td><td>Dieter H\u00f6ltge<\/td><td>Eisenbahnkurier<\/td><td>1994<\/td><\/tr><tr><td>O27<\/td><td>Stra\u00dfen- u. Stadtbahnen in Deutschland\/Bergisches+Siegerland<\/td><td>Dieter H\u00f6ltge<\/td><td>Eisenbahnkurier<\/td><td>1996<\/td><\/tr><tr><td>O28<\/td><td>Stra\u00dfen- u. Stadtbahnen in Deutschland\/Baden<\/td><td>Dieter H\u00f6ltge<\/td><td>Eisenbahnkurier<\/td><td>1999<\/td><\/tr><tr><td>O29<\/td><td>Stra\u00dfen- u. Stadtbahnen in Deutschland\/K\u00f6ln, D\u00fcren, Achen<\/td><td>H\u00f6ltge\/Reuther<\/td><td>Eisenbahnkurier<\/td><td>2001<\/td><\/tr><tr><td>O30<\/td><td>Stra\u00dfen- u. Stadtbahnen in Deutschland\/Schleswig-Holstein<\/td><td>Dieter H\u00f6ltge<\/td><td>Eisenbahnkurier<\/td><td>2002<\/td><\/tr><tr><td>O31<\/td><td>Stra\u00dfen- u. Stadtbahnen in Deutschland\/Niederrhein<\/td><td>H\u00f6ltge\/Kochems<\/td><td>Eisenbahnkurier<\/td><td>2004<\/td><\/tr><tr><td>O32<\/td><td>Stra\u00dfen- u. Stadtbahnen in Deutschland\/Bayern<\/td><td>H\u00f6ltge\/Kochems<\/td><td>Eisenbahnkurier<\/td><td>2006<\/td><\/tr><tr><td>O33<\/td><td>Die sch\u00f6nsten Stra\u00dfenbahnen der Welt<\/td><td>Wolfgang Kaiser<\/td><td>Geramond<\/td><td>2002<\/td><\/tr><tr><td>O34<\/td><td>Stra\u00dfenbahn-u. Stadtfahrzeuge 1948-2005<\/td><td>Axel Reuther<\/td><td>Geramond<\/td><td>2005<\/td><\/tr><tr><td>O35<\/td><td>Stra\u00dfenbahnen zu Ulbrichts Zeiten<\/td><td>Wiegard\/Heym<\/td><td>Geramond<\/td><td>2002<\/td><\/tr><tr><td>O36<\/td><td>Stra\u00dfenbahnen im Wirtschaftswunderland<\/td><td>Martin Pabst<\/td><td>Geramond<\/td><td>2004<\/td><\/tr><tr><td>O37<\/td><td>Gr\u00fcnes Licht f\u00fcr die Stra\u00dfenbahn<\/td><td>Vcoffey\/Kuchwalek<\/td><td>Verlag f\u00fcr Gesellschaftskritik<\/td><td>1992<\/td><\/tr><tr><td>O38<\/td><td>Unter dem Fahrdraht<\/td><td>Herbert Cappel\/Wuppertaler Stadtwerke<\/td><td>Eigenverlag<\/td><td>1987<\/td><\/tr><tr><td>O39<\/td><td>Stra\u00dfenbahn Erinnerungen<\/td><td>Bosetzky\/Gottwaldt<\/td><td>Jaron<\/td><td>1997<\/td><\/tr><tr><td>O40<\/td><td>Stra\u00dfenbahnwagen in deutsch-sprachigen L\u00e4ndern<\/td><td>Richard J.Buckley<\/td><td>Turntable Publications<\/td><td>1977<\/td><\/tr><tr><td>O41<\/td><td>Stra\u00dfenbahnen ind Ost- u. Westpreu\u00dfen<\/td><td>Siegfried Bufe<\/td><td>Eigenverlag<\/td><td>1992<\/td><\/tr><tr><td>O42<\/td><td>Stadtbahnen in Deutschland<\/td><td>BM f\u00fcr Verkehr, Bau- u. Wohnungswesen<\/td><td>Eigenverlag<\/td><td>2000<\/td><\/tr><tr><td>O43<\/td><td>PCC Stra\u00dfenbahnen\/Sammlung Nahverkehrspraxis<\/td><td><\/td><td><\/td><td><\/td><\/tr><tr><td>O44<\/td><td>Deutschlands S-Bahnen<\/td><td>Janikowski\/Ott<\/td><td>transpress<\/td><td>2002<\/td><\/tr><tr><td>O45<\/td><td>Deutschlands S-Bahnen<\/td><td>Janikowski\/Ott<\/td><td>transpress<\/td><td>1994<\/td><\/tr><tr><td>O46<\/td><td>S-Bahn Triebz\u00fcge<\/td><td>Daniel Riechers<\/td><td>transpress<\/td><td>2000<\/td><\/tr><tr><td>O47<\/td><td>Schnellbahnen in Deutschland<\/td><td>Robert Schwandl<\/td><td>Eigenverlag<\/td><td>2007<\/td><\/tr><tr><td>O48<\/td><td>S-Bahnen in Deutschland\/Planung.Bau.Betrieb<\/td><td>Schreck\/Meyer\/Strumpf<\/td><td>alba<\/td><td>1979<\/td><\/tr><tr><td>O49<\/td><td>O-Bus-Anlagen in Deutschland<\/td><td>Werner Stock<\/td><td>Busch<\/td><td>1987<\/td><\/tr><tr><td>O50<\/td><td>Oberleitungs-Omnibus<\/td><td>Schiffer<\/td><td>R\u00f6hr<\/td><td>1982<\/td><\/tr><tr><td>O51<\/td><td>Der Oberleitungs-Omnibus<\/td><td>Verkehrsmuseum Dresden\/Matthes<\/td><td>Eigenverlag<\/td><td>1979<\/td><\/tr><tr><td>O52<\/td><td>Von der Gleislosen zum Oberleitungsomnibus<\/td><td>Gerhard Bauer<\/td><td>Eigenverlag<\/td><td>1997<\/td><\/tr><tr><td>O53<\/td><td>d`r Dr\u00fcderscher Tr\u00e0m\/franz. Deutsch<\/td><td>Maison du Kochersberg<\/td><td><\/td><td><\/td><\/tr><tr><td>O54<\/td><td>Traumnostalgie DDR<\/td><td>Frits van der Gragt<\/td><td>Schweers&amp;Wall<\/td><td>2002<\/td><\/tr><tr><td>O55<\/td><td>Die Stra\u00dfenbahnen in der DDR<\/td><td><\/td><td>Motorbuch<\/td><td>1978<\/td><\/tr><tr><td>O56<\/td><td>Stra\u00dfenbahnen zu Honeckers Zeiten<\/td><td>Wiegard\/Heym<\/td><td>Geramond<\/td><td>2006<\/td><\/tr><tr><td>O57<\/td><td>Die Stadtbahnwagen der Typen M+N<\/td><td>Michael Kochems<\/td><td>transpress<\/td><td>2005<\/td><\/tr><tr><td>O58<\/td><td>Die Stara\u00dfenbahnen in Ostdeutschland<\/td><td>Bauer\/Kuschinski<\/td><td>Schweers&amp;Wall<\/td><td>1995<\/td><\/tr><tr><td>O59<\/td><td>Mit der Tram ins n\u00e4chste Jahrtausend<\/td><td>Schott\/Klein<\/td><td>Eigenverlag<\/td><td>1998<\/td><\/tr><tr><td>O60<\/td><td>Stra\u00dfenbahnen in Deutschland<\/td><td>Dieter Waltking<\/td><td>alba<\/td><td>1969<\/td><\/tr><tr><td>O61<\/td><td>Die Stra\u00dfenbahnen Bayerns in alten Ansichten<\/td><td>G\u00fctner Klebes<\/td><td>Zaltbommel<\/td><td><\/td><\/tr><tr><td>O62<\/td><td>Stra\u00dfenbahnen im Spiegel alter Postkarten<\/td><td>Dierk Lawrenz<\/td><td>Olms<\/td><td>1978<\/td><\/tr><tr><td>O63<\/td><td>S\u00e4chsische \u00dcberlandstra\u00dfenbahnen seit 1898<\/td><td>Helmut K. Mi\u00dfbach<\/td><td>transpress<\/td><td>2004<\/td><\/tr><tr><td>O64<\/td><td>Stra\u00dfenbahnfahrzeuge Band 1 Typenbuch<\/td><td>Martin Pabst<\/td><td>Geramond<\/td><td>1998<\/td><\/tr><tr><td>O65<\/td><td>Stra\u00dfenbahnfahrzeuge Band 2 Niederflur-u.Stadtbahnwagen<\/td><td>Martin Pabst<\/td><td>Geramond<\/td><td>1998<\/td><\/tr><tr><td>O66<\/td><td>Stra\u00dfenbahnfahrzeuge Band 3 Deutsche Museumswagen<\/td><td>Martin Pabst<\/td><td>Geramond<\/td><td>1999<\/td><\/tr><tr><td>O67<\/td><td>U-U. S-Bahn-Fahrzeuge in D<\/td><td>Martin Pabst<\/td><td>Geramond<\/td><td>2000<\/td><\/tr><\/tbody><\/table><\/figure>\n","protected":false},"excerpt":{"rendered":"<p>J.7 Stra\u00dfenbahnen, U- und S-Bahnen Deutschland allgemein OO1 Chronik der Stra\u00dfenbahn P.H. Prasuhn M.&amp;H. Schaper 1969 OO2 Tramway Lokomotiven Walter Hefti Birkh\u00e4user 1980 OO3 Von der Pferdeeisenbahn zur Schnell-Stra\u00dfenbahn Hendlmeier Eigenverlag 1968 OO4 Moderne Stra\u00dfenbahnen\/Gro\u00dfraum- und Gelenkwagen F.van der Gragt alba 1973 OO5 Die Deutschen Stra\u00dfenbahn-Gelenkwagen Dieter H\u00f6ltge Kohlhammer 1983 OO6 50 Jahre Einheitsstra\u00dfenbahnwagen Bauer\/Schmidt [&hellip;]<\/p>\n","protected":false},"author":2,"featured_media":0,"parent":0,"menu_order":0,"comment_status":"closed","ping_status":"closed","template":"","meta":{"footnotes":""},"class_list":["post-2806","page","type-page","status-publish","hentry"],"yoast_head":"<!-- This site is optimized with the Yoast SEO plugin v27.4 - https:\/\/yoast.com\/product\/yoast-seo-wordpress\/ -->\n<title>Stra\u00dfenb., U-u.S-Bahnen in D allg. - EBFL<\/title>\n<meta name=\"robots\" content=\"index, follow, max-snippet:-1, max-image-preview:large, max-video-preview:-1\" \/>\n<link rel=\"canonical\" href=\"https:\/\/ebfl.at\/index.php\/strassenb-u-u-s-bahnen-in-d-allg\/\" \/>\n<meta property=\"og:locale\" content=\"de_DE\" \/>\n<meta property=\"og:type\" content=\"article\" \/>\n<meta property=\"og:title\" content=\"Stra\u00dfenb., U-u.S-Bahnen in D allg. - EBFL\" \/>\n<meta property=\"og:description\" content=\"J.7 Stra\u00dfenbahnen, U- und S-Bahnen Deutschland allgemein OO1 Chronik der Stra\u00dfenbahn P.H. Prasuhn M.&amp;H. Schaper 1969 OO2 Tramway Lokomotiven Walter Hefti Birkh\u00e4user 1980 OO3 Von der Pferdeeisenbahn zur Schnell-Stra\u00dfenbahn Hendlmeier Eigenverlag 1968 OO4 Moderne Stra\u00dfenbahnen\/Gro\u00dfraum- und Gelenkwagen F.van der Gragt alba 1973 OO5 Die Deutschen Stra\u00dfenbahn-Gelenkwagen Dieter H\u00f6ltge Kohlhammer 1983 OO6 50 Jahre Einheitsstra\u00dfenbahnwagen Bauer\/Schmidt [&hellip;]\" \/>\n<meta property=\"og:url\" content=\"https:\/\/ebfl.at\/index.php\/strassenb-u-u-s-bahnen-in-d-allg\/\" \/>\n<meta property=\"og:site_name\" content=\"EBFL\" \/>\n<meta property=\"article:publisher\" content=\"https:\/\/www.facebook.com\/pages\/category\/History-Museum\/EBFLat-301838060596265\/\" \/>\n<meta property=\"article:modified_time\" content=\"2021-05-04T17:51:47+00:00\" \/>\n<meta name=\"twitter:card\" content=\"summary_large_image\" \/>\n<meta name=\"twitter:label1\" content=\"Gesch\u00e4tzte Lesezeit\" \/>\n\t<meta name=\"twitter:data1\" content=\"3\u00a0Minuten\" \/>\n<script type=\"application\/ld+json\" class=\"yoast-schema-graph\">{\"@context\":\"https:\\\/\\\/schema.org\",\"@graph\":[{\"@type\":\"WebPage\",\"@id\":\"https:\\\/\\\/ebfl.at\\\/index.php\\\/strassenb-u-u-s-bahnen-in-d-allg\\\/\",\"url\":\"https:\\\/\\\/ebfl.at\\\/index.php\\\/strassenb-u-u-s-bahnen-in-d-allg\\\/\",\"name\":\"Stra\u00dfenb., U-u.S-Bahnen in D allg. - EBFL\",\"isPartOf\":{\"@id\":\"https:\\\/\\\/ebfl.at\\\/#website\"},\"datePublished\":\"2021-05-04T17:51:46+00:00\",\"dateModified\":\"2021-05-04T17:51:47+00:00\",\"breadcrumb\":{\"@id\":\"https:\\\/\\\/ebfl.at\\\/index.php\\\/strassenb-u-u-s-bahnen-in-d-allg\\\/#breadcrumb\"},\"inLanguage\":\"de\",\"potentialAction\":[{\"@type\":\"ReadAction\",\"target\":[\"https:\\\/\\\/ebfl.at\\\/index.php\\\/strassenb-u-u-s-bahnen-in-d-allg\\\/\"]}]},{\"@type\":\"BreadcrumbList\",\"@id\":\"https:\\\/\\\/ebfl.at\\\/index.php\\\/strassenb-u-u-s-bahnen-in-d-allg\\\/#breadcrumb\",\"itemListElement\":[{\"@type\":\"ListItem\",\"position\":1,\"name\":\"Startseite\",\"item\":\"https:\\\/\\\/ebfl.at\\\/\"},{\"@type\":\"ListItem\",\"position\":2,\"name\":\"Stra\u00dfenb., U-u.S-Bahnen in D allg.\"}]},{\"@type\":\"WebSite\",\"@id\":\"https:\\\/\\\/ebfl.at\\\/#website\",\"url\":\"https:\\\/\\\/ebfl.at\\\/\",\"name\":\"EBFL Eisenbahnfreunde Lienz\",\"description\":\"Verein der Eisenbahnfreunde in Lienz\",\"publisher\":{\"@id\":\"https:\\\/\\\/ebfl.at\\\/#organization\"},\"potentialAction\":[{\"@type\":\"SearchAction\",\"target\":{\"@type\":\"EntryPoint\",\"urlTemplate\":\"https:\\\/\\\/ebfl.at\\\/?s={search_term_string}\"},\"query-input\":{\"@type\":\"PropertyValueSpecification\",\"valueRequired\":true,\"valueName\":\"search_term_string\"}}],\"inLanguage\":\"de\"},{\"@type\":\"Organization\",\"@id\":\"https:\\\/\\\/ebfl.at\\\/#organization\",\"name\":\"EBFL - Eisenbahnfreunde Lienz\",\"url\":\"https:\\\/\\\/ebfl.at\\\/\",\"logo\":{\"@type\":\"ImageObject\",\"inLanguage\":\"de\",\"@id\":\"https:\\\/\\\/ebfl.at\\\/#\\\/schema\\\/logo\\\/image\\\/\",\"url\":\"https:\\\/\\\/ebfl.at\\\/wp-content\\\/uploads\\\/2019\\\/01\\\/Eisenbahnfreunde-Lienz.jpg\",\"contentUrl\":\"https:\\\/\\\/ebfl.at\\\/wp-content\\\/uploads\\\/2019\\\/01\\\/Eisenbahnfreunde-Lienz.jpg\",\"width\":1087,\"height\":480,\"caption\":\"EBFL - Eisenbahnfreunde Lienz\"},\"image\":{\"@id\":\"https:\\\/\\\/ebfl.at\\\/#\\\/schema\\\/logo\\\/image\\\/\"},\"sameAs\":[\"https:\\\/\\\/www.facebook.com\\\/pages\\\/category\\\/History-Museum\\\/EBFLat-301838060596265\\\/\"]}]}<\/script>\n<!-- \/ Yoast SEO plugin. -->","yoast_head_json":{"title":"Stra\u00dfenb., U-u.S-Bahnen in D allg. - EBFL","robots":{"index":"index","follow":"follow","max-snippet":"max-snippet:-1","max-image-preview":"max-image-preview:large","max-video-preview":"max-video-preview:-1"},"canonical":"https:\/\/ebfl.at\/index.php\/strassenb-u-u-s-bahnen-in-d-allg\/","og_locale":"de_DE","og_type":"article","og_title":"Stra\u00dfenb., U-u.S-Bahnen in D allg. - EBFL","og_description":"J.7 Stra\u00dfenbahnen, U- und S-Bahnen Deutschland allgemein OO1 Chronik der Stra\u00dfenbahn P.H. Prasuhn M.&amp;H. Schaper 1969 OO2 Tramway Lokomotiven Walter Hefti Birkh\u00e4user 1980 OO3 Von der Pferdeeisenbahn zur Schnell-Stra\u00dfenbahn Hendlmeier Eigenverlag 1968 OO4 Moderne Stra\u00dfenbahnen\/Gro\u00dfraum- und Gelenkwagen F.van der Gragt alba 1973 OO5 Die Deutschen Stra\u00dfenbahn-Gelenkwagen Dieter H\u00f6ltge Kohlhammer 1983 OO6 50 Jahre Einheitsstra\u00dfenbahnwagen Bauer\/Schmidt [&hellip;]","og_url":"https:\/\/ebfl.at\/index.php\/strassenb-u-u-s-bahnen-in-d-allg\/","og_site_name":"EBFL","article_publisher":"https:\/\/www.facebook.com\/pages\/category\/History-Museum\/EBFLat-301838060596265\/","article_modified_time":"2021-05-04T17:51:47+00:00","twitter_card":"summary_large_image","twitter_misc":{"Gesch\u00e4tzte Lesezeit":"3\u00a0Minuten"},"schema":{"@context":"https:\/\/schema.org","@graph":[{"@type":"WebPage","@id":"https:\/\/ebfl.at\/index.php\/strassenb-u-u-s-bahnen-in-d-allg\/","url":"https:\/\/ebfl.at\/index.php\/strassenb-u-u-s-bahnen-in-d-allg\/","name":"Stra\u00dfenb., U-u.S-Bahnen in D allg. - EBFL","isPartOf":{"@id":"https:\/\/ebfl.at\/#website"},"datePublished":"2021-05-04T17:51:46+00:00","dateModified":"2021-05-04T17:51:47+00:00","breadcrumb":{"@id":"https:\/\/ebfl.at\/index.php\/strassenb-u-u-s-bahnen-in-d-allg\/#breadcrumb"},"inLanguage":"de","potentialAction":[{"@type":"ReadAction","target":["https:\/\/ebfl.at\/index.php\/strassenb-u-u-s-bahnen-in-d-allg\/"]}]},{"@type":"BreadcrumbList","@id":"https:\/\/ebfl.at\/index.php\/strassenb-u-u-s-bahnen-in-d-allg\/#breadcrumb","itemListElement":[{"@type":"ListItem","position":1,"name":"Startseite","item":"https:\/\/ebfl.at\/"},{"@type":"ListItem","position":2,"name":"Stra\u00dfenb., U-u.S-Bahnen in D allg."}]},{"@type":"WebSite","@id":"https:\/\/ebfl.at\/#website","url":"https:\/\/ebfl.at\/","name":"EBFL Eisenbahnfreunde Lienz","description":"Verein der Eisenbahnfreunde in Lienz","publisher":{"@id":"https:\/\/ebfl.at\/#organization"},"potentialAction":[{"@type":"SearchAction","target":{"@type":"EntryPoint","urlTemplate":"https:\/\/ebfl.at\/?s={search_term_string}"},"query-input":{"@type":"PropertyValueSpecification","valueRequired":true,"valueName":"search_term_string"}}],"inLanguage":"de"},{"@type":"Organization","@id":"https:\/\/ebfl.at\/#organization","name":"EBFL - Eisenbahnfreunde Lienz","url":"https:\/\/ebfl.at\/","logo":{"@type":"ImageObject","inLanguage":"de","@id":"https:\/\/ebfl.at\/#\/schema\/logo\/image\/","url":"https:\/\/ebfl.at\/wp-content\/uploads\/2019\/01\/Eisenbahnfreunde-Lienz.jpg","contentUrl":"https:\/\/ebfl.at\/wp-content\/uploads\/2019\/01\/Eisenbahnfreunde-Lienz.jpg","width":1087,"height":480,"caption":"EBFL - Eisenbahnfreunde Lienz"},"image":{"@id":"https:\/\/ebfl.at\/#\/schema\/logo\/image\/"},"sameAs":["https:\/\/www.facebook.com\/pages\/category\/History-Museum\/EBFLat-301838060596265\/"]}]}},"_links":{"self":[{"href":"https:\/\/ebfl.at\/index.php\/wp-json\/wp\/v2\/pages\/2806","targetHints":{"allow":["GET"]}}],"collection":[{"href":"https:\/\/ebfl.at\/index.php\/wp-json\/wp\/v2\/pages"}],"about":[{"href":"https:\/\/ebfl.at\/index.php\/wp-json\/wp\/v2\/types\/page"}],"author":[{"embeddable":true,"href":"https:\/\/ebfl.at\/index.php\/wp-json\/wp\/v2\/users\/2"}],"replies":[{"embeddable":true,"href":"https:\/\/ebfl.at\/index.php\/wp-json\/wp\/v2\/comments?post=2806"}],"version-history":[{"count":1,"href":"https:\/\/ebfl.at\/index.php\/wp-json\/wp\/v2\/pages\/2806\/revisions"}],"predecessor-version":[{"id":2807,"href":"https:\/\/ebfl.at\/index.php\/wp-json\/wp\/v2\/pages\/2806\/revisions\/2807"}],"wp:attachment":[{"href":"https:\/\/ebfl.at\/index.php\/wp-json\/wp\/v2\/media?parent=2806"}],"curies":[{"name":"wp","href":"https:\/\/api.w.org\/{rel}","templated":true}]}}