{"id":294,"date":"2019-01-26T15:23:59","date_gmt":"2019-01-26T14:23:59","guid":{"rendered":"https:\/\/wp.ebfl.at\/?page_id=294"},"modified":"2021-05-10T15:52:17","modified_gmt":"2021-05-10T13:52:17","slug":"bibliothek","status":"publish","type":"page","link":"https:\/\/ebfl.at\/index.php\/archiv\/bibliothek\/","title":{"rendered":"Bibliothek"},"content":{"rendered":"\n<p><a href=\"https:\/\/ebfl.at\/index.php\/verzeichnis-bibliothek\/\"><\/a><\/p>\n\n\n\n<p>Zwei Jahre Aufbauarbeit, verbunden mit vielen hunderten von Arbeitsstunden, fanden vorerst im M\u00e4rz ihren Abschluss. Ca. 4000 B\u00fccher mussten gesichtet, inventarisiert und in den neu errichteten Regalen untergebracht werden. Die Katalogisierung erfolgte nach den \u00fcblichen Grundregeln der Errichtung von Bibliotheken.<\/p>\n\n\n\n<p>Die Katalogisierung erfolgte unter folgenden Gesichtspunkten:<\/p>\n\n\n\n<p><a href=\"https:\/\/ebfl.at\/index.php\/bestandsverzeichnis\/\">Bestandsverzeichnis Eisenbahnbibliothek<\/a><\/p>\n\n\n\n<p><a href=\"https:\/\/ebfl.at\/index.php\/dubletten-eisenbahnliteratur\/\">Verzeichnis Dubletten und Diverses<\/a><\/p>\n\n\n\n<p><strong>Bibliothek Dezember 2020<\/strong><\/p>\n\n\n\n<p><\/p>\n\n\n\n<figure class=\"wp-block-gallery columns-2 is-cropped wp-block-gallery-1 is-layout-flex wp-block-gallery-is-layout-flex\"><ul class=\"blocks-gallery-grid\"><li class=\"blocks-gallery-item\"><figure><img loading=\"lazy\" decoding=\"async\" width=\"700\" height=\"463\" src=\"https:\/\/ebfl.at\/wp-content\/uploads\/2021\/01\/DSC_2880-klein.jpg\" alt=\"\" data-id=\"2316\" data-full-url=\"https:\/\/ebfl.at\/wp-content\/uploads\/2021\/01\/DSC_2880-klein.jpg\" data-link=\"https:\/\/ebfl.at\/index.php\/archiv\/bibliothek\/dsc_2880-klein\/\" class=\"wp-image-2316\" srcset=\"https:\/\/ebfl.at\/wp-content\/uploads\/2021\/01\/DSC_2880-klein.jpg 700w, https:\/\/ebfl.at\/wp-content\/uploads\/2021\/01\/DSC_2880-klein-300x198.jpg 300w\" sizes=\"auto, (max-width: 700px) 100vw, 700px\" \/><\/figure><\/li><li class=\"blocks-gallery-item\"><figure><img loading=\"lazy\" decoding=\"async\" width=\"700\" height=\"463\" src=\"https:\/\/ebfl.at\/wp-content\/uploads\/2021\/01\/DSC_2870-klein.jpg\" alt=\"\" data-id=\"2317\" data-full-url=\"https:\/\/ebfl.at\/wp-content\/uploads\/2021\/01\/DSC_2870-klein.jpg\" data-link=\"https:\/\/ebfl.at\/index.php\/archiv\/bibliothek\/dsc_2870-klein\/\" class=\"wp-image-2317\" srcset=\"https:\/\/ebfl.at\/wp-content\/uploads\/2021\/01\/DSC_2870-klein.jpg 700w, https:\/\/ebfl.at\/wp-content\/uploads\/2021\/01\/DSC_2870-klein-300x198.jpg 300w\" sizes=\"auto, (max-width: 700px) 100vw, 700px\" \/><\/figure><\/li><\/ul><\/figure>\n\n\n\n<p><\/p>\n\n\n\n<p><strong>Wie alles begann<\/strong><\/p>\n\n\n\n<div class=\"wp-block-media-text alignwide is-stacked-on-mobile\" style=\"grid-template-columns:27% auto\"><figure class=\"wp-block-media-text__media\"><img loading=\"lazy\" decoding=\"async\" width=\"225\" height=\"300\" src=\"https:\/\/wp.ebfl.at\/wp-content\/uploads\/2019\/03\/Bib-6-225x300.png\" alt=\"\" class=\"wp-image-1195 size-full\" srcset=\"https:\/\/ebfl.at\/wp-content\/uploads\/2019\/03\/Bib-6-225x300.png 225w, https:\/\/ebfl.at\/wp-content\/uploads\/2019\/03\/Bib-6-768x1024.png 768w, https:\/\/ebfl.at\/wp-content\/uploads\/2019\/03\/Bib-6.png 1000w\" sizes=\"auto, (max-width: 225px) 100vw, 225px\" \/><\/figure><div class=\"wp-block-media-text__content\">\n<p class=\"has-small-font-size\">Eine wunderbare Erg\u00e4nzung zu unserem Archiv und eine einzigartige Gelegenheit.<\/p>\n<\/div><\/div>\n\n\n\n<p><\/p>\n\n\n\n<p>Anfang November 2018 erreichte uns folgendes Email:<\/p>\n\n\n\n<p class=\"has-text-color\" style=\"color:#0d6b93\">Sehr geehrte Damen und Herren,<\/p>\n\n\n\n<p class=\"has-text-color\" style=\"color:#1b6c8f\">haben Sie ev. Interesse an einer Eisenbahn-Bibliothek? Beiliegend \u00fcbermitteln wir Ihnen die entsprechende Aufstellung. Herr Gerald Pichowetz w\u00fcrde diese gerne einem Eisenbahn-Museum schenken, allerdings nur im Gesamten und die B\u00fccher m\u00fc\u00dften in Wien abgeholt werden. Bei Interesse bitten wir Sie um Kontaktaufnahme.<\/p>\n\n\n\n<p class=\"has-text-color\" style=\"color:#196e92\">Gerald Pichowetz &#8211; Gloria Theater Wien<\/p>\n\n\n\n<p>Und ob wir wollten. Unser Antwortschreiben dauerte gerade einmal 1 Tag. Und wir bekamen den Zuschlag. Nach vielen ehrenamtlichen Arbeitsstunden in Wien (B\u00fccher und Zeitschriften verpacken, in Gitterboxen verstauen, Transport organisieren, &#8230;.) trafen die ca. 3.700 B\u00fccher und Zeitschriften Mitte Dezember im S\u00fcdbahn Heizhaus ein.<\/p>\n\n\n\n<p>Im sogenannten &#8222;Knelyraum&#8220; wird nun eine der gr\u00f6\u00dften vereinseigenen Eisenbahnbibliotheken \u00d6sterreichs entstehen, welche sehr gut zum Archiv und zur Zeitschriftensammlung im 1. Stock passen wird.<\/p>\n\n\n\n<p>Die Bibliothek wird ein weiteres Schmuckst\u00fcck im Heizhaus sein und soll zu gewissen Zeiten mit Verantwortlichen zug\u00e4nglich gemacht werden.<\/p>\n\n\n\n<p>Unser besonderer Dank gilt Herrn Gerald Pichowetz, Gloria Theater Wien<\/p>\n\n\n\n<p class=\"has-luminous-vivid-amber-background-color has-background\">Spenden zum Aufbau unserer Bibliothek werden gerne auf unserem Vereinskonto &#8211; mit dem Vermerk &#8222;Bibliothek&#8220; &#8211; entgegengenommen. Danke f\u00fcr Ihre Unterst\u00fctzung.<\/p>\n\n\n\n<figure class=\"wp-block-gallery columns-2 is-cropped wp-block-gallery-2 is-layout-flex wp-block-gallery-is-layout-flex\"><ul class=\"blocks-gallery-grid\"><li class=\"blocks-gallery-item\"><figure><img loading=\"lazy\" decoding=\"async\" width=\"1000\" height=\"750\" src=\"https:\/\/wp.ebfl.at\/wp-content\/uploads\/2019\/03\/Bib-1.png\" alt=\"\" data-id=\"1111\" data-link=\"https:\/\/wp.ebfl.at\/bib-1\/\" class=\"wp-image-1111\" srcset=\"https:\/\/ebfl.at\/wp-content\/uploads\/2019\/03\/Bib-1.png 1000w, https:\/\/ebfl.at\/wp-content\/uploads\/2019\/03\/Bib-1-300x225.png 300w, https:\/\/ebfl.at\/wp-content\/uploads\/2019\/03\/Bib-1-768x576.png 768w\" sizes=\"auto, (max-width: 1000px) 100vw, 1000px\" \/><figcaption class=\"blocks-gallery-item__caption\">Wien, Nov. 2018 Einpacken<\/figcaption><\/figure><\/li><li class=\"blocks-gallery-item\"><figure><img loading=\"lazy\" decoding=\"async\" width=\"1000\" height=\"750\" src=\"https:\/\/wp.ebfl.at\/wp-content\/uploads\/2019\/03\/Bib-3.png\" alt=\"\" data-id=\"1112\" data-link=\"https:\/\/wp.ebfl.at\/bib-3\/\" class=\"wp-image-1112\" srcset=\"https:\/\/ebfl.at\/wp-content\/uploads\/2019\/03\/Bib-3.png 1000w, https:\/\/ebfl.at\/wp-content\/uploads\/2019\/03\/Bib-3-300x225.png 300w, https:\/\/ebfl.at\/wp-content\/uploads\/2019\/03\/Bib-3-768x576.png 768w\" sizes=\"auto, (max-width: 1000px) 100vw, 1000px\" \/><figcaption class=\"blocks-gallery-item__caption\">Wien, Dez. 2018 Verladung<\/figcaption><\/figure><\/li><li class=\"blocks-gallery-item\"><figure><img loading=\"lazy\" decoding=\"async\" width=\"1000\" height=\"750\" src=\"https:\/\/wp.ebfl.at\/wp-content\/uploads\/2019\/03\/Bib-5.png\" alt=\"\" data-id=\"1113\" data-link=\"https:\/\/wp.ebfl.at\/bib-5\/\" class=\"wp-image-1113\" srcset=\"https:\/\/ebfl.at\/wp-content\/uploads\/2019\/03\/Bib-5.png 1000w, https:\/\/ebfl.at\/wp-content\/uploads\/2019\/03\/Bib-5-300x225.png 300w, https:\/\/ebfl.at\/wp-content\/uploads\/2019\/03\/Bib-5-768x576.png 768w\" sizes=\"auto, (max-width: 1000px) 100vw, 1000px\" \/><figcaption class=\"blocks-gallery-item__caption\">15. Dez. Ankunft in Lienz<\/figcaption><\/figure><\/li><li class=\"blocks-gallery-item\"><figure><img loading=\"lazy\" decoding=\"async\" width=\"1024\" height=\"768\" src=\"https:\/\/wp.ebfl.at\/wp-content\/uploads\/2019\/03\/Bib-9-1024x768.png\" alt=\"\" data-id=\"1114\" data-link=\"https:\/\/wp.ebfl.at\/bib-9\/\" class=\"wp-image-1114\" srcset=\"https:\/\/ebfl.at\/wp-content\/uploads\/2019\/03\/Bib-9-1024x768.png 1024w, https:\/\/ebfl.at\/wp-content\/uploads\/2019\/03\/Bib-9-300x225.png 300w, https:\/\/ebfl.at\/wp-content\/uploads\/2019\/03\/Bib-9-768x576.png 768w, https:\/\/ebfl.at\/wp-content\/uploads\/2019\/03\/Bib-9.png 1500w\" sizes=\"auto, (max-width: 1024px) 100vw, 1024px\" \/><figcaption class=\"blocks-gallery-item__caption\">16. Dez. im Knelyraum<\/figcaption><\/figure><\/li><\/ul><\/figure>\n\n\n\n<div class=\"wp-block-envira-envira-gallery\"><\/div>\n\n\n\n<p><\/p>\n","protected":false},"excerpt":{"rendered":"<p>Zwei Jahre Aufbauarbeit, verbunden mit vielen hunderten von Arbeitsstunden, fanden vorerst im M\u00e4rz ihren Abschluss. Ca. 4000 B\u00fccher mussten gesichtet, inventarisiert und in den neu errichteten Regalen untergebracht werden. Die Katalogisierung erfolgte nach den \u00fcblichen Grundregeln der Errichtung von Bibliotheken. Die Katalogisierung erfolgte unter folgenden Gesichtspunkten: Bestandsverzeichnis Eisenbahnbibliothek Verzeichnis Dubletten und Diverses Bibliothek Dezember 2020 [&hellip;]<\/p>\n","protected":false},"author":1,"featured_media":0,"parent":63,"menu_order":0,"comment_status":"closed","ping_status":"closed","template":"","meta":{"footnotes":""},"class_list":["post-294","page","type-page","status-publish","hentry"],"yoast_head":"<!-- This site is optimized with the Yoast SEO plugin v27.4 - https:\/\/yoast.com\/product\/yoast-seo-wordpress\/ -->\n<title>Bibliothek - EBFL<\/title>\n<meta name=\"robots\" content=\"index, follow, max-snippet:-1, max-image-preview:large, max-video-preview:-1\" \/>\n<link rel=\"canonical\" href=\"https:\/\/ebfl.at\/index.php\/archiv\/bibliothek\/\" \/>\n<meta property=\"og:locale\" content=\"de_DE\" \/>\n<meta property=\"og:type\" content=\"article\" \/>\n<meta property=\"og:title\" content=\"Bibliothek - EBFL\" \/>\n<meta property=\"og:description\" content=\"Zwei Jahre Aufbauarbeit, verbunden mit vielen hunderten von Arbeitsstunden, fanden vorerst im M\u00e4rz ihren Abschluss. Ca. 4000 B\u00fccher mussten gesichtet, inventarisiert und in den neu errichteten Regalen untergebracht werden. Die Katalogisierung erfolgte nach den \u00fcblichen Grundregeln der Errichtung von Bibliotheken. Die Katalogisierung erfolgte unter folgenden Gesichtspunkten: Bestandsverzeichnis Eisenbahnbibliothek Verzeichnis Dubletten und Diverses Bibliothek Dezember 2020 [&hellip;]\" \/>\n<meta property=\"og:url\" content=\"https:\/\/ebfl.at\/index.php\/archiv\/bibliothek\/\" \/>\n<meta property=\"og:site_name\" content=\"EBFL\" \/>\n<meta property=\"article:publisher\" content=\"https:\/\/www.facebook.com\/pages\/category\/History-Museum\/EBFLat-301838060596265\/\" \/>\n<meta property=\"article:modified_time\" content=\"2021-05-10T13:52:17+00:00\" \/>\n<meta property=\"og:image\" content=\"https:\/\/ebfl.at\/wp-content\/uploads\/2021\/01\/DSC_2880-klein.jpg\" \/>\n<meta name=\"twitter:card\" content=\"summary_large_image\" \/>\n<meta name=\"twitter:label1\" content=\"Gesch\u00e4tzte Lesezeit\" \/>\n\t<meta name=\"twitter:data1\" content=\"3\u00a0Minuten\" \/>\n<script type=\"application\/ld+json\" class=\"yoast-schema-graph\">{\"@context\":\"https:\\\/\\\/schema.org\",\"@graph\":[{\"@type\":\"WebPage\",\"@id\":\"https:\\\/\\\/ebfl.at\\\/index.php\\\/archiv\\\/bibliothek\\\/\",\"url\":\"https:\\\/\\\/ebfl.at\\\/index.php\\\/archiv\\\/bibliothek\\\/\",\"name\":\"Bibliothek - EBFL\",\"isPartOf\":{\"@id\":\"https:\\\/\\\/ebfl.at\\\/#website\"},\"primaryImageOfPage\":{\"@id\":\"https:\\\/\\\/ebfl.at\\\/index.php\\\/archiv\\\/bibliothek\\\/#primaryimage\"},\"image\":{\"@id\":\"https:\\\/\\\/ebfl.at\\\/index.php\\\/archiv\\\/bibliothek\\\/#primaryimage\"},\"thumbnailUrl\":\"https:\\\/\\\/ebfl.at\\\/wp-content\\\/uploads\\\/2021\\\/01\\\/DSC_2880-klein.jpg\",\"datePublished\":\"2019-01-26T14:23:59+00:00\",\"dateModified\":\"2021-05-10T13:52:17+00:00\",\"breadcrumb\":{\"@id\":\"https:\\\/\\\/ebfl.at\\\/index.php\\\/archiv\\\/bibliothek\\\/#breadcrumb\"},\"inLanguage\":\"de\",\"potentialAction\":[{\"@type\":\"ReadAction\",\"target\":[\"https:\\\/\\\/ebfl.at\\\/index.php\\\/archiv\\\/bibliothek\\\/\"]}]},{\"@type\":\"ImageObject\",\"inLanguage\":\"de\",\"@id\":\"https:\\\/\\\/ebfl.at\\\/index.php\\\/archiv\\\/bibliothek\\\/#primaryimage\",\"url\":\"https:\\\/\\\/ebfl.at\\\/wp-content\\\/uploads\\\/2021\\\/01\\\/DSC_2880-klein.jpg\",\"contentUrl\":\"https:\\\/\\\/ebfl.at\\\/wp-content\\\/uploads\\\/2021\\\/01\\\/DSC_2880-klein.jpg\",\"width\":700,\"height\":463},{\"@type\":\"BreadcrumbList\",\"@id\":\"https:\\\/\\\/ebfl.at\\\/index.php\\\/archiv\\\/bibliothek\\\/#breadcrumb\",\"itemListElement\":[{\"@type\":\"ListItem\",\"position\":1,\"name\":\"Startseite\",\"item\":\"https:\\\/\\\/ebfl.at\\\/\"},{\"@type\":\"ListItem\",\"position\":2,\"name\":\"Archiv\",\"item\":\"https:\\\/\\\/ebfl.at\\\/index.php\\\/archiv\\\/\"},{\"@type\":\"ListItem\",\"position\":3,\"name\":\"Bibliothek\"}]},{\"@type\":\"WebSite\",\"@id\":\"https:\\\/\\\/ebfl.at\\\/#website\",\"url\":\"https:\\\/\\\/ebfl.at\\\/\",\"name\":\"EBFL Eisenbahnfreunde Lienz\",\"description\":\"Verein der Eisenbahnfreunde in Lienz\",\"publisher\":{\"@id\":\"https:\\\/\\\/ebfl.at\\\/#organization\"},\"potentialAction\":[{\"@type\":\"SearchAction\",\"target\":{\"@type\":\"EntryPoint\",\"urlTemplate\":\"https:\\\/\\\/ebfl.at\\\/?s={search_term_string}\"},\"query-input\":{\"@type\":\"PropertyValueSpecification\",\"valueRequired\":true,\"valueName\":\"search_term_string\"}}],\"inLanguage\":\"de\"},{\"@type\":\"Organization\",\"@id\":\"https:\\\/\\\/ebfl.at\\\/#organization\",\"name\":\"EBFL - Eisenbahnfreunde Lienz\",\"url\":\"https:\\\/\\\/ebfl.at\\\/\",\"logo\":{\"@type\":\"ImageObject\",\"inLanguage\":\"de\",\"@id\":\"https:\\\/\\\/ebfl.at\\\/#\\\/schema\\\/logo\\\/image\\\/\",\"url\":\"https:\\\/\\\/ebfl.at\\\/wp-content\\\/uploads\\\/2019\\\/01\\\/Eisenbahnfreunde-Lienz.jpg\",\"contentUrl\":\"https:\\\/\\\/ebfl.at\\\/wp-content\\\/uploads\\\/2019\\\/01\\\/Eisenbahnfreunde-Lienz.jpg\",\"width\":1087,\"height\":480,\"caption\":\"EBFL - Eisenbahnfreunde Lienz\"},\"image\":{\"@id\":\"https:\\\/\\\/ebfl.at\\\/#\\\/schema\\\/logo\\\/image\\\/\"},\"sameAs\":[\"https:\\\/\\\/www.facebook.com\\\/pages\\\/category\\\/History-Museum\\\/EBFLat-301838060596265\\\/\"]}]}<\/script>\n<!-- \/ Yoast SEO plugin. -->","yoast_head_json":{"title":"Bibliothek - EBFL","robots":{"index":"index","follow":"follow","max-snippet":"max-snippet:-1","max-image-preview":"max-image-preview:large","max-video-preview":"max-video-preview:-1"},"canonical":"https:\/\/ebfl.at\/index.php\/archiv\/bibliothek\/","og_locale":"de_DE","og_type":"article","og_title":"Bibliothek - EBFL","og_description":"Zwei Jahre Aufbauarbeit, verbunden mit vielen hunderten von Arbeitsstunden, fanden vorerst im M\u00e4rz ihren Abschluss. Ca. 4000 B\u00fccher mussten gesichtet, inventarisiert und in den neu errichteten Regalen untergebracht werden. Die Katalogisierung erfolgte nach den \u00fcblichen Grundregeln der Errichtung von Bibliotheken. Die Katalogisierung erfolgte unter folgenden Gesichtspunkten: Bestandsverzeichnis Eisenbahnbibliothek Verzeichnis Dubletten und Diverses Bibliothek Dezember 2020 [&hellip;]","og_url":"https:\/\/ebfl.at\/index.php\/archiv\/bibliothek\/","og_site_name":"EBFL","article_publisher":"https:\/\/www.facebook.com\/pages\/category\/History-Museum\/EBFLat-301838060596265\/","article_modified_time":"2021-05-10T13:52:17+00:00","og_image":[{"url":"https:\/\/ebfl.at\/wp-content\/uploads\/2021\/01\/DSC_2880-klein.jpg","type":"","width":"","height":""}],"twitter_card":"summary_large_image","twitter_misc":{"Gesch\u00e4tzte Lesezeit":"3\u00a0Minuten"},"schema":{"@context":"https:\/\/schema.org","@graph":[{"@type":"WebPage","@id":"https:\/\/ebfl.at\/index.php\/archiv\/bibliothek\/","url":"https:\/\/ebfl.at\/index.php\/archiv\/bibliothek\/","name":"Bibliothek - EBFL","isPartOf":{"@id":"https:\/\/ebfl.at\/#website"},"primaryImageOfPage":{"@id":"https:\/\/ebfl.at\/index.php\/archiv\/bibliothek\/#primaryimage"},"image":{"@id":"https:\/\/ebfl.at\/index.php\/archiv\/bibliothek\/#primaryimage"},"thumbnailUrl":"https:\/\/ebfl.at\/wp-content\/uploads\/2021\/01\/DSC_2880-klein.jpg","datePublished":"2019-01-26T14:23:59+00:00","dateModified":"2021-05-10T13:52:17+00:00","breadcrumb":{"@id":"https:\/\/ebfl.at\/index.php\/archiv\/bibliothek\/#breadcrumb"},"inLanguage":"de","potentialAction":[{"@type":"ReadAction","target":["https:\/\/ebfl.at\/index.php\/archiv\/bibliothek\/"]}]},{"@type":"ImageObject","inLanguage":"de","@id":"https:\/\/ebfl.at\/index.php\/archiv\/bibliothek\/#primaryimage","url":"https:\/\/ebfl.at\/wp-content\/uploads\/2021\/01\/DSC_2880-klein.jpg","contentUrl":"https:\/\/ebfl.at\/wp-content\/uploads\/2021\/01\/DSC_2880-klein.jpg","width":700,"height":463},{"@type":"BreadcrumbList","@id":"https:\/\/ebfl.at\/index.php\/archiv\/bibliothek\/#breadcrumb","itemListElement":[{"@type":"ListItem","position":1,"name":"Startseite","item":"https:\/\/ebfl.at\/"},{"@type":"ListItem","position":2,"name":"Archiv","item":"https:\/\/ebfl.at\/index.php\/archiv\/"},{"@type":"ListItem","position":3,"name":"Bibliothek"}]},{"@type":"WebSite","@id":"https:\/\/ebfl.at\/#website","url":"https:\/\/ebfl.at\/","name":"EBFL Eisenbahnfreunde Lienz","description":"Verein der Eisenbahnfreunde in Lienz","publisher":{"@id":"https:\/\/ebfl.at\/#organization"},"potentialAction":[{"@type":"SearchAction","target":{"@type":"EntryPoint","urlTemplate":"https:\/\/ebfl.at\/?s={search_term_string}"},"query-input":{"@type":"PropertyValueSpecification","valueRequired":true,"valueName":"search_term_string"}}],"inLanguage":"de"},{"@type":"Organization","@id":"https:\/\/ebfl.at\/#organization","name":"EBFL - Eisenbahnfreunde Lienz","url":"https:\/\/ebfl.at\/","logo":{"@type":"ImageObject","inLanguage":"de","@id":"https:\/\/ebfl.at\/#\/schema\/logo\/image\/","url":"https:\/\/ebfl.at\/wp-content\/uploads\/2019\/01\/Eisenbahnfreunde-Lienz.jpg","contentUrl":"https:\/\/ebfl.at\/wp-content\/uploads\/2019\/01\/Eisenbahnfreunde-Lienz.jpg","width":1087,"height":480,"caption":"EBFL - Eisenbahnfreunde Lienz"},"image":{"@id":"https:\/\/ebfl.at\/#\/schema\/logo\/image\/"},"sameAs":["https:\/\/www.facebook.com\/pages\/category\/History-Museum\/EBFLat-301838060596265\/"]}]}},"_links":{"self":[{"href":"https:\/\/ebfl.at\/index.php\/wp-json\/wp\/v2\/pages\/294","targetHints":{"allow":["GET"]}}],"collection":[{"href":"https:\/\/ebfl.at\/index.php\/wp-json\/wp\/v2\/pages"}],"about":[{"href":"https:\/\/ebfl.at\/index.php\/wp-json\/wp\/v2\/types\/page"}],"author":[{"embeddable":true,"href":"https:\/\/ebfl.at\/index.php\/wp-json\/wp\/v2\/users\/1"}],"replies":[{"embeddable":true,"href":"https:\/\/ebfl.at\/index.php\/wp-json\/wp\/v2\/comments?post=294"}],"version-history":[{"count":25,"href":"https:\/\/ebfl.at\/index.php\/wp-json\/wp\/v2\/pages\/294\/revisions"}],"predecessor-version":[{"id":2849,"href":"https:\/\/ebfl.at\/index.php\/wp-json\/wp\/v2\/pages\/294\/revisions\/2849"}],"up":[{"embeddable":true,"href":"https:\/\/ebfl.at\/index.php\/wp-json\/wp\/v2\/pages\/63"}],"wp:attachment":[{"href":"https:\/\/ebfl.at\/index.php\/wp-json\/wp\/v2\/media?parent=294"}],"curies":[{"name":"wp","href":"https:\/\/api.w.org\/{rel}","templated":true}]}}