{"id":4006,"date":"2023-12-27T19:27:20","date_gmt":"2023-12-27T18:27:20","guid":{"rendered":"https:\/\/ebfl.at\/?page_id=4006"},"modified":"2024-06-23T16:23:59","modified_gmt":"2024-06-23T14:23:59","slug":"sonderausstellung-2024","status":"publish","type":"page","link":"https:\/\/ebfl.at\/index.php\/sonderausstellung-2024\/","title":{"rendered":"Sonderausstellung 2024"},"content":{"rendered":"\n<figure class=\"wp-block-gallery has-nested-images columns-default is-cropped wp-block-gallery-1 is-layout-flex wp-block-gallery-is-layout-flex\">\n<figure class=\"wp-block-image size-large\"><img loading=\"lazy\" decoding=\"async\" width=\"1024\" height=\"664\" data-id=\"4007\" src=\"https:\/\/ebfl.at\/wp-content\/uploads\/2023\/12\/IMG-20231227-WA0006_Manfred-Wolf-1024x664.jpg\" alt=\"\" class=\"wp-image-4007\" srcset=\"https:\/\/ebfl.at\/wp-content\/uploads\/2023\/12\/IMG-20231227-WA0006_Manfred-Wolf-1024x664.jpg 1024w, https:\/\/ebfl.at\/wp-content\/uploads\/2023\/12\/IMG-20231227-WA0006_Manfred-Wolf-300x195.jpg 300w, https:\/\/ebfl.at\/wp-content\/uploads\/2023\/12\/IMG-20231227-WA0006_Manfred-Wolf-768x498.jpg 768w, https:\/\/ebfl.at\/wp-content\/uploads\/2023\/12\/IMG-20231227-WA0006_Manfred-Wolf-1536x996.jpg 1536w, https:\/\/ebfl.at\/wp-content\/uploads\/2023\/12\/IMG-20231227-WA0006_Manfred-Wolf.jpg 1600w\" sizes=\"auto, (max-width: 1024px) 100vw, 1024px\" \/><figcaption class=\"wp-element-caption\">Manfred Wolf_1989<\/figcaption><\/figure>\n\n\n\n<figure class=\"wp-block-image size-large\"><img loading=\"lazy\" decoding=\"async\" width=\"1024\" height=\"683\" data-id=\"4008\" src=\"https:\/\/ebfl.at\/wp-content\/uploads\/2023\/12\/M.Kolenig-3-1024x683.jpg\" alt=\"\" class=\"wp-image-4008\" srcset=\"https:\/\/ebfl.at\/wp-content\/uploads\/2023\/12\/M.Kolenig-3-1024x683.jpg 1024w, https:\/\/ebfl.at\/wp-content\/uploads\/2023\/12\/M.Kolenig-3-300x200.jpg 300w, https:\/\/ebfl.at\/wp-content\/uploads\/2023\/12\/M.Kolenig-3-768x512.jpg 768w, https:\/\/ebfl.at\/wp-content\/uploads\/2023\/12\/M.Kolenig-3.jpg 1200w\" sizes=\"auto, (max-width: 1024px) 100vw, 1024px\" \/><figcaption class=\"wp-element-caption\">M.Kolenig_2018<\/figcaption><\/figure>\n\n\n\n<figure class=\"wp-block-image size-large\"><img loading=\"lazy\" decoding=\"async\" width=\"1024\" height=\"678\" data-id=\"4009\" src=\"https:\/\/ebfl.at\/wp-content\/uploads\/2023\/12\/DSC_2422_Sonja-Notdurfter-1024x678.jpg\" alt=\"\" class=\"wp-image-4009\" srcset=\"https:\/\/ebfl.at\/wp-content\/uploads\/2023\/12\/DSC_2422_Sonja-Notdurfter-1024x678.jpg 1024w, https:\/\/ebfl.at\/wp-content\/uploads\/2023\/12\/DSC_2422_Sonja-Notdurfter-300x199.jpg 300w, https:\/\/ebfl.at\/wp-content\/uploads\/2023\/12\/DSC_2422_Sonja-Notdurfter-768x508.jpg 768w, https:\/\/ebfl.at\/wp-content\/uploads\/2023\/12\/DSC_2422_Sonja-Notdurfter.jpg 1200w\" sizes=\"auto, (max-width: 1024px) 100vw, 1024px\" \/><figcaption class=\"wp-element-caption\">S.Notdurfter_2021<\/figcaption><\/figure>\n<\/figure>\n\n\n\n<figure class=\"wp-block-gallery has-nested-images columns-default is-cropped wp-block-gallery-2 is-layout-flex wp-block-gallery-is-layout-flex\">\n<figure class=\"wp-block-image size-large\"><img loading=\"lazy\" decoding=\"async\" width=\"1024\" height=\"682\" data-id=\"4219\" src=\"https:\/\/ebfl.at\/wp-content\/uploads\/2024\/06\/04_2-1024x682.jpg\" alt=\"\" class=\"wp-image-4219\" srcset=\"https:\/\/ebfl.at\/wp-content\/uploads\/2024\/06\/04_2-1024x682.jpg 1024w, https:\/\/ebfl.at\/wp-content\/uploads\/2024\/06\/04_2-300x200.jpg 300w, https:\/\/ebfl.at\/wp-content\/uploads\/2024\/06\/04_2-768x511.jpg 768w, https:\/\/ebfl.at\/wp-content\/uploads\/2024\/06\/04_2.jpg 1200w\" sizes=\"auto, (max-width: 1024px) 100vw, 1024px\" \/><\/figure>\n\n\n\n<figure class=\"wp-block-image size-large\"><img loading=\"lazy\" decoding=\"async\" width=\"1024\" height=\"697\" data-id=\"4220\" src=\"https:\/\/ebfl.at\/wp-content\/uploads\/2024\/06\/05_2-1024x697.jpg\" alt=\"\" class=\"wp-image-4220\" srcset=\"https:\/\/ebfl.at\/wp-content\/uploads\/2024\/06\/05_2-1024x697.jpg 1024w, https:\/\/ebfl.at\/wp-content\/uploads\/2024\/06\/05_2-300x204.jpg 300w, https:\/\/ebfl.at\/wp-content\/uploads\/2024\/06\/05_2-768x523.jpg 768w, https:\/\/ebfl.at\/wp-content\/uploads\/2024\/06\/05_2.jpg 1200w\" sizes=\"auto, (max-width: 1024px) 100vw, 1024px\" \/><\/figure>\n\n\n\n<figure class=\"wp-block-image size-large\"><img loading=\"lazy\" decoding=\"async\" width=\"1024\" height=\"682\" data-id=\"4221\" src=\"https:\/\/ebfl.at\/wp-content\/uploads\/2024\/06\/25_2-1024x682.jpg\" alt=\"\" class=\"wp-image-4221\" srcset=\"https:\/\/ebfl.at\/wp-content\/uploads\/2024\/06\/25_2-1024x682.jpg 1024w, https:\/\/ebfl.at\/wp-content\/uploads\/2024\/06\/25_2-300x200.jpg 300w, https:\/\/ebfl.at\/wp-content\/uploads\/2024\/06\/25_2-768x511.jpg 768w, https:\/\/ebfl.at\/wp-content\/uploads\/2024\/06\/25_2.jpg 1200w\" sizes=\"auto, (max-width: 1024px) 100vw, 1024px\" \/><\/figure>\n\n\n\n<figure class=\"wp-block-image size-large\"><img loading=\"lazy\" decoding=\"async\" width=\"1024\" height=\"678\" data-id=\"4222\" src=\"https:\/\/ebfl.at\/wp-content\/uploads\/2024\/06\/29_2-1024x678.jpg\" alt=\"\" class=\"wp-image-4222\" srcset=\"https:\/\/ebfl.at\/wp-content\/uploads\/2024\/06\/29_2-1024x678.jpg 1024w, https:\/\/ebfl.at\/wp-content\/uploads\/2024\/06\/29_2-300x199.jpg 300w, https:\/\/ebfl.at\/wp-content\/uploads\/2024\/06\/29_2-768x508.jpg 768w, https:\/\/ebfl.at\/wp-content\/uploads\/2024\/06\/29_2.jpg 1200w\" sizes=\"auto, (max-width: 1024px) 100vw, 1024px\" \/><\/figure>\n\n\n\n<figure class=\"wp-block-image size-large\"><img loading=\"lazy\" decoding=\"async\" width=\"1024\" height=\"575\" data-id=\"4223\" src=\"https:\/\/ebfl.at\/wp-content\/uploads\/2024\/06\/DJI_0260_C_Brunner_Images_at_klein-1024x575.jpg\" alt=\"\" class=\"wp-image-4223\" srcset=\"https:\/\/ebfl.at\/wp-content\/uploads\/2024\/06\/DJI_0260_C_Brunner_Images_at_klein-1024x575.jpg 1024w, https:\/\/ebfl.at\/wp-content\/uploads\/2024\/06\/DJI_0260_C_Brunner_Images_at_klein-300x169.jpg 300w, https:\/\/ebfl.at\/wp-content\/uploads\/2024\/06\/DJI_0260_C_Brunner_Images_at_klein-768x431.jpg 768w, https:\/\/ebfl.at\/wp-content\/uploads\/2024\/06\/DJI_0260_C_Brunner_Images_at_klein.jpg 1200w\" sizes=\"auto, (max-width: 1024px) 100vw, 1024px\" \/><\/figure>\n\n\n\n<figure class=\"wp-block-image size-large\"><img loading=\"lazy\" decoding=\"async\" width=\"1024\" height=\"678\" data-id=\"4224\" src=\"https:\/\/ebfl.at\/wp-content\/uploads\/2024\/06\/Mobilitaetszentrum-Foto_Sonja-Notdurfter_2-1024x678.jpg\" alt=\"\" class=\"wp-image-4224\" srcset=\"https:\/\/ebfl.at\/wp-content\/uploads\/2024\/06\/Mobilitaetszentrum-Foto_Sonja-Notdurfter_2-1024x678.jpg 1024w, https:\/\/ebfl.at\/wp-content\/uploads\/2024\/06\/Mobilitaetszentrum-Foto_Sonja-Notdurfter_2-300x199.jpg 300w, https:\/\/ebfl.at\/wp-content\/uploads\/2024\/06\/Mobilitaetszentrum-Foto_Sonja-Notdurfter_2-768x508.jpg 768w, https:\/\/ebfl.at\/wp-content\/uploads\/2024\/06\/Mobilitaetszentrum-Foto_Sonja-Notdurfter_2.jpg 1200w\" sizes=\"auto, (max-width: 1024px) 100vw, 1024px\" \/><\/figure>\n<\/figure>\n\n\n\n<p>Fotos: schwarz\/wei\u00df: Fotograf Manfred Gasser; Sammlung Stadtgemeinde Lienz, Abt. Chronik_TAP<br>           Heizhaus: Brunner Images, Mobilit\u00e4tszentrum: Sonja Notdurfter<\/p>\n\n\n\n<ul class=\"wp-block-list\">\n<li><strong>35 Jahre Elektrifizierung der Drau- und Pustertalstrecke<\/strong><\/li>\n\n\n\n<li><strong>10 Jahre Eisenbahnmuseum<\/strong><\/li>\n\n\n\n<li><strong>5 Jahre Spatenstich Mobilit\u00e4tszentrum<\/strong> <strong>Lienz<\/strong><\/li>\n<\/ul>\n\n\n\n<p>Das Geschick des Lienzer Heizhauses h\u00e4ngt seit jeher direkt mit der Entwicklung der Bahnstrecke Marburg &#8211; Villach \u2013 Lienz \u2013 Franzensfeste zusammen. Sein Name stammt aus der \u00c4ra der Dampflokomotiven, die im Langlokschuppen beheimatet waren. Der Bedeutungsverlust der Dampflokomotiven ging mit der Umstellung auf die Diesel- und sp\u00e4ter die Elektrotraktion in den 1960 \u2013 1980er Jahren einher. <\/p>\n\n\n\n<p>Der Personalstand am Bahnhof Lienz und somit auch in der Zugf\u00f6rderungsstelle im Heizhaus ging deutlich zur\u00fcck. Der elektrische Betrieb auf der gesamten Strecke zwischen Spittal a.D. \u2013 Lienz \u2013 Franzensfeste wurde am 28. Mai 1989 aufgenommen.<\/p>\n\n\n\n<p>Nach jahrelangen Sanierungsarbeiten am Heizhausgeb\u00e4ude durch die Eisenbahnfreunde in Lienz konnte 2014 das Eisenbahnmuseum erstmals seine Tore \u00f6ffnen und den Sammlungsbestand einem breiteren Publikum zug\u00e4nglich machen.<\/p>\n\n\n\n<p>2019 fand der Spatenstich f\u00fcr den in die Jahre gekommenen Bahnhof statt. In Zusammenarbeit mit der Stadt Lienz wurde das Mobilit\u00e4tszentrum entwickelt, das nicht nur Reisenden den Zugang zu den Bahnsteigen erleichtern, sondern auch die Stadtteile s\u00fcdlich der Drau mit der Altstadt verbinden sollte. Ebenso verbessert wurde der Umstieg zu den Bussen und die Erreichbarkeit des Eisenbahnmuseums.<\/p>\n\n\n\n<p class=\"has-vivid-red-color has-text-color has-link-color wp-elements-1d51f328cfdef68c1b36b004bc556f65\"><strong>Er\u00f6ffnungsfeier 22.Juni<\/strong><\/p>\n\n\n\n<p>Fachkundig und humorvoll f\u00fchrte Mag. Dr. Karl Notdurfter, Leiter des Eisenbahnmuseums, die zahlreichen Besucher durch die Sonderausstellung. Diese kann w\u00e4hrend der Sommermonate gerne besucht werden.  <\/p>\n\n\n\n<figure class=\"wp-block-gallery has-nested-images columns-default is-cropped wp-block-gallery-3 is-layout-flex wp-block-gallery-is-layout-flex\">\n<figure class=\"wp-block-image size-large\"><img loading=\"lazy\" decoding=\"async\" width=\"1024\" height=\"684\" data-id=\"4248\" src=\"https:\/\/ebfl.at\/wp-content\/uploads\/2024\/06\/2024_06_22_1_klein-1024x684.jpg\" alt=\"\" class=\"wp-image-4248\" srcset=\"https:\/\/ebfl.at\/wp-content\/uploads\/2024\/06\/2024_06_22_1_klein-1024x684.jpg 1024w, https:\/\/ebfl.at\/wp-content\/uploads\/2024\/06\/2024_06_22_1_klein-300x200.jpg 300w, https:\/\/ebfl.at\/wp-content\/uploads\/2024\/06\/2024_06_22_1_klein-768x513.jpg 768w, https:\/\/ebfl.at\/wp-content\/uploads\/2024\/06\/2024_06_22_1_klein.jpg 1200w\" sizes=\"auto, (max-width: 1024px) 100vw, 1024px\" \/><figcaption class=\"wp-element-caption\">Foto: Martin Kolenig<\/figcaption><\/figure>\n\n\n\n<figure class=\"wp-block-image size-large\"><img loading=\"lazy\" decoding=\"async\" width=\"1024\" height=\"684\" data-id=\"4250\" src=\"https:\/\/ebfl.at\/wp-content\/uploads\/2024\/06\/2024_06_22_4_Kolenig-Martin_klein-1024x684.jpg\" alt=\"\" class=\"wp-image-4250\" srcset=\"https:\/\/ebfl.at\/wp-content\/uploads\/2024\/06\/2024_06_22_4_Kolenig-Martin_klein-1024x684.jpg 1024w, https:\/\/ebfl.at\/wp-content\/uploads\/2024\/06\/2024_06_22_4_Kolenig-Martin_klein-300x200.jpg 300w, https:\/\/ebfl.at\/wp-content\/uploads\/2024\/06\/2024_06_22_4_Kolenig-Martin_klein-768x513.jpg 768w, https:\/\/ebfl.at\/wp-content\/uploads\/2024\/06\/2024_06_22_4_Kolenig-Martin_klein.jpg 1200w\" sizes=\"auto, (max-width: 1024px) 100vw, 1024px\" \/><figcaption class=\"wp-element-caption\">Foto: Martin Kolenig<\/figcaption><\/figure>\n\n\n\n<figure class=\"wp-block-image size-large\"><img loading=\"lazy\" decoding=\"async\" width=\"1024\" height=\"684\" data-id=\"4251\" src=\"https:\/\/ebfl.at\/wp-content\/uploads\/2024\/06\/2024_06_22_5_Kolenig-Martin_klein-1024x684.jpg\" alt=\"\" class=\"wp-image-4251\" srcset=\"https:\/\/ebfl.at\/wp-content\/uploads\/2024\/06\/2024_06_22_5_Kolenig-Martin_klein-1024x684.jpg 1024w, https:\/\/ebfl.at\/wp-content\/uploads\/2024\/06\/2024_06_22_5_Kolenig-Martin_klein-300x200.jpg 300w, https:\/\/ebfl.at\/wp-content\/uploads\/2024\/06\/2024_06_22_5_Kolenig-Martin_klein-768x513.jpg 768w, https:\/\/ebfl.at\/wp-content\/uploads\/2024\/06\/2024_06_22_5_Kolenig-Martin_klein.jpg 1200w\" sizes=\"auto, (max-width: 1024px) 100vw, 1024px\" \/><figcaption class=\"wp-element-caption\">Foto: Martin Kolenig<\/figcaption><\/figure>\n<\/figure>\n\n\n\n<p><\/p>\n\n\n\n<p><\/p>\n","protected":false},"excerpt":{"rendered":"<p>Fotos: schwarz\/wei\u00df: Fotograf Manfred Gasser; Sammlung Stadtgemeinde Lienz, Abt. Chronik_TAP Heizhaus: Brunner Images, Mobilit\u00e4tszentrum: Sonja Notdurfter Das Geschick des Lienzer Heizhauses h\u00e4ngt seit jeher direkt mit der Entwicklung der Bahnstrecke Marburg &#8211; Villach \u2013 Lienz \u2013 Franzensfeste zusammen. Sein Name stammt aus der \u00c4ra der Dampflokomotiven, die im Langlokschuppen beheimatet waren. Der Bedeutungsverlust der Dampflokomotiven [&hellip;]<\/p>\n","protected":false},"author":2,"featured_media":0,"parent":0,"menu_order":0,"comment_status":"closed","ping_status":"closed","template":"","meta":{"footnotes":""},"class_list":["post-4006","page","type-page","status-publish","hentry"],"yoast_head":"<!-- This site is optimized with the Yoast SEO plugin v27.5 - https:\/\/yoast.com\/product\/yoast-seo-wordpress\/ -->\n<title>Sonderausstellung 2024 - EBFL<\/title>\n<meta name=\"robots\" content=\"index, follow, max-snippet:-1, max-image-preview:large, max-video-preview:-1\" \/>\n<link rel=\"canonical\" href=\"https:\/\/ebfl.at\/index.php\/sonderausstellung-2024\/\" \/>\n<meta property=\"og:locale\" content=\"de_DE\" \/>\n<meta property=\"og:type\" content=\"article\" \/>\n<meta property=\"og:title\" content=\"Sonderausstellung 2024 - EBFL\" \/>\n<meta property=\"og:description\" content=\"Fotos: schwarz\/wei\u00df: Fotograf Manfred Gasser; Sammlung Stadtgemeinde Lienz, Abt. Chronik_TAP Heizhaus: Brunner Images, Mobilit\u00e4tszentrum: Sonja Notdurfter Das Geschick des Lienzer Heizhauses h\u00e4ngt seit jeher direkt mit der Entwicklung der Bahnstrecke Marburg &#8211; Villach \u2013 Lienz \u2013 Franzensfeste zusammen. Sein Name stammt aus der \u00c4ra der Dampflokomotiven, die im Langlokschuppen beheimatet waren. Der Bedeutungsverlust der Dampflokomotiven [&hellip;]\" \/>\n<meta property=\"og:url\" content=\"https:\/\/ebfl.at\/index.php\/sonderausstellung-2024\/\" \/>\n<meta property=\"og:site_name\" content=\"EBFL\" \/>\n<meta property=\"article:publisher\" content=\"https:\/\/www.facebook.com\/pages\/category\/History-Museum\/EBFLat-301838060596265\/\" \/>\n<meta property=\"article:modified_time\" content=\"2024-06-23T14:23:59+00:00\" \/>\n<meta property=\"og:image\" content=\"https:\/\/ebfl.at\/wp-content\/uploads\/2023\/12\/IMG-20231227-WA0006_Manfred-Wolf-1024x664.jpg\" \/>\n<meta name=\"twitter:card\" content=\"summary_large_image\" \/>\n<meta name=\"twitter:label1\" content=\"Gesch\u00e4tzte Lesezeit\" \/>\n\t<meta name=\"twitter:data1\" content=\"4\u00a0Minuten\" \/>\n<script type=\"application\/ld+json\" class=\"yoast-schema-graph\">{\"@context\":\"https:\\\/\\\/schema.org\",\"@graph\":[{\"@type\":\"WebPage\",\"@id\":\"https:\\\/\\\/ebfl.at\\\/index.php\\\/sonderausstellung-2024\\\/\",\"url\":\"https:\\\/\\\/ebfl.at\\\/index.php\\\/sonderausstellung-2024\\\/\",\"name\":\"Sonderausstellung 2024 - EBFL\",\"isPartOf\":{\"@id\":\"https:\\\/\\\/ebfl.at\\\/#website\"},\"primaryImageOfPage\":{\"@id\":\"https:\\\/\\\/ebfl.at\\\/index.php\\\/sonderausstellung-2024\\\/#primaryimage\"},\"image\":{\"@id\":\"https:\\\/\\\/ebfl.at\\\/index.php\\\/sonderausstellung-2024\\\/#primaryimage\"},\"thumbnailUrl\":\"https:\\\/\\\/ebfl.at\\\/wp-content\\\/uploads\\\/2023\\\/12\\\/IMG-20231227-WA0006_Manfred-Wolf-1024x664.jpg\",\"datePublished\":\"2023-12-27T18:27:20+00:00\",\"dateModified\":\"2024-06-23T14:23:59+00:00\",\"breadcrumb\":{\"@id\":\"https:\\\/\\\/ebfl.at\\\/index.php\\\/sonderausstellung-2024\\\/#breadcrumb\"},\"inLanguage\":\"de\",\"potentialAction\":[{\"@type\":\"ReadAction\",\"target\":[\"https:\\\/\\\/ebfl.at\\\/index.php\\\/sonderausstellung-2024\\\/\"]}]},{\"@type\":\"ImageObject\",\"inLanguage\":\"de\",\"@id\":\"https:\\\/\\\/ebfl.at\\\/index.php\\\/sonderausstellung-2024\\\/#primaryimage\",\"url\":\"https:\\\/\\\/ebfl.at\\\/wp-content\\\/uploads\\\/2023\\\/12\\\/IMG-20231227-WA0006_Manfred-Wolf.jpg\",\"contentUrl\":\"https:\\\/\\\/ebfl.at\\\/wp-content\\\/uploads\\\/2023\\\/12\\\/IMG-20231227-WA0006_Manfred-Wolf.jpg\",\"width\":1600,\"height\":1038,\"caption\":\"Manfred Wolf\"},{\"@type\":\"BreadcrumbList\",\"@id\":\"https:\\\/\\\/ebfl.at\\\/index.php\\\/sonderausstellung-2024\\\/#breadcrumb\",\"itemListElement\":[{\"@type\":\"ListItem\",\"position\":1,\"name\":\"Startseite\",\"item\":\"https:\\\/\\\/ebfl.at\\\/\"},{\"@type\":\"ListItem\",\"position\":2,\"name\":\"Sonderausstellung 2024\"}]},{\"@type\":\"WebSite\",\"@id\":\"https:\\\/\\\/ebfl.at\\\/#website\",\"url\":\"https:\\\/\\\/ebfl.at\\\/\",\"name\":\"EBFL Eisenbahnfreunde Lienz\",\"description\":\"Verein der Eisenbahnfreunde in Lienz\",\"publisher\":{\"@id\":\"https:\\\/\\\/ebfl.at\\\/#organization\"},\"potentialAction\":[{\"@type\":\"SearchAction\",\"target\":{\"@type\":\"EntryPoint\",\"urlTemplate\":\"https:\\\/\\\/ebfl.at\\\/?s={search_term_string}\"},\"query-input\":{\"@type\":\"PropertyValueSpecification\",\"valueRequired\":true,\"valueName\":\"search_term_string\"}}],\"inLanguage\":\"de\"},{\"@type\":\"Organization\",\"@id\":\"https:\\\/\\\/ebfl.at\\\/#organization\",\"name\":\"EBFL - Eisenbahnfreunde Lienz\",\"url\":\"https:\\\/\\\/ebfl.at\\\/\",\"logo\":{\"@type\":\"ImageObject\",\"inLanguage\":\"de\",\"@id\":\"https:\\\/\\\/ebfl.at\\\/#\\\/schema\\\/logo\\\/image\\\/\",\"url\":\"https:\\\/\\\/ebfl.at\\\/wp-content\\\/uploads\\\/2019\\\/01\\\/Eisenbahnfreunde-Lienz.jpg\",\"contentUrl\":\"https:\\\/\\\/ebfl.at\\\/wp-content\\\/uploads\\\/2019\\\/01\\\/Eisenbahnfreunde-Lienz.jpg\",\"width\":1087,\"height\":480,\"caption\":\"EBFL - Eisenbahnfreunde Lienz\"},\"image\":{\"@id\":\"https:\\\/\\\/ebfl.at\\\/#\\\/schema\\\/logo\\\/image\\\/\"},\"sameAs\":[\"https:\\\/\\\/www.facebook.com\\\/pages\\\/category\\\/History-Museum\\\/EBFLat-301838060596265\\\/\"]}]}<\/script>\n<!-- \/ Yoast SEO plugin. -->","yoast_head_json":{"title":"Sonderausstellung 2024 - EBFL","robots":{"index":"index","follow":"follow","max-snippet":"max-snippet:-1","max-image-preview":"max-image-preview:large","max-video-preview":"max-video-preview:-1"},"canonical":"https:\/\/ebfl.at\/index.php\/sonderausstellung-2024\/","og_locale":"de_DE","og_type":"article","og_title":"Sonderausstellung 2024 - EBFL","og_description":"Fotos: schwarz\/wei\u00df: Fotograf Manfred Gasser; Sammlung Stadtgemeinde Lienz, Abt. Chronik_TAP Heizhaus: Brunner Images, Mobilit\u00e4tszentrum: Sonja Notdurfter Das Geschick des Lienzer Heizhauses h\u00e4ngt seit jeher direkt mit der Entwicklung der Bahnstrecke Marburg &#8211; Villach \u2013 Lienz \u2013 Franzensfeste zusammen. Sein Name stammt aus der \u00c4ra der Dampflokomotiven, die im Langlokschuppen beheimatet waren. Der Bedeutungsverlust der Dampflokomotiven [&hellip;]","og_url":"https:\/\/ebfl.at\/index.php\/sonderausstellung-2024\/","og_site_name":"EBFL","article_publisher":"https:\/\/www.facebook.com\/pages\/category\/History-Museum\/EBFLat-301838060596265\/","article_modified_time":"2024-06-23T14:23:59+00:00","og_image":[{"url":"https:\/\/ebfl.at\/wp-content\/uploads\/2023\/12\/IMG-20231227-WA0006_Manfred-Wolf-1024x664.jpg","type":"","width":"","height":""}],"twitter_card":"summary_large_image","twitter_misc":{"Gesch\u00e4tzte Lesezeit":"4\u00a0Minuten"},"schema":{"@context":"https:\/\/schema.org","@graph":[{"@type":"WebPage","@id":"https:\/\/ebfl.at\/index.php\/sonderausstellung-2024\/","url":"https:\/\/ebfl.at\/index.php\/sonderausstellung-2024\/","name":"Sonderausstellung 2024 - EBFL","isPartOf":{"@id":"https:\/\/ebfl.at\/#website"},"primaryImageOfPage":{"@id":"https:\/\/ebfl.at\/index.php\/sonderausstellung-2024\/#primaryimage"},"image":{"@id":"https:\/\/ebfl.at\/index.php\/sonderausstellung-2024\/#primaryimage"},"thumbnailUrl":"https:\/\/ebfl.at\/wp-content\/uploads\/2023\/12\/IMG-20231227-WA0006_Manfred-Wolf-1024x664.jpg","datePublished":"2023-12-27T18:27:20+00:00","dateModified":"2024-06-23T14:23:59+00:00","breadcrumb":{"@id":"https:\/\/ebfl.at\/index.php\/sonderausstellung-2024\/#breadcrumb"},"inLanguage":"de","potentialAction":[{"@type":"ReadAction","target":["https:\/\/ebfl.at\/index.php\/sonderausstellung-2024\/"]}]},{"@type":"ImageObject","inLanguage":"de","@id":"https:\/\/ebfl.at\/index.php\/sonderausstellung-2024\/#primaryimage","url":"https:\/\/ebfl.at\/wp-content\/uploads\/2023\/12\/IMG-20231227-WA0006_Manfred-Wolf.jpg","contentUrl":"https:\/\/ebfl.at\/wp-content\/uploads\/2023\/12\/IMG-20231227-WA0006_Manfred-Wolf.jpg","width":1600,"height":1038,"caption":"Manfred Wolf"},{"@type":"BreadcrumbList","@id":"https:\/\/ebfl.at\/index.php\/sonderausstellung-2024\/#breadcrumb","itemListElement":[{"@type":"ListItem","position":1,"name":"Startseite","item":"https:\/\/ebfl.at\/"},{"@type":"ListItem","position":2,"name":"Sonderausstellung 2024"}]},{"@type":"WebSite","@id":"https:\/\/ebfl.at\/#website","url":"https:\/\/ebfl.at\/","name":"EBFL Eisenbahnfreunde Lienz","description":"Verein der Eisenbahnfreunde in Lienz","publisher":{"@id":"https:\/\/ebfl.at\/#organization"},"potentialAction":[{"@type":"SearchAction","target":{"@type":"EntryPoint","urlTemplate":"https:\/\/ebfl.at\/?s={search_term_string}"},"query-input":{"@type":"PropertyValueSpecification","valueRequired":true,"valueName":"search_term_string"}}],"inLanguage":"de"},{"@type":"Organization","@id":"https:\/\/ebfl.at\/#organization","name":"EBFL - Eisenbahnfreunde Lienz","url":"https:\/\/ebfl.at\/","logo":{"@type":"ImageObject","inLanguage":"de","@id":"https:\/\/ebfl.at\/#\/schema\/logo\/image\/","url":"https:\/\/ebfl.at\/wp-content\/uploads\/2019\/01\/Eisenbahnfreunde-Lienz.jpg","contentUrl":"https:\/\/ebfl.at\/wp-content\/uploads\/2019\/01\/Eisenbahnfreunde-Lienz.jpg","width":1087,"height":480,"caption":"EBFL - Eisenbahnfreunde Lienz"},"image":{"@id":"https:\/\/ebfl.at\/#\/schema\/logo\/image\/"},"sameAs":["https:\/\/www.facebook.com\/pages\/category\/History-Museum\/EBFLat-301838060596265\/"]}]}},"_links":{"self":[{"href":"https:\/\/ebfl.at\/index.php\/wp-json\/wp\/v2\/pages\/4006","targetHints":{"allow":["GET"]}}],"collection":[{"href":"https:\/\/ebfl.at\/index.php\/wp-json\/wp\/v2\/pages"}],"about":[{"href":"https:\/\/ebfl.at\/index.php\/wp-json\/wp\/v2\/types\/page"}],"author":[{"embeddable":true,"href":"https:\/\/ebfl.at\/index.php\/wp-json\/wp\/v2\/users\/2"}],"replies":[{"embeddable":true,"href":"https:\/\/ebfl.at\/index.php\/wp-json\/wp\/v2\/comments?post=4006"}],"version-history":[{"count":4,"href":"https:\/\/ebfl.at\/index.php\/wp-json\/wp\/v2\/pages\/4006\/revisions"}],"predecessor-version":[{"id":4252,"href":"https:\/\/ebfl.at\/index.php\/wp-json\/wp\/v2\/pages\/4006\/revisions\/4252"}],"wp:attachment":[{"href":"https:\/\/ebfl.at\/index.php\/wp-json\/wp\/v2\/media?parent=4006"}],"curies":[{"name":"wp","href":"https:\/\/api.w.org\/{rel}","templated":true}]}}