{"id":5125,"date":"2026-04-23T18:24:39","date_gmt":"2026-04-23T16:24:39","guid":{"rendered":"https:\/\/ebfl.at\/?page_id=5125"},"modified":"2026-04-23T18:38:16","modified_gmt":"2026-04-23T16:38:16","slug":"mit-dampf-durch-den-herbst","status":"publish","type":"page","link":"https:\/\/ebfl.at\/index.php\/mit-dampf-durch-den-herbst\/","title":{"rendered":"Mit Dampf durch den Herbst"},"content":{"rendered":"\n<p><strong>Samstag, 10.10.2026<\/strong><\/p>\n\n\n\n<figure class=\"wp-block-image size-full\"><img loading=\"lazy\" decoding=\"async\" width=\"296\" height=\"296\" src=\"https:\/\/ebfl.at\/wp-content\/uploads\/2026\/04\/Pinzgauer-Lokalbahn.jpg\" alt=\"\" class=\"wp-image-5130\" srcset=\"https:\/\/ebfl.at\/wp-content\/uploads\/2026\/04\/Pinzgauer-Lokalbahn.jpg 296w, https:\/\/ebfl.at\/wp-content\/uploads\/2026\/04\/Pinzgauer-Lokalbahn-150x150.jpg 150w\" sizes=\"auto, (max-width: 296px) 100vw, 296px\" \/><figcaption class=\"wp-element-caption\">Foto: Pinzgauer Lokalbahn<\/figcaption><\/figure>\n\n\n\n<p><\/p>\n\n\n\n<p><strong>Erlebnisreise mit dem S\u00fcdbahn Express und der Pinzgauer Lokalbahn<\/strong><\/p>\n\n\n\n<p>Lassen Sie sich auf eine au\u00dfergew\u00f6hnliche Genuss- und Erlebnisreise durch die Alpen entf\u00fchren! Unsere Fahrt beginnt in Lienz, wo der S\u00fcdbahn Express zur entspannten Reise durch einige der sch\u00f6nsten Landschaften \u00d6sterreichs aufbricht. Entlang der eindrucksvollen Strecke \u00fcber Spittal-Millst\u00e4ttersee, durch das Tauerngebiet bis nach Schwarzach-St. Veit und weiter nach Zell am See genie\u00dfen Sie faszinierende Ausblicke auf Berge, T\u00e4ler und alpine Natur.<\/p>\n\n\n\n<p>In Zell am See erwartet Sie ein ganz besonderes Highlight: der Umstieg in die nostalgische Pinzgauer Lokalbahn (Schmalspurbahn mit 760 mm Spurweite). Eine historische Dampflok zieht die liebevoll restaurierten Spantenwagen gem\u00e4chlich durch das Pinzgau \u2013 Eisenbahnromantik pur! F\u00fcr zus\u00e4tzlichen Genuss sorgt der mitgef\u00fchrte Barwagen, in dem herzhafte Kesselw\u00fcrste frisch serviert werden \u2013 ein echtes Erlebnis f\u00fcr alle Sinne.<\/p>\n\n\n\n<p>In Mittersill angekommen, bleibt ausreichend Zeit, den Ort ganz nach Ihren eigenen Vorstellungen zu entdecken. Ob ein gem\u00fctlicher Spaziergang, ein Besuch in einem Caf\u00e9 oder einfach das Genie\u00dfen der alpinen Atmosph\u00e4re \u2013 gestalten Sie Ihren Aufenthalt individuell.<\/p>\n\n\n\n<p>Am sp\u00e4teren Nachmittag treten wir gemeinsam die R\u00fcckreise an \u2013 im Gep\u00e4ck unvergessliche Eindr\u00fccke, besondere Genussmomente und die Freude an einer Reise, die noch lange in Erinnerung bleibt.<\/p>\n\n\n\n<p><strong>Preise:<\/strong><\/p>\n\n\n\n<figure class=\"wp-block-table\"><table class=\"has-fixed-layout\"><tbody><tr><td><strong>Bahnhof<\/strong><\/td><td><strong>1. Klasse<\/strong><\/td><td><strong>2. Klasse<\/strong><\/td><\/tr><tr><td>Lienz<\/td><td>152,00<\/td><td>122,00<\/td><\/tr><tr><td>D\u00f6lsach<\/td><td>151,00<\/td><td>121,00<\/td><\/tr><tr><td>Oberdrauburg<\/td><td>150,00<\/td><td>120,00<\/td><\/tr><tr><td>Dellach\/Drau<\/td><td>148,00<\/td><td>118,00<\/td><\/tr><tr><td>Greifenburg-Weissensee<\/td><td>146,00<\/td><td>116,00<\/td><\/tr><tr><td>Steinfeld<\/td><td>144,00<\/td><td>114,00<\/td><\/tr><tr><td>M\u00f6llbr\u00fccke<\/td><td>142,00<\/td><td>112,00<\/td><\/tr><tr><td>Lendorf<\/td><td>141,00<\/td><td>111,00<\/td><\/tr><tr><td>Spittal-Millst\u00e4ttersee<\/td><td>140,00<\/td><td>110,00<\/td><\/tr><tr><td>Mallnitz-Obervellach<\/td><td>138,00<\/td><td>108,00<\/td><\/tr><tr><td>Bad Gastein<\/td><td>136,00<\/td><td>106,00<\/td><\/tr><tr><td>Schwarzach-St. Veit<\/td><td>130,00<\/td><td>100,00<\/td><\/tr><\/tbody><\/table><\/figure>\n\n\n\n<p><\/p>\n\n\n\n<p>Kinder bis 5 Jahre frei (ohne Anspruch auf Sitzplatz)<br>Kinder von 6 bis 12 Jahre 50 % Erm\u00e4\u00dfigung<\/p>\n\n\n\n<p><strong>Inkludierte Leistungen:<\/strong><br>&#8211; Fahrt mit dem S\u00fcdbahn Express bis Zell am See hin und retour<br>&#8211; Fahrt mit dem Dampfsonderzug ab Zell am See nach Mittersill hin und retour<br>&#8211; Kesselwurst (ohne Getr\u00e4nke)<\/p>\n\n\n\n<p>Abfahrt Lienz: ca 8:00 Uhr (Fahrzeiten werden noch bekannt gegeben)<\/p>\n\n\n\n<p><strong>Fr\u00fchst\u00fccksm\u00f6glichkeiten im S\u00fcdbahn Express am 14.5.<\/strong><\/p>\n\n\n\n<ul class=\"wp-block-list\">\n<li><strong>S\u00fcdbahn Express-Fr\u00fchst\u00fcck<\/strong><br>Semmel\/Brot, Wurst, K\u00e4se, Marmelade oder Leberaufstrich,<br>Kaffee oder Tee, Orangensaft &nbsp;&nbsp;&nbsp;&nbsp;&nbsp;&nbsp;&nbsp;&nbsp;&nbsp;&nbsp;&nbsp;&nbsp;&nbsp;&nbsp;&nbsp;&nbsp;&nbsp;&nbsp;&nbsp;&nbsp;&nbsp;&nbsp;&nbsp;&nbsp;&nbsp;&nbsp;&nbsp;&nbsp;&nbsp;&nbsp;&nbsp;&nbsp;&nbsp;&nbsp;&nbsp;&nbsp;&nbsp;&nbsp;&nbsp;&nbsp;&nbsp;&nbsp;&nbsp;&nbsp;&nbsp;&nbsp;&nbsp;&nbsp;&nbsp;&nbsp;&nbsp;&nbsp;&nbsp;&nbsp;&nbsp;&nbsp;&nbsp;&nbsp;&nbsp;&nbsp;&nbsp;&nbsp;&nbsp;&nbsp;&nbsp;&nbsp;&nbsp;&nbsp;&nbsp;&nbsp;&nbsp;&nbsp;&nbsp;&nbsp;&nbsp;&nbsp;&nbsp;&nbsp;&nbsp;&nbsp;&nbsp;&nbsp;&nbsp; <strong>\u20ac 8,60<\/strong><br>Bitte bei der Buchung mitbestellen, damit wir entsprechend vorbereiten k\u00f6nnen.<\/li>\n\n\n\n<li><br><strong>S\u00fcdbahn Express-Lachsfr\u00fchst\u00fcck<\/strong><br>2 Semmeln, Lachs, Butter, Ei, Gem\u00fcsegarnitur, 1 Glas Prosecco,<br>Kaffee oder Tee, Orangensaft &nbsp;&nbsp;&nbsp;&nbsp;&nbsp;&nbsp;&nbsp;&nbsp;&nbsp;&nbsp;&nbsp;&nbsp;&nbsp;&nbsp;&nbsp;&nbsp;&nbsp;&nbsp;&nbsp;&nbsp;&nbsp;&nbsp;&nbsp;&nbsp;&nbsp;&nbsp;&nbsp;&nbsp;&nbsp;&nbsp;&nbsp;&nbsp;&nbsp;&nbsp;&nbsp;&nbsp;&nbsp;&nbsp;&nbsp;&nbsp;&nbsp;&nbsp;&nbsp;&nbsp;&nbsp;&nbsp;&nbsp;&nbsp;&nbsp;&nbsp;&nbsp;&nbsp;&nbsp;&nbsp;&nbsp;&nbsp;&nbsp;&nbsp;&nbsp;&nbsp;&nbsp;&nbsp;&nbsp;&nbsp;&nbsp;&nbsp;&nbsp;&nbsp;&nbsp;&nbsp;&nbsp;&nbsp;&nbsp;&nbsp;&nbsp;&nbsp;&nbsp;&nbsp;&nbsp;&nbsp;&nbsp;&nbsp;&nbsp; <strong>\u20ac 14,60<\/strong><br>Bitte bei der Buchung mitbestellen, damit wir entsprechend vorbereiten k\u00f6nnen.<\/li>\n<\/ul>\n\n\n\n<p>In unserem Speisewaggon und in der 1. Klasse (Service am Platz) bieten wir Ihnen auch kleine warme und kalte Speisen sowie Getr\u00e4nke an.<\/p>\n\n\n\n<p><strong>Unser K\u00fcchenteam freut sich \u00fcber Ihren Besuch.<\/strong><\/p>\n\n\n\n<p><a>Es gelten die allgemeinen Teilnahmebedingungen:<br><\/a><a href=\"https:\/\/ebfl.at\/index.php\/suedbahn-express\/teilnahmebedingungen\/\">https:\/\/ebfl.at\/index.php\/suedbahn-express\/teilnahmebedingungen\/<\/a><\/p>\n","protected":false},"excerpt":{"rendered":"<p>Samstag, 10.10.2026 Erlebnisreise mit dem S\u00fcdbahn Express und der Pinzgauer Lokalbahn Lassen Sie sich auf eine au\u00dfergew\u00f6hnliche Genuss- und Erlebnisreise durch die Alpen entf\u00fchren! Unsere Fahrt beginnt in Lienz, wo der S\u00fcdbahn Express zur entspannten Reise durch einige der sch\u00f6nsten Landschaften \u00d6sterreichs aufbricht. Entlang der eindrucksvollen Strecke \u00fcber Spittal-Millst\u00e4ttersee, durch das Tauerngebiet bis nach Schwarzach-St. [&hellip;]<\/p>\n","protected":false},"author":2,"featured_media":0,"parent":0,"menu_order":0,"comment_status":"closed","ping_status":"closed","template":"","meta":{"footnotes":""},"class_list":["post-5125","page","type-page","status-publish","hentry"],"yoast_head":"<!-- This site is optimized with the Yoast SEO plugin v27.5 - https:\/\/yoast.com\/product\/yoast-seo-wordpress\/ -->\n<title>Mit Dampf durch den Herbst - EBFL<\/title>\n<meta name=\"robots\" content=\"index, follow, max-snippet:-1, max-image-preview:large, max-video-preview:-1\" \/>\n<link rel=\"canonical\" href=\"https:\/\/ebfl.at\/index.php\/mit-dampf-durch-den-herbst\/\" \/>\n<meta property=\"og:locale\" content=\"de_DE\" \/>\n<meta property=\"og:type\" content=\"article\" \/>\n<meta property=\"og:title\" content=\"Mit Dampf durch den Herbst - EBFL\" \/>\n<meta property=\"og:description\" content=\"Samstag, 10.10.2026 Erlebnisreise mit dem S\u00fcdbahn Express und der Pinzgauer Lokalbahn Lassen Sie sich auf eine au\u00dfergew\u00f6hnliche Genuss- und Erlebnisreise durch die Alpen entf\u00fchren! Unsere Fahrt beginnt in Lienz, wo der S\u00fcdbahn Express zur entspannten Reise durch einige der sch\u00f6nsten Landschaften \u00d6sterreichs aufbricht. Entlang der eindrucksvollen Strecke \u00fcber Spittal-Millst\u00e4ttersee, durch das Tauerngebiet bis nach Schwarzach-St. [&hellip;]\" \/>\n<meta property=\"og:url\" content=\"https:\/\/ebfl.at\/index.php\/mit-dampf-durch-den-herbst\/\" \/>\n<meta property=\"og:site_name\" content=\"EBFL\" \/>\n<meta property=\"article:publisher\" content=\"https:\/\/www.facebook.com\/pages\/category\/History-Museum\/EBFLat-301838060596265\/\" \/>\n<meta property=\"article:modified_time\" content=\"2026-04-23T16:38:16+00:00\" \/>\n<meta property=\"og:image\" content=\"https:\/\/ebfl.at\/wp-content\/uploads\/2026\/04\/Pinzgauer-Lokalbahn.jpg\" \/>\n\t<meta property=\"og:image:width\" content=\"296\" \/>\n\t<meta property=\"og:image:height\" content=\"296\" \/>\n\t<meta property=\"og:image:type\" content=\"image\/jpeg\" \/>\n<meta name=\"twitter:card\" content=\"summary_large_image\" \/>\n<meta name=\"twitter:label1\" content=\"Gesch\u00e4tzte Lesezeit\" \/>\n\t<meta name=\"twitter:data1\" content=\"3\u00a0Minuten\" \/>\n<script type=\"application\/ld+json\" class=\"yoast-schema-graph\">{\"@context\":\"https:\\\/\\\/schema.org\",\"@graph\":[{\"@type\":\"WebPage\",\"@id\":\"https:\\\/\\\/ebfl.at\\\/index.php\\\/mit-dampf-durch-den-herbst\\\/\",\"url\":\"https:\\\/\\\/ebfl.at\\\/index.php\\\/mit-dampf-durch-den-herbst\\\/\",\"name\":\"Mit Dampf durch den Herbst - EBFL\",\"isPartOf\":{\"@id\":\"https:\\\/\\\/ebfl.at\\\/#website\"},\"primaryImageOfPage\":{\"@id\":\"https:\\\/\\\/ebfl.at\\\/index.php\\\/mit-dampf-durch-den-herbst\\\/#primaryimage\"},\"image\":{\"@id\":\"https:\\\/\\\/ebfl.at\\\/index.php\\\/mit-dampf-durch-den-herbst\\\/#primaryimage\"},\"thumbnailUrl\":\"https:\\\/\\\/ebfl.at\\\/wp-content\\\/uploads\\\/2026\\\/04\\\/Pinzgauer-Lokalbahn.jpg\",\"datePublished\":\"2026-04-23T16:24:39+00:00\",\"dateModified\":\"2026-04-23T16:38:16+00:00\",\"breadcrumb\":{\"@id\":\"https:\\\/\\\/ebfl.at\\\/index.php\\\/mit-dampf-durch-den-herbst\\\/#breadcrumb\"},\"inLanguage\":\"de\",\"potentialAction\":[{\"@type\":\"ReadAction\",\"target\":[\"https:\\\/\\\/ebfl.at\\\/index.php\\\/mit-dampf-durch-den-herbst\\\/\"]}]},{\"@type\":\"ImageObject\",\"inLanguage\":\"de\",\"@id\":\"https:\\\/\\\/ebfl.at\\\/index.php\\\/mit-dampf-durch-den-herbst\\\/#primaryimage\",\"url\":\"https:\\\/\\\/ebfl.at\\\/wp-content\\\/uploads\\\/2026\\\/04\\\/Pinzgauer-Lokalbahn.jpg\",\"contentUrl\":\"https:\\\/\\\/ebfl.at\\\/wp-content\\\/uploads\\\/2026\\\/04\\\/Pinzgauer-Lokalbahn.jpg\",\"width\":296,\"height\":296},{\"@type\":\"BreadcrumbList\",\"@id\":\"https:\\\/\\\/ebfl.at\\\/index.php\\\/mit-dampf-durch-den-herbst\\\/#breadcrumb\",\"itemListElement\":[{\"@type\":\"ListItem\",\"position\":1,\"name\":\"Startseite\",\"item\":\"https:\\\/\\\/ebfl.at\\\/\"},{\"@type\":\"ListItem\",\"position\":2,\"name\":\"Mit Dampf durch den Herbst\"}]},{\"@type\":\"WebSite\",\"@id\":\"https:\\\/\\\/ebfl.at\\\/#website\",\"url\":\"https:\\\/\\\/ebfl.at\\\/\",\"name\":\"EBFL Eisenbahnfreunde Lienz\",\"description\":\"Verein der Eisenbahnfreunde in Lienz\",\"publisher\":{\"@id\":\"https:\\\/\\\/ebfl.at\\\/#organization\"},\"potentialAction\":[{\"@type\":\"SearchAction\",\"target\":{\"@type\":\"EntryPoint\",\"urlTemplate\":\"https:\\\/\\\/ebfl.at\\\/?s={search_term_string}\"},\"query-input\":{\"@type\":\"PropertyValueSpecification\",\"valueRequired\":true,\"valueName\":\"search_term_string\"}}],\"inLanguage\":\"de\"},{\"@type\":\"Organization\",\"@id\":\"https:\\\/\\\/ebfl.at\\\/#organization\",\"name\":\"EBFL - Eisenbahnfreunde Lienz\",\"url\":\"https:\\\/\\\/ebfl.at\\\/\",\"logo\":{\"@type\":\"ImageObject\",\"inLanguage\":\"de\",\"@id\":\"https:\\\/\\\/ebfl.at\\\/#\\\/schema\\\/logo\\\/image\\\/\",\"url\":\"https:\\\/\\\/ebfl.at\\\/wp-content\\\/uploads\\\/2019\\\/01\\\/Eisenbahnfreunde-Lienz.jpg\",\"contentUrl\":\"https:\\\/\\\/ebfl.at\\\/wp-content\\\/uploads\\\/2019\\\/01\\\/Eisenbahnfreunde-Lienz.jpg\",\"width\":1087,\"height\":480,\"caption\":\"EBFL - Eisenbahnfreunde Lienz\"},\"image\":{\"@id\":\"https:\\\/\\\/ebfl.at\\\/#\\\/schema\\\/logo\\\/image\\\/\"},\"sameAs\":[\"https:\\\/\\\/www.facebook.com\\\/pages\\\/category\\\/History-Museum\\\/EBFLat-301838060596265\\\/\"]}]}<\/script>\n<!-- \/ Yoast SEO plugin. -->","yoast_head_json":{"title":"Mit Dampf durch den Herbst - EBFL","robots":{"index":"index","follow":"follow","max-snippet":"max-snippet:-1","max-image-preview":"max-image-preview:large","max-video-preview":"max-video-preview:-1"},"canonical":"https:\/\/ebfl.at\/index.php\/mit-dampf-durch-den-herbst\/","og_locale":"de_DE","og_type":"article","og_title":"Mit Dampf durch den Herbst - EBFL","og_description":"Samstag, 10.10.2026 Erlebnisreise mit dem S\u00fcdbahn Express und der Pinzgauer Lokalbahn Lassen Sie sich auf eine au\u00dfergew\u00f6hnliche Genuss- und Erlebnisreise durch die Alpen entf\u00fchren! Unsere Fahrt beginnt in Lienz, wo der S\u00fcdbahn Express zur entspannten Reise durch einige der sch\u00f6nsten Landschaften \u00d6sterreichs aufbricht. Entlang der eindrucksvollen Strecke \u00fcber Spittal-Millst\u00e4ttersee, durch das Tauerngebiet bis nach Schwarzach-St. [&hellip;]","og_url":"https:\/\/ebfl.at\/index.php\/mit-dampf-durch-den-herbst\/","og_site_name":"EBFL","article_publisher":"https:\/\/www.facebook.com\/pages\/category\/History-Museum\/EBFLat-301838060596265\/","article_modified_time":"2026-04-23T16:38:16+00:00","og_image":[{"width":296,"height":296,"url":"https:\/\/ebfl.at\/wp-content\/uploads\/2026\/04\/Pinzgauer-Lokalbahn.jpg","type":"image\/jpeg"}],"twitter_card":"summary_large_image","twitter_misc":{"Gesch\u00e4tzte Lesezeit":"3\u00a0Minuten"},"schema":{"@context":"https:\/\/schema.org","@graph":[{"@type":"WebPage","@id":"https:\/\/ebfl.at\/index.php\/mit-dampf-durch-den-herbst\/","url":"https:\/\/ebfl.at\/index.php\/mit-dampf-durch-den-herbst\/","name":"Mit Dampf durch den Herbst - EBFL","isPartOf":{"@id":"https:\/\/ebfl.at\/#website"},"primaryImageOfPage":{"@id":"https:\/\/ebfl.at\/index.php\/mit-dampf-durch-den-herbst\/#primaryimage"},"image":{"@id":"https:\/\/ebfl.at\/index.php\/mit-dampf-durch-den-herbst\/#primaryimage"},"thumbnailUrl":"https:\/\/ebfl.at\/wp-content\/uploads\/2026\/04\/Pinzgauer-Lokalbahn.jpg","datePublished":"2026-04-23T16:24:39+00:00","dateModified":"2026-04-23T16:38:16+00:00","breadcrumb":{"@id":"https:\/\/ebfl.at\/index.php\/mit-dampf-durch-den-herbst\/#breadcrumb"},"inLanguage":"de","potentialAction":[{"@type":"ReadAction","target":["https:\/\/ebfl.at\/index.php\/mit-dampf-durch-den-herbst\/"]}]},{"@type":"ImageObject","inLanguage":"de","@id":"https:\/\/ebfl.at\/index.php\/mit-dampf-durch-den-herbst\/#primaryimage","url":"https:\/\/ebfl.at\/wp-content\/uploads\/2026\/04\/Pinzgauer-Lokalbahn.jpg","contentUrl":"https:\/\/ebfl.at\/wp-content\/uploads\/2026\/04\/Pinzgauer-Lokalbahn.jpg","width":296,"height":296},{"@type":"BreadcrumbList","@id":"https:\/\/ebfl.at\/index.php\/mit-dampf-durch-den-herbst\/#breadcrumb","itemListElement":[{"@type":"ListItem","position":1,"name":"Startseite","item":"https:\/\/ebfl.at\/"},{"@type":"ListItem","position":2,"name":"Mit Dampf durch den Herbst"}]},{"@type":"WebSite","@id":"https:\/\/ebfl.at\/#website","url":"https:\/\/ebfl.at\/","name":"EBFL Eisenbahnfreunde Lienz","description":"Verein der Eisenbahnfreunde in Lienz","publisher":{"@id":"https:\/\/ebfl.at\/#organization"},"potentialAction":[{"@type":"SearchAction","target":{"@type":"EntryPoint","urlTemplate":"https:\/\/ebfl.at\/?s={search_term_string}"},"query-input":{"@type":"PropertyValueSpecification","valueRequired":true,"valueName":"search_term_string"}}],"inLanguage":"de"},{"@type":"Organization","@id":"https:\/\/ebfl.at\/#organization","name":"EBFL - Eisenbahnfreunde Lienz","url":"https:\/\/ebfl.at\/","logo":{"@type":"ImageObject","inLanguage":"de","@id":"https:\/\/ebfl.at\/#\/schema\/logo\/image\/","url":"https:\/\/ebfl.at\/wp-content\/uploads\/2019\/01\/Eisenbahnfreunde-Lienz.jpg","contentUrl":"https:\/\/ebfl.at\/wp-content\/uploads\/2019\/01\/Eisenbahnfreunde-Lienz.jpg","width":1087,"height":480,"caption":"EBFL - Eisenbahnfreunde Lienz"},"image":{"@id":"https:\/\/ebfl.at\/#\/schema\/logo\/image\/"},"sameAs":["https:\/\/www.facebook.com\/pages\/category\/History-Museum\/EBFLat-301838060596265\/"]}]}},"_links":{"self":[{"href":"https:\/\/ebfl.at\/index.php\/wp-json\/wp\/v2\/pages\/5125","targetHints":{"allow":["GET"]}}],"collection":[{"href":"https:\/\/ebfl.at\/index.php\/wp-json\/wp\/v2\/pages"}],"about":[{"href":"https:\/\/ebfl.at\/index.php\/wp-json\/wp\/v2\/types\/page"}],"author":[{"embeddable":true,"href":"https:\/\/ebfl.at\/index.php\/wp-json\/wp\/v2\/users\/2"}],"replies":[{"embeddable":true,"href":"https:\/\/ebfl.at\/index.php\/wp-json\/wp\/v2\/comments?post=5125"}],"version-history":[{"count":3,"href":"https:\/\/ebfl.at\/index.php\/wp-json\/wp\/v2\/pages\/5125\/revisions"}],"predecessor-version":[{"id":5131,"href":"https:\/\/ebfl.at\/index.php\/wp-json\/wp\/v2\/pages\/5125\/revisions\/5131"}],"wp:attachment":[{"href":"https:\/\/ebfl.at\/index.php\/wp-json\/wp\/v2\/media?parent=5125"}],"curies":[{"name":"wp","href":"https:\/\/api.w.org\/{rel}","templated":true}]}}